{"id":1280,"date":"2024-08-15T18:40:44","date_gmt":"2024-08-15T16:40:44","guid":{"rendered":"https:\/\/myidziemy.pl\/?page_id=1280"},"modified":"2025-12-28T19:02:00","modified_gmt":"2025-12-28T18:02:00","slug":"spacery-2","status":"publish","type":"page","link":"https:\/\/myidziemy.pl\/index.php\/oferta-2\/spacery-2\/","title":{"rendered":"Spacery"},"content":{"rendered":"<p>[et_pb_section fb_built=&#8221;1&#8243; fullwidth=&#8221;on&#8221; _builder_version=&#8221;4.23.4&#8243; _module_preset=&#8221;default&#8221; width=&#8221;98.04700214829764%&#8221; custom_margin=&#8221;|30px|||false|false&#8221; custom_padding=&#8221;|||771px||&#8221; sticky_position=&#8221;top&#8221; saved_tabs=&#8221;all&#8221; global_colors_info=&#8221;{}&#8221;][et_pb_fullwidth_menu menu_id=&#8221;15&#8243; menu_style=&#8221;inline_centered_logo&#8221; fullwidth_menu=&#8221;on&#8221; active_link_color=&#8221;#f24b85&#8243; logo=&#8221;https:\/\/myidziemy.pl\/wp-content\/uploads\/2020\/01\/logo-150&#215;150.gif&#8221; logo_url=&#8221;https:\/\/myidziemy.pl\/index.php\/start-oferta-indywidualna\/&#8221; logo_max_width=&#8221;30%&#8221; logo_height=&#8221;200px&#8221; logo_max_height=&#8221;54px&#8221; _builder_version=&#8221;4.23.4&#8243; _module_preset=&#8221;default&#8221; menu_font=&#8221;|600|||||||&#8221; module_alignment=&#8221;left&#8221; custom_margin=&#8221;|2px||-774px||&#8221; custom_padding=&#8221;|0px||0px||&#8221; border_width_all=&#8221;3px&#8221; border_color_all=&#8221;rgba(193,193,193,0.26)&#8221; border_width_bottom=&#8221;1px&#8221; border_style_bottom=&#8221;outset&#8221; border_radii_image=&#8221;off||||8px&#8221; global_colors_info=&#8221;{}&#8221;][\/et_pb_fullwidth_menu][\/et_pb_section][et_pb_section fb_built=&#8221;1&#8243; admin_label=&#8221;Hero&#8221; _builder_version=&#8221;4.23.4&#8243; use_background_color_gradient=&#8221;on&#8221; background_color_gradient_stops=&#8221;rgba(0,0,0,0.5) 0%|rgba(0,0,0,0) 100%&#8221; background_color_gradient_overlays_image=&#8221;on&#8221; background_color_gradient_start=&#8221;rgba(0,0,0,0.5)&#8221; background_color_gradient_end=&#8221;rgba(0,0,0,0)&#8221; background_image=&#8221;https:\/\/myidziemy.pl\/wp-content\/uploads\/2020\/02\/b10.jpg&#8221; custom_margin=&#8221;-0.2%||-2px||false|false&#8221; custom_padding=&#8221;38px||42px||false|false&#8221; bottom_divider_style=&#8221;slant&#8221; bottom_divider_color=&#8221;#ffffff&#8221; bottom_divider_flip=&#8221;horizontal&#8221; animation_direction=&#8221;top&#8221; global_colors_info=&#8221;{}&#8221;][et_pb_row column_structure=&#8221;3_4,1_4&#8243; _builder_version=&#8221;4.16&#8243; background_size=&#8221;initial&#8221; background_position=&#8221;top_left&#8221; background_repeat=&#8221;repeat&#8221; custom_padding=&#8221;27px|0px|0px|0px&#8221; global_colors_info=&#8221;{}&#8221;][et_pb_column type=&#8221;3_4&#8243; _builder_version=&#8221;4.16&#8243; custom_padding=&#8221;|||&#8221; global_colors_info=&#8221;{}&#8221; custom_padding__hover=&#8221;|||&#8221;][et_pb_text admin_label=&#8221;Title&#8221; _builder_version=&#8221;4.16&#8243; text_font=&#8221;||||||||&#8221; header_font=&#8221;Literata|600|||||||&#8221; header_font_size=&#8221;80px&#8221; header_line_height=&#8221;1.2em&#8221; background_layout=&#8221;dark&#8221; animation_style=&#8221;zoom&#8221; animation_direction=&#8221;left&#8221; animation_intensity_zoom=&#8221;10%&#8221; header_font_size_tablet=&#8221;&#8221; header_font_size_phone=&#8221;69px&#8221; header_font_size_last_edited=&#8221;on|phone&#8221; global_colors_info=&#8221;{}&#8221;]<\/p>\n<h1>Spacery<\/h1>\n<p>[\/et_pb_text][et_pb_divider color=&#8221;rgba(255,255,255,0.7)&#8221; divider_weight=&#8221;3px&#8221; _builder_version=&#8221;4.16&#8243; max_width=&#8221;120px&#8221; animation_style=&#8221;zoom&#8221; animation_direction=&#8221;left&#8221; global_colors_info=&#8221;{}&#8221;][\/et_pb_divider][\/et_pb_column][et_pb_column type=&#8221;1_4&#8243; _builder_version=&#8221;4.16&#8243; custom_padding=&#8221;|||&#8221; global_colors_info=&#8221;{}&#8221; custom_padding__hover=&#8221;|||&#8221;][\/et_pb_column][\/et_pb_row][\/et_pb_section][et_pb_section fb_built=&#8221;1&#8243; _builder_version=&#8221;4.16&#8243; _module_preset=&#8221;default&#8221; custom_padding=&#8221;30px||||false|false&#8221; global_colors_info=&#8221;{}&#8221;][et_pb_row _builder_version=&#8221;4.16&#8243; custom_margin=&#8221;-15px|auto||auto||&#8221; custom_padding=&#8221;5px|||||&#8221; global_colors_info=&#8221;{}&#8221;][et_pb_column type=&#8221;4_4&#8243; _builder_version=&#8221;4.16&#8243; custom_padding=&#8221;|||&#8221; global_colors_info=&#8221;{}&#8221; custom_padding__hover=&#8221;|||&#8221;][et_pb_text _builder_version=&#8221;4.27.5&#8243; _module_preset=&#8221;default&#8221; hover_enabled=&#8221;0&#8243; global_colors_info=&#8221;{}&#8221; sticky_enabled=&#8221;0&#8243;]<\/p>\n<p>Przedstawione trasy s\u0105 <strong>propozycjami<\/strong>.<\/p>\n<p>Przedstawione trasy s\u0105 propozycjami. Ka\u017cda z nich przewidziana jest na ok. 2,5 h \u2013 koszt 550-670 z\u0142 (do 10 os\u00f3b, powy\u017cej wycena indywidualna).<br \/>Przygotowujemy trasy \u201ena \u017cyczenie\u201d, modyfikujemy zaproponowane szlaki \u2013 wycena indywidualna, kontakt: myidziemy@gmail.com<\/p>\n<p>[\/et_pb_text][\/et_pb_column][\/et_pb_row][et_pb_row column_structure=&#8221;1_2,1_2&#8243; _builder_version=&#8221;4.23.4&#8243; _module_preset=&#8221;default&#8221; global_colors_info=&#8221;{}&#8221;][et_pb_column type=&#8221;1_2&#8243; _builder_version=&#8221;4.23.4&#8243; _module_preset=&#8221;default&#8221; global_colors_info=&#8221;{}&#8221;][et_pb_blurb title=&#8221;Star\u00f3wka i Trakt Kr\u00f3lewski&#8221; use_icon=&#8221;on&#8221; font_icon=&#8221;&#xe081;||divi||400&#8243; icon_placement=&#8221;left&#8221; _builder_version=&#8221;4.27.0&#8243; header_font=&#8221;Montserrat|500|||||||&#8221; header_font_size=&#8221;15px&#8221; body_font=&#8221;Montserrat|300|||||||&#8221; body_line_height=&#8221;1.8em&#8221; custom_margin=&#8221;||28px|||&#8221; global_colors_info=&#8221;{}&#8221;]<\/p>\n<ul>\n<li>Czas trwania: 2,5 h<\/li>\n<li>Cena: od 670 z\u0142<\/li>\n<\/ul>\n<p><a href=\"#\">Zam\u00f3w lub zapytaj o wolny termin<\/a><\/p>\n<p>[\/et_pb_blurb][et_pb_accordion open_toggle_text_color=&#8221;#ed1163&#8243; open_toggle_background_color=&#8221;#ededed&#8221; closed_toggle_background_color=&#8221;#ededed&#8221; _builder_version=&#8221;4.27.5&#8243; hover_enabled=&#8221;0&#8243; border_width_all=&#8221;0px&#8221; global_colors_info=&#8221;{}&#8221; sticky_enabled=&#8221;0&#8243;][et_pb_accordion_item title=&#8221;Star\u00f3wka i Trakt Kr\u00f3lewski&#8221; open=&#8221;on&#8221; _builder_version=&#8221;4.27.5&#8243; hover_enabled=&#8221;0&#8243; global_colors_info=&#8221;{}&#8221; sticky_enabled=&#8221;0&#8243;]<\/p>\n<p\/>Ten spacer b\u0119d\u0105cy punktem obowi\u0105zkowym podczas wizyty w stolicy ze mn\u0105 staje si\u0119 prawdziw\u0105 przygod\u0105. Opr\u00f3cz \u201epunkt\u00f3w obowi\u0105zkowych\u201d na mapie Star\u00f3wki, odwiedzamy nieoczywiste miejsca skrywaj\u0105ce \u015blady \u017cycia dawnych mieszka\u0144c\u00f3w Starego Miasta. Dzi\u0119ki przewodnickiej opowie\u015bci Star\u00f3wka o\u017cywa, kolorowe kamieniczki zachwycaj\u0105 nie tylko wygl\u0105dem, ale historiami ich niezwyk\u0142ych lokator\u00f3w.<\/p>\n<p>[\/et_pb_accordion_item][\/et_pb_accordion][et_pb_blurb title=&#8221;Warszawa wizualnie&#8221; use_icon=&#8221;on&#8221; font_icon=&#8221;&#xe081;||divi||400&#8243; icon_placement=&#8221;left&#8221; _builder_version=&#8221;4.27.0&#8243; header_font=&#8221;Montserrat|500|||||||&#8221; header_font_size=&#8221;15px&#8221; body_font=&#8221;Montserrat|300|||||||&#8221; body_line_height=&#8221;1.8em&#8221; custom_margin=&#8221;||28px|||&#8221; global_colors_info=&#8221;{}&#8221;]<\/p>\n<ul>\n<li>Czas trwania: 2,5 h<\/li>\n<li>Cena: od 670 z\u0142<\/li>\n<\/ul>\n<p><a href=\"#\">Zam\u00f3w lub zapytaj o wolny termin<\/a><\/p>\n<p>[\/et_pb_blurb][et_pb_accordion open_toggle_text_color=&#8221;#ed1163&#8243; open_toggle_background_color=&#8221;#ededed&#8221; closed_toggle_background_color=&#8221;#ededed&#8221; _builder_version=&#8221;4.27.5&#8243; hover_enabled=&#8221;0&#8243; border_width_all=&#8221;0px&#8221; global_colors_info=&#8221;{}&#8221; sticky_enabled=&#8221;0&#8243;][et_pb_accordion_item title=&#8221;Warszawa wizualnie&#8221; open=&#8221;on&#8221; _builder_version=&#8221;4.27.5&#8243; hover_enabled=&#8221;0&#8243; global_colors_info=&#8221;{}&#8221; sticky_enabled=&#8221;0&#8243;]<\/p>\n<p>Spacer wiod\u0105cy ulicami historycznego i wsp\u00f3\u0142czesnego centrum miasta, kt\u00f3ry zachwyci ka\u017cdego estet\u0119! \u0141\u0105cz\u0105cy w sobie wiedz\u0119 o kulturze, architekturze, sztukach plastycznych i historii. Przedstawia Warszaw\u0119 od strony sztuki: od Canaletta po Dwurnika, od klasycyzmu po postmodernizm. \u201eWarszawa wizualnie\u201d pokazuje, \u017ce architektura, biografie, sztuka dawna i wsp\u00f3\u0142czesna towarzysz\u0105 nam w \u017cyciu na co dzie\u0144 i tylko czekaj\u0105, by je odkry\u0107 i si\u0119 nimi zachwyci\u0107!<\/p>\n<p>[\/et_pb_accordion_item][\/et_pb_accordion][et_pb_blurb title=&#8221;Stare Pow\u0105zki &#8211; niezwyk\u0142e historie wyj\u0105tkowych ludzi&#8221; use_icon=&#8221;on&#8221; font_icon=&#8221;&#xe081;||divi||400&#8243; icon_placement=&#8221;left&#8221; _builder_version=&#8221;4.27.4&#8243; header_font=&#8221;Montserrat|500|||||||&#8221; header_font_size=&#8221;15px&#8221; body_font=&#8221;Montserrat|300|||||||&#8221; body_line_height=&#8221;1.8em&#8221; custom_margin=&#8221;||28px|||&#8221; global_colors_info=&#8221;{}&#8221;]<\/p>\n<ul>\n<li>Czas trwania: 2,5 h<\/li>\n<li>Cena: od 670 z\u0142<\/li>\n<\/ul>\n<p><a href=\"#\">Zam\u00f3w lub zapytaj o wolny termin<\/a><\/p>\n<p>[\/et_pb_blurb][et_pb_accordion open_toggle_text_color=&#8221;#ed1163&#8243; open_toggle_background_color=&#8221;#ededed&#8221; closed_toggle_background_color=&#8221;#ededed&#8221; _builder_version=&#8221;4.27.5&#8243; hover_enabled=&#8221;0&#8243; border_width_all=&#8221;0px&#8221; global_colors_info=&#8221;{}&#8221; sticky_enabled=&#8221;0&#8243;][et_pb_accordion_item title=&#8221;Stare Pow\u0105zki &#8211; niezwyk\u0142e historie wyj\u0105tkowych ludzi&#8221; open=&#8221;on&#8221; _builder_version=&#8221;4.27.5&#8243; hover_enabled=&#8221;0&#8243; global_colors_info=&#8221;{}&#8221; sticky_enabled=&#8221;0&#8243;]<\/p>\n<p>Spacer wiod\u0105cy alejkami zabytkowego cmentarza, kt\u00f3ry skrywa biografie wielu niesamowitych os\u00f3b, gdzie kamie\u0144 opowiada historie.<\/p>\n<p>[\/et_pb_accordion_item][\/et_pb_accordion][et_pb_blurb title=&#8221;Wsp\u00f3\u0142czesne citi &#8211; jak zmienia\u0142a si\u0119 i ros\u0142a Warszawa&#8221; use_icon=&#8221;on&#8221; font_icon=&#8221;&#xe081;||divi||400&#8243; icon_placement=&#8221;left&#8221; _builder_version=&#8221;4.27.4&#8243; header_font=&#8221;Montserrat|500|||||||&#8221; header_font_size=&#8221;15px&#8221; body_font=&#8221;Montserrat|300|||||||&#8221; body_line_height=&#8221;1.8em&#8221; custom_margin=&#8221;||28px|||&#8221; global_colors_info=&#8221;{}&#8221;]<\/p>\n<ul>\n<li>Czas trwania: 2,5 h<\/li>\n<li>Cena: od 670 z\u0142<\/li>\n<\/ul>\n<p><a href=\"#\">Zam\u00f3w lub zapytaj o wolny termin<\/a><\/p>\n<p>[\/et_pb_blurb][et_pb_accordion open_toggle_text_color=&#8221;#ed1163&#8243; open_toggle_background_color=&#8221;#ededed&#8221; closed_toggle_background_color=&#8221;#ededed&#8221; _builder_version=&#8221;4.27.5&#8243; hover_enabled=&#8221;0&#8243; border_width_all=&#8221;0px&#8221; global_colors_info=&#8221;{}&#8221; sticky_enabled=&#8221;0&#8243;][et_pb_accordion_item title=&#8221;Wsp\u00f3\u0142czesne citi &#8211; jak zmienia\u0142a si\u0119 i ros\u0142a Warszawa&#8221; open=&#8221;on&#8221; _builder_version=&#8221;4.27.5&#8243; hover_enabled=&#8221;0&#8243; global_colors_info=&#8221;{}&#8221; sticky_enabled=&#8221;0&#8243;]<\/p>\n<p>Spacer podczas kt\u00f3rego r\u00f3wnie cz\u0119sto patrzymy przed siebie, jak i w g\u00f3r\u0119.<\/p>\n<p>[\/et_pb_accordion_item][\/et_pb_accordion][et_pb_blurb title=&#8221;Mokot\u00f3w &#8211; tam, gdzie ka\u017cdy dom opowiada histori\u0119 &#8221; use_icon=&#8221;on&#8221; font_icon=&#8221;&#xe081;||divi||400&#8243; icon_placement=&#8221;left&#8221; _builder_version=&#8221;4.27.4&#8243; header_font=&#8221;Montserrat|500|||||||&#8221; header_font_size=&#8221;15px&#8221; body_font=&#8221;Montserrat|300|||||||&#8221; body_line_height=&#8221;1.8em&#8221; custom_margin=&#8221;||28px|||&#8221; global_colors_info=&#8221;{}&#8221;]<\/p>\n<ul>\n<li>Czas trwania: 2,5 h<\/li>\n<li>Cena: od 670 z\u0142<\/li>\n<\/ul>\n<p><a href=\"#\">Zam\u00f3w lub zapytaj o wolny termin<\/a><\/p>\n<p>[\/et_pb_blurb][et_pb_accordion open_toggle_text_color=&#8221;#ed1163&#8243; open_toggle_background_color=&#8221;#ededed&#8221; closed_toggle_background_color=&#8221;#ededed&#8221; _builder_version=&#8221;4.27.4&#8243; border_width_all=&#8221;0px&#8221; global_colors_info=&#8221;{}&#8221;][et_pb_accordion_item title=&#8221;Mokot\u00f3w &#8211; tam, gdzie ka\u017cdy dom opowiada histori\u0119 &#8221; open=&#8221;on&#8221; _builder_version=&#8221;4.27.4&#8243; global_colors_info=&#8221;{}&#8221;]<\/p>\n<p>Opis wkr\u00f3tce<\/p>\n<p>[\/et_pb_accordion_item][\/et_pb_accordion][et_pb_blurb title=&#8221;Szlakiem warszawskich wysoko\u015bciowc\u00f3w&#8221; use_icon=&#8221;on&#8221; font_icon=&#8221;&#xe081;||divi||400&#8243; icon_placement=&#8221;left&#8221; _builder_version=&#8221;4.27.4&#8243; header_font=&#8221;Montserrat|500|||||||&#8221; header_font_size=&#8221;15px&#8221; body_font=&#8221;Montserrat|300|||||||&#8221; body_line_height=&#8221;1.8em&#8221; custom_margin=&#8221;||28px|||&#8221; global_colors_info=&#8221;{}&#8221;]<\/p>\n<ul>\n<li>Czas trwania: 2,5 h<\/li>\n<li>Cena: od 670 z\u0142<\/li>\n<\/ul>\n<p><a href=\"#\">Zam\u00f3w lub zapytaj o wolny termin<\/a><\/p>\n<p>[\/et_pb_blurb][et_pb_accordion open_toggle_text_color=&#8221;#ed1163&#8243; open_toggle_background_color=&#8221;#ededed&#8221; closed_toggle_background_color=&#8221;#ededed&#8221; _builder_version=&#8221;4.27.4&#8243; border_width_all=&#8221;0px&#8221; global_colors_info=&#8221;{}&#8221;][et_pb_accordion_item title=&#8221;Szlakiem warszawskich wysoko\u015bciowc\u00f3w&#8221; open=&#8221;on&#8221; _builder_version=&#8221;4.27.4&#8243; global_colors_info=&#8221;{}&#8221;]<\/p>\n<p>Opis wkr\u00f3tce<\/p>\n<p>[\/et_pb_accordion_item][\/et_pb_accordion][\/et_pb_column][et_pb_column type=&#8221;1_2&#8243; _builder_version=&#8221;4.23.4&#8243; _module_preset=&#8221;default&#8221; global_colors_info=&#8221;{}&#8221;][et_pb_blurb title=&#8221;Zwiedzanie Zamku Kr\u00f3lewskiego&#8221; use_icon=&#8221;on&#8221; font_icon=&#8221;&#xe081;||divi||400&#8243; icon_placement=&#8221;left&#8221; _builder_version=&#8221;4.27.4&#8243; header_font=&#8221;Montserrat|500|||||||&#8221; header_font_size=&#8221;15px&#8221; body_font=&#8221;Montserrat|300|||||||&#8221; body_line_height=&#8221;1.8em&#8221; custom_margin=&#8221;||28px|||&#8221; global_colors_info=&#8221;{}&#8221;]<\/p>\n<ul>\n<li>Czas trwania: 2-2,5 h<\/li>\n<li>Cena: od 550 z\u0142<\/li>\n<\/ul>\n<p><a href=\"#\">Zam\u00f3w lub zapytaj o wolny termin<\/a><\/p>\n<p>[\/et_pb_blurb][et_pb_accordion open_toggle_text_color=&#8221;#ed1163&#8243; open_toggle_background_color=&#8221;#ededed&#8221; closed_toggle_background_color=&#8221;#ededed&#8221; _builder_version=&#8221;4.27.5&#8243; hover_enabled=&#8221;0&#8243; border_width_all=&#8221;0px&#8221; global_colors_info=&#8221;{}&#8221; sticky_enabled=&#8221;0&#8243;][et_pb_accordion_item title=&#8221;Zwiedzanie Zamku Kr\u00f3lewskiego&#8221; open=&#8221;on&#8221; _builder_version=&#8221;4.27.5&#8243; hover_enabled=&#8221;0&#8243; global_colors_info=&#8221;{}&#8221; sticky_enabled=&#8221;0&#8243;]<\/p>\n<p>Idziemy na Zamek!<\/p>\n<p>Z czu\u0142ym na osobiste historie niezwyk\u0142ych lokator\u00f3w Zamku Kr\u00f3lewskiego sercem i g\u0142ow\u0105 otwart\u0105 na wa\u017cne w historii Polski wydarzenia zapraszam na wsp\u00f3ln\u0105 wizyt\u0119 na Zamku Kr\u00f3lewskim. Z rado\u015bci\u0105 oprowadz\u0119 Pa\u0144stwa po Rezydencji Kr\u00f3l\u00f3w i Rzeczypospolitej.<\/p>\n<p>[\/et_pb_accordion_item][\/et_pb_accordion][et_pb_blurb title=&#8221;\u015ar\u00f3dmie\u015bcie Po\u0142udniowe&#8221; use_icon=&#8221;on&#8221; font_icon=&#8221;&#xe081;||divi||400&#8243; icon_placement=&#8221;left&#8221; _builder_version=&#8221;4.23.4&#8243; header_font=&#8221;Montserrat|500|||||||&#8221; header_font_size=&#8221;15px&#8221; body_font=&#8221;Montserrat|300|||||||&#8221; body_line_height=&#8221;1.8em&#8221; custom_margin=&#8221;||27px|||&#8221; global_colors_info=&#8221;{}&#8221;]<\/p>\n<ul>\n<li>Czas trwania: 2,5 h<\/li>\n<li>Cena: od 670 z\u0142<\/li>\n<\/ul>\n<p><a href=\"#\">Zam\u00f3w lub zapytaj o wolny termin<\/a><\/p>\n<p>[\/et_pb_blurb][et_pb_accordion open_toggle_text_color=&#8221;#ed1163&#8243; open_toggle_background_color=&#8221;#ededed&#8221; closed_toggle_background_color=&#8221;#ededed&#8221; _builder_version=&#8221;4.27.5&#8243; hover_enabled=&#8221;0&#8243; border_width_all=&#8221;0px&#8221; global_colors_info=&#8221;{}&#8221; sticky_enabled=&#8221;0&#8243;][et_pb_accordion_item title=&#8221;\u015ar\u00f3dmie\u015bcie Po\u0142udniowe&#8221; open=&#8221;on&#8221; _builder_version=&#8221;4.27.5&#8243; hover_enabled=&#8221;0&#8243; global_colors_info=&#8221;{}&#8221; sticky_enabled=&#8221;0&#8243;]<\/p>\n<p>\u015ar\u00f3dmie\u015bcie Po\u0142udniowe to 100-letnie gmachy zapieraj\u0105ce dech w piersi, przedwojenne klimatyczne podw\u00f3rka, kamienice o przepi\u0119knych fasadach i zakamarki skrywaj\u0105ce niezwyk\u0142e historie. To miejsce na mapie Warszawy, kt\u00f3re po prostu trzeba odwiedzi\u0107, aby poczu\u0107 klimat miasta oraz, by zobaczy\u0107 miejsca, w kt\u00f3rych \u017cy\u0142a przedwojenna elita i takie, kt\u00f3re wsp\u00f3\u0142cze\u015bnie przyci\u0105gaj\u0105 celebryt\u00f3w. Ten spacer to wehiku\u0142 czasu, dzi\u0119ki kt\u00f3remu zobaczymy autentyczne XIX-wieczne zabudowania, monumentalne socrealistyczne za\u0142o\u017cenia i modne wsp\u00f3\u0142czesne miejsc\u00f3wki.<\/p>\n<p>[\/et_pb_accordion_item][\/et_pb_accordion][et_pb_blurb title=&#8221;Skarby Warszawy&#8221; use_icon=&#8221;on&#8221; font_icon=&#8221;&#xe081;||divi||400&#8243; icon_placement=&#8221;left&#8221; _builder_version=&#8221;4.27.0&#8243; header_font=&#8221;Montserrat|500|||||||&#8221; header_font_size=&#8221;15px&#8221; body_font=&#8221;Montserrat|300|||||||&#8221; body_line_height=&#8221;1.8em&#8221; custom_margin=&#8221;||28px|||&#8221; global_colors_info=&#8221;{}&#8221;]<\/p>\n<ul>\n<li>Czas trwania: 2,5 h<\/li>\n<li>Cena: od 670 z\u0142<\/li>\n<\/ul>\n<p><a href=\"#\">Zam\u00f3w lub zapytaj o wolny termin<\/a><\/p>\n<p>[\/et_pb_blurb][et_pb_accordion open_toggle_text_color=&#8221;#ed1163&#8243; open_toggle_background_color=&#8221;#ededed&#8221; closed_toggle_background_color=&#8221;#ededed&#8221; _builder_version=&#8221;4.27.5&#8243; hover_enabled=&#8221;0&#8243; border_width_all=&#8221;0px&#8221; global_colors_info=&#8221;{}&#8221; sticky_enabled=&#8221;0&#8243;][et_pb_accordion_item title=&#8221;Skarby Warszawy&#8221; open=&#8221;on&#8221; _builder_version=&#8221;4.27.5&#8243; hover_enabled=&#8221;0&#8243; global_colors_info=&#8221;{}&#8221; sticky_enabled=&#8221;0&#8243;]<\/p>\n<p>Spacer prowadz\u0105cy \u015bcie\u017ckami dawnych magnackich pa\u0142ac\u00f3w, ich ogrod\u00f3w i legend o najwi\u0119kszych rodach Warszawy. Tych najstarszych \u2013 tworz\u0105cych zabytkow\u0105 XVII i XVIII wieczn\u0105 zabudow\u0119 i tych ca\u0142kiem wsp\u00f3\u0142czesnych \u2013 wp\u0142ywaj\u0105cych na losy miasta w XX wieku. To szlak doskonale pokazuj\u0105cy, \u017ce miasto to \u017cywa tkanka, z kt\u00f3rej w pi\u0119kny spos\u00f3b wyczyta\u0107 mo\u017cna histori\u0119 stolicy i Polski. Na trasie nie brakuje te\u017c w\u0105tk\u00f3w dotycz\u0105cych okresu okupacji i Powstania Warszawskiego. Szlak b\u0119d\u0105cy prawdziwym skarbem Warszawy!<\/p>\n<p>[\/et_pb_accordion_item][\/et_pb_accordion][et_pb_blurb title=&#8221;Pow\u0105zki Wojskowe &#8211; piechot\u0105 przez histori\u0119&#8221; use_icon=&#8221;on&#8221; font_icon=&#8221;&#xe081;||divi||400&#8243; icon_placement=&#8221;left&#8221; _builder_version=&#8221;4.27.4&#8243; header_font=&#8221;Montserrat|500|||||||&#8221; header_font_size=&#8221;15px&#8221; body_font=&#8221;Montserrat|300|||||||&#8221; body_line_height=&#8221;1.8em&#8221; custom_margin=&#8221;||28px|||&#8221; global_colors_info=&#8221;{}&#8221;]<\/p>\n<ul>\n<li>Czas trwania: 2,5 h<\/li>\n<li>Cena: od 670 z\u0142<\/li>\n<\/ul>\n<p><a href=\"#\">Zam\u00f3w lub zapytaj o wolny termin<\/a><\/p>\n<p>[\/et_pb_blurb][et_pb_accordion open_toggle_text_color=&#8221;#ed1163&#8243; open_toggle_background_color=&#8221;#ededed&#8221; closed_toggle_background_color=&#8221;#ededed&#8221; _builder_version=&#8221;4.27.5&#8243; hover_enabled=&#8221;0&#8243; border_width_all=&#8221;0px&#8221; global_colors_info=&#8221;{}&#8221; sticky_enabled=&#8221;0&#8243;][et_pb_accordion_item title=&#8221;Pow\u0105zki Wojskowe &#8211; piechot\u0105 przez histori\u0119&#8221; open=&#8221;on&#8221; _builder_version=&#8221;4.27.5&#8243; hover_enabled=&#8221;0&#8243; global_colors_info=&#8221;{}&#8221; sticky_enabled=&#8221;0&#8243;]<\/p>\n<p>\u015acie\u017cka prowadz\u0105ca przez meandry polskiej historii \u2013 nie tylko tej zwi\u0105zanej z kombatantami.<\/p>\n<p>[\/et_pb_accordion_item][\/et_pb_accordion][et_pb_blurb title=&#8221;\u0141azienki Kr\u00f3lewskie &#8211; magia miejsca&#8221; use_icon=&#8221;on&#8221; font_icon=&#8221;&#xe081;||divi||400&#8243; icon_placement=&#8221;left&#8221; _builder_version=&#8221;4.27.4&#8243; header_font=&#8221;Montserrat|500|||||||&#8221; header_font_size=&#8221;15px&#8221; body_font=&#8221;Montserrat|300|||||||&#8221; body_line_height=&#8221;1.8em&#8221; custom_margin=&#8221;||28px|||&#8221; global_colors_info=&#8221;{}&#8221;]<\/p>\n<ul>\n<li>Czas trwania: 2,5 h<\/li>\n<li>Cena: od 670 z\u0142<\/li>\n<\/ul>\n<p><a href=\"#\">Zam\u00f3w lub zapytaj o wolny termin<\/a><\/p>\n<p>[\/et_pb_blurb][et_pb_accordion open_toggle_text_color=&#8221;#ed1163&#8243; open_toggle_background_color=&#8221;#ededed&#8221; closed_toggle_background_color=&#8221;#ededed&#8221; _builder_version=&#8221;4.27.4&#8243; border_width_all=&#8221;0px&#8221; global_colors_info=&#8221;{}&#8221;][et_pb_accordion_item title=&#8221;\u0141azienki Kr\u00f3lewskie &#8211; magia miejsca&#8221; open=&#8221;on&#8221; _builder_version=&#8221;4.27.4&#8243; global_colors_info=&#8221;{}&#8221;]<\/p>\n<p style=\"line-height: 108%; margin-bottom: 0.28cm;\">Opis wkr\u00f3tce<\/p>\n<p style=\"line-height: 108%; margin-bottom: 0.28cm;\">[\/et_pb_accordion_item][\/et_pb_accordion][et_pb_blurb title=&#8221;Warszawa w podr\u00f3\u017cy &#8221; use_icon=&#8221;on&#8221; font_icon=&#8221;&#xe081;||divi||400&#8243; icon_placement=&#8221;left&#8221; _builder_version=&#8221;4.27.4&#8243; header_font=&#8221;Montserrat|500|||||||&#8221; header_font_size=&#8221;15px&#8221; body_font=&#8221;Montserrat|300|||||||&#8221; body_line_height=&#8221;1.8em&#8221; custom_margin=&#8221;||28px|||&#8221; global_colors_info=&#8221;{}&#8221;]<\/p>\n<ul>\n<li>Czas trwania: 2,5 h<\/li>\n<li>Cena: od 670 z\u0142<\/li>\n<\/ul>\n<p><a href=\"#\">Zam\u00f3w lub zapytaj o wolny termin<\/a><\/p>\n<p>[\/et_pb_blurb][\/et_pb_column][\/et_pb_row][\/et_pb_section][et_pb_section fb_built=&#8221;1&#8243; admin_label=&#8221;Footer&#8221; _builder_version=&#8221;4.16&#8243; use_background_color_gradient=&#8221;on&#8221; background_color_gradient_stops=&#8221;#ffffff 0%|rgba(36,46,66,0) 75%&#8221; background_color_gradient_overlays_image=&#8221;on&#8221; background_color_gradient_start=&#8221;#ffffff&#8221; background_color_gradient_end=&#8221;rgba(36,46,66,0)&#8221; background_color_gradient_end_position=&#8221;75%&#8221; background_image=&#8221;https:\/\/myidziemy.pl\/wp-content\/uploads\/2020\/01\/bottom1.jpg&#8221; custom_padding=&#8221;||20vw&#8221; locked=&#8221;off&#8221; global_colors_info=&#8221;{}&#8221;][et_pb_row _builder_version=&#8221;4.16&#8243; locked=&#8221;off&#8221; global_colors_info=&#8221;{}&#8221;][et_pb_column type=&#8221;4_4&#8243; _builder_version=&#8221;4.16&#8243; custom_padding=&#8221;|||&#8221; global_colors_info=&#8221;{}&#8221; custom_padding__hover=&#8221;|||&#8221;][et_pb_text _builder_version=&#8221;4.16&#8243; text_font=&#8221;||||||||&#8221; header_font=&#8221;Literata||||||||&#8221; header_2_font=&#8221;Literata|700|||||||&#8221; header_2_font_size=&#8221;60px&#8221; header_2_line_height=&#8221;1.2em&#8221; text_orientation=&#8221;center&#8221; max_width=&#8221;600px&#8221; module_alignment=&#8221;center&#8221; custom_margin=&#8221;||15px&#8221; header_2_font_size_tablet=&#8221;42px&#8221; header_2_font_size_phone=&#8221;30px&#8221; header_2_font_size_last_edited=&#8221;on|tablet&#8221; locked=&#8221;off&#8221; global_colors_info=&#8221;{}&#8221;]<\/p>\n<h2>Zapisz si\u0119 na newsletter<\/h2>\n<p>[\/et_pb_text][et_pb_signup mailchimp_list=&#8221;elegantthemestest|1ea2bbd026&#8243; layout=&#8221;top_bottom&#8221; first_name_field=&#8221;off&#8221; last_name_field=&#8221;off&#8221; _builder_version=&#8221;4.16&#8243; form_field_background_color=&#8221;rgba(36,46,66,0.05)&#8221; form_field_font=&#8221;||||||||&#8221; use_background_color=&#8221;off&#8221; custom_button=&#8221;on&#8221; button_text_size=&#8221;14px&#8221; button_text_color=&#8221;#ffffff&#8221; button_bg_color=&#8221;#e10059&#8243; button_border_width=&#8221;10px&#8221; button_border_color=&#8221;rgba(0,0,0,0)&#8221; button_border_radius=&#8221;0px&#8221; button_letter_spacing=&#8221;4px&#8221; button_font=&#8221;Lato|700||on|||||&#8221; button_icon=&#8221;&#x24;||divi||400&#8243; max_width=&#8221;600px&#8221; module_alignment=&#8221;center&#8221; custom_padding=&#8221;0px|||||&#8221; border_radii_fields=&#8221;on|0px|0px|0px|0px&#8221; global_colors_info=&#8221;{}&#8221;][\/et_pb_signup][et_pb_social_media_follow icon_color=&#8221;#2a2a2a&#8221; _builder_version=&#8221;4.16&#8243; text_orientation=&#8221;center&#8221; border_radii=&#8221;on|50px|50px|50px|50px&#8221; border_width_all=&#8221;10px&#8221; border_color_all=&#8221;rgba(0,0,0,0)&#8221; global_colors_info=&#8221;{}&#8221; icon_color__hover=&#8221;#000000&#8243;][et_pb_social_media_follow_network social_network=&#8221;facebook&#8221; url=&#8221;https:\/\/www.facebook.com\/idzie.myzksiazkaprzezwarszawe\/&#8221; icon_color=&#8221;#2a2a2a&#8221; _builder_version=&#8221;4.16&#8243; background_color=&#8221;#ffffff&#8221; global_colors_info=&#8221;{}&#8221; follow_button=&#8221;off&#8221; url_new_window=&#8221;on&#8221;]facebook[\/et_pb_social_media_follow_network][et_pb_social_media_follow_network social_network=&#8221;youtube&#8221; icon_color=&#8221;#2a2a2a&#8221; _builder_version=&#8221;4.16&#8243; background_color=&#8221;#ffffff&#8221; background_enable_color=&#8221;on&#8221; global_colors_info=&#8221;{}&#8221; follow_button=&#8221;off&#8221; url_new_window=&#8221;on&#8221;]youtube[\/et_pb_social_media_follow_network][et_pb_social_media_follow_network social_network=&#8221;instagram&#8221; icon_color=&#8221;#2a2a2a&#8221; _builder_version=&#8221;4.16&#8243; background_color=&#8221;#ffffff&#8221; global_colors_info=&#8221;{}&#8221; follow_button=&#8221;off&#8221; url_new_window=&#8221;on&#8221;]instagram[\/et_pb_social_media_follow_network][\/et_pb_social_media_follow][\/et_pb_column][\/et_pb_row][et_pb_row _builder_version=&#8221;4.16&#8243; width=&#8221;100%&#8221; max_width=&#8221;none&#8221; locked=&#8221;off&#8221; global_colors_info=&#8221;{}&#8221;][et_pb_column type=&#8221;4_4&#8243; _builder_version=&#8221;4.16&#8243; custom_padding=&#8221;|||&#8221; global_colors_info=&#8221;{}&#8221; custom_padding__hover=&#8221;|||&#8221;][et_pb_image src=&#8221;https:\/\/myidziemy.pl\/wp-content\/uploads\/2020\/01\/sight-seeing-49.png&#8221; show_bottom_space=&#8221;off&#8221; force_fullwidth=&#8221;on&#8221; _builder_version=&#8221;4.16&#8243; custom_margin=&#8221;||&#8221; global_colors_info=&#8221;{}&#8221;][\/et_pb_image][\/et_pb_column][\/et_pb_row][\/et_pb_section]<\/p>\n","protected":false},"excerpt":{"rendered":"<p>SpaceryPrzedstawione trasy s\u0105 propozycjami. Przedstawione trasy s\u0105 propozycjami. Ka\u017cda z nich przewidziana jest na ok. 2,5 h \u2013 koszt 550-670 z\u0142 (do 10 os\u00f3b, powy\u017cej wycena indywidualna).Przygotowujemy trasy \u201ena \u017cyczenie\u201d, modyfikujemy zaproponowane szlaki \u2013 wycena indywidualna, kontakt: myidziemy@gmail.com Czas trwania: 2,5 h Cena: od 670 z\u0142 Zam\u00f3w lub zapytaj o wolny terminTen spacer b\u0119d\u0105cy punktem [&hellip;]<\/p>\n","protected":false},"author":3,"featured_media":0,"parent":1274,"menu_order":0,"comment_status":"closed","ping_status":"closed","template":"page-template-blank.php","meta":{"_et_pb_use_builder":"on","_et_pb_old_content":"","_et_gb_content_width":"","_exactmetrics_skip_tracking":false,"_exactmetrics_sitenote_active":false,"_exactmetrics_sitenote_note":"","_exactmetrics_sitenote_category":0,"footnotes":""},"class_list":["post-1280","page","type-page","status-publish","hentry"],"yoast_head":"<!-- This site is optimized with the Yoast SEO plugin v27.5 - https:\/\/yoast.com\/product\/yoast-seo-wordpress\/ -->\n<title>Spacery - IDZIE.MY<\/title>\n<meta name=\"robots\" content=\"index, follow, max-snippet:-1, max-image-preview:large, max-video-preview:-1\" \/>\n<link rel=\"canonical\" href=\"https:\/\/myidziemy.pl\/index.php\/oferta-2\/spacery-2\/\" \/>\n<meta property=\"og:locale\" content=\"pl_PL\" \/>\n<meta property=\"og:type\" content=\"article\" \/>\n<meta property=\"og:title\" content=\"Spacery - IDZIE.MY\" \/>\n<meta property=\"og:description\" content=\"SpaceryPrzedstawione trasy s\u0105 propozycjami. Przedstawione trasy s\u0105 propozycjami. Ka\u017cda z nich przewidziana jest na ok. 2,5 h \u2013 koszt 550-670 z\u0142 (do 10 os\u00f3b, powy\u017cej wycena indywidualna).Przygotowujemy trasy \u201ena \u017cyczenie\u201d, modyfikujemy zaproponowane szlaki \u2013 wycena indywidualna, kontakt: myidziemy@gmail.com Czas trwania: 2,5 h Cena: od 670 z\u0142 Zam\u00f3w lub zapytaj o wolny terminTen spacer b\u0119d\u0105cy punktem [&hellip;]\" \/>\n<meta property=\"og:url\" content=\"https:\/\/myidziemy.pl\/index.php\/oferta-2\/spacery-2\/\" \/>\n<meta property=\"og:site_name\" content=\"IDZIE.MY\" \/>\n<meta property=\"article:publisher\" content=\"https:\/\/www.facebook.com\/idzie.myzksiazkaprzezwarszawe\/\" \/>\n<meta property=\"article:modified_time\" content=\"2025-12-28T18:02:00+00:00\" \/>\n<meta name=\"twitter:card\" content=\"summary_large_image\" \/>\n<meta name=\"twitter:label1\" content=\"Szacowany czas czytania\" \/>\n\t<meta name=\"twitter:data1\" content=\"14 minut\" \/>\n<script type=\"application\/ld+json\" class=\"yoast-schema-graph\">{\"@context\":\"https:\\\/\\\/schema.org\",\"@graph\":[{\"@type\":\"WebPage\",\"@id\":\"https:\\\/\\\/myidziemy.pl\\\/index.php\\\/oferta-2\\\/spacery-2\\\/\",\"url\":\"https:\\\/\\\/myidziemy.pl\\\/index.php\\\/oferta-2\\\/spacery-2\\\/\",\"name\":\"Spacery - IDZIE.MY\",\"isPartOf\":{\"@id\":\"https:\\\/\\\/myidziemy.pl\\\/#website\"},\"datePublished\":\"2024-08-15T16:40:44+00:00\",\"dateModified\":\"2025-12-28T18:02:00+00:00\",\"breadcrumb\":{\"@id\":\"https:\\\/\\\/myidziemy.pl\\\/index.php\\\/oferta-2\\\/spacery-2\\\/#breadcrumb\"},\"inLanguage\":\"pl-PL\",\"potentialAction\":[{\"@type\":\"ReadAction\",\"target\":[\"https:\\\/\\\/myidziemy.pl\\\/index.php\\\/oferta-2\\\/spacery-2\\\/\"]}]},{\"@type\":\"BreadcrumbList\",\"@id\":\"https:\\\/\\\/myidziemy.pl\\\/index.php\\\/oferta-2\\\/spacery-2\\\/#breadcrumb\",\"itemListElement\":[{\"@type\":\"ListItem\",\"position\":1,\"name\":\"Strona g\u0142\u00f3wna\",\"item\":\"https:\\\/\\\/myidziemy.pl\\\/\"},{\"@type\":\"ListItem\",\"position\":2,\"name\":\"Oferta indywidualna\",\"item\":\"https:\\\/\\\/myidziemy.pl\\\/index.php\\\/oferta-2\\\/\"},{\"@type\":\"ListItem\",\"position\":3,\"name\":\"Spacery\"}]},{\"@type\":\"WebSite\",\"@id\":\"https:\\\/\\\/myidziemy.pl\\\/#website\",\"url\":\"https:\\\/\\\/myidziemy.pl\\\/\",\"name\":\"IDZIE.MY gry miejskie dla szk\u00f3\u0142 Warszawa\",\"description\":\"Idzie.MY z ksi\u0105\u017ck\u0105 przez Warszaw\u0119\",\"publisher\":{\"@id\":\"https:\\\/\\\/myidziemy.pl\\\/#organization\"},\"potentialAction\":[{\"@type\":\"SearchAction\",\"target\":{\"@type\":\"EntryPoint\",\"urlTemplate\":\"https:\\\/\\\/myidziemy.pl\\\/?s={search_term_string}\"},\"query-input\":{\"@type\":\"PropertyValueSpecification\",\"valueRequired\":true,\"valueName\":\"search_term_string\"}}],\"inLanguage\":\"pl-PL\"},{\"@type\":\"Organization\",\"@id\":\"https:\\\/\\\/myidziemy.pl\\\/#organization\",\"name\":\"IDZIE.MY\",\"url\":\"https:\\\/\\\/myidziemy.pl\\\/\",\"logo\":{\"@type\":\"ImageObject\",\"inLanguage\":\"pl-PL\",\"@id\":\"https:\\\/\\\/myidziemy.pl\\\/#\\\/schema\\\/logo\\\/image\\\/\",\"url\":\"https:\\\/\\\/myidziemy.pl\\\/wp-content\\\/uploads\\\/2020\\\/01\\\/logo.gif\",\"contentUrl\":\"https:\\\/\\\/myidziemy.pl\\\/wp-content\\\/uploads\\\/2020\\\/01\\\/logo.gif\",\"width\":512,\"height\":512,\"caption\":\"IDZIE.MY\"},\"image\":{\"@id\":\"https:\\\/\\\/myidziemy.pl\\\/#\\\/schema\\\/logo\\\/image\\\/\"},\"sameAs\":[\"https:\\\/\\\/www.facebook.com\\\/idzie.myzksiazkaprzezwarszawe\\\/\",\"https:\\\/\\\/www.instagram.com\\\/idzie.my\\\/\"]}]}<\/script>\n<!-- \/ Yoast SEO plugin. -->","yoast_head_json":{"title":"Spacery - IDZIE.MY","robots":{"index":"index","follow":"follow","max-snippet":"max-snippet:-1","max-image-preview":"max-image-preview:large","max-video-preview":"max-video-preview:-1"},"canonical":"https:\/\/myidziemy.pl\/index.php\/oferta-2\/spacery-2\/","og_locale":"pl_PL","og_type":"article","og_title":"Spacery - IDZIE.MY","og_description":"SpaceryPrzedstawione trasy s\u0105 propozycjami. Przedstawione trasy s\u0105 propozycjami. Ka\u017cda z nich przewidziana jest na ok. 2,5 h \u2013 koszt 550-670 z\u0142 (do 10 os\u00f3b, powy\u017cej wycena indywidualna).Przygotowujemy trasy \u201ena \u017cyczenie\u201d, modyfikujemy zaproponowane szlaki \u2013 wycena indywidualna, kontakt: myidziemy@gmail.com Czas trwania: 2,5 h Cena: od 670 z\u0142 Zam\u00f3w lub zapytaj o wolny terminTen spacer b\u0119d\u0105cy punktem [&hellip;]","og_url":"https:\/\/myidziemy.pl\/index.php\/oferta-2\/spacery-2\/","og_site_name":"IDZIE.MY","article_publisher":"https:\/\/www.facebook.com\/idzie.myzksiazkaprzezwarszawe\/","article_modified_time":"2025-12-28T18:02:00+00:00","twitter_card":"summary_large_image","twitter_misc":{"Szacowany czas czytania":"14 minut"},"schema":{"@context":"https:\/\/schema.org","@graph":[{"@type":"WebPage","@id":"https:\/\/myidziemy.pl\/index.php\/oferta-2\/spacery-2\/","url":"https:\/\/myidziemy.pl\/index.php\/oferta-2\/spacery-2\/","name":"Spacery - IDZIE.MY","isPartOf":{"@id":"https:\/\/myidziemy.pl\/#website"},"datePublished":"2024-08-15T16:40:44+00:00","dateModified":"2025-12-28T18:02:00+00:00","breadcrumb":{"@id":"https:\/\/myidziemy.pl\/index.php\/oferta-2\/spacery-2\/#breadcrumb"},"inLanguage":"pl-PL","potentialAction":[{"@type":"ReadAction","target":["https:\/\/myidziemy.pl\/index.php\/oferta-2\/spacery-2\/"]}]},{"@type":"BreadcrumbList","@id":"https:\/\/myidziemy.pl\/index.php\/oferta-2\/spacery-2\/#breadcrumb","itemListElement":[{"@type":"ListItem","position":1,"name":"Strona g\u0142\u00f3wna","item":"https:\/\/myidziemy.pl\/"},{"@type":"ListItem","position":2,"name":"Oferta indywidualna","item":"https:\/\/myidziemy.pl\/index.php\/oferta-2\/"},{"@type":"ListItem","position":3,"name":"Spacery"}]},{"@type":"WebSite","@id":"https:\/\/myidziemy.pl\/#website","url":"https:\/\/myidziemy.pl\/","name":"IDZIE.MY gry miejskie dla szk\u00f3\u0142 Warszawa","description":"Idzie.MY z ksi\u0105\u017ck\u0105 przez Warszaw\u0119","publisher":{"@id":"https:\/\/myidziemy.pl\/#organization"},"potentialAction":[{"@type":"SearchAction","target":{"@type":"EntryPoint","urlTemplate":"https:\/\/myidziemy.pl\/?s={search_term_string}"},"query-input":{"@type":"PropertyValueSpecification","valueRequired":true,"valueName":"search_term_string"}}],"inLanguage":"pl-PL"},{"@type":"Organization","@id":"https:\/\/myidziemy.pl\/#organization","name":"IDZIE.MY","url":"https:\/\/myidziemy.pl\/","logo":{"@type":"ImageObject","inLanguage":"pl-PL","@id":"https:\/\/myidziemy.pl\/#\/schema\/logo\/image\/","url":"https:\/\/myidziemy.pl\/wp-content\/uploads\/2020\/01\/logo.gif","contentUrl":"https:\/\/myidziemy.pl\/wp-content\/uploads\/2020\/01\/logo.gif","width":512,"height":512,"caption":"IDZIE.MY"},"image":{"@id":"https:\/\/myidziemy.pl\/#\/schema\/logo\/image\/"},"sameAs":["https:\/\/www.facebook.com\/idzie.myzksiazkaprzezwarszawe\/","https:\/\/www.instagram.com\/idzie.my\/"]}]}},"_links":{"self":[{"href":"https:\/\/myidziemy.pl\/index.php\/wp-json\/wp\/v2\/pages\/1280","targetHints":{"allow":["GET"]}}],"collection":[{"href":"https:\/\/myidziemy.pl\/index.php\/wp-json\/wp\/v2\/pages"}],"about":[{"href":"https:\/\/myidziemy.pl\/index.php\/wp-json\/wp\/v2\/types\/page"}],"author":[{"embeddable":true,"href":"https:\/\/myidziemy.pl\/index.php\/wp-json\/wp\/v2\/users\/3"}],"replies":[{"embeddable":true,"href":"https:\/\/myidziemy.pl\/index.php\/wp-json\/wp\/v2\/comments?post=1280"}],"version-history":[{"count":13,"href":"https:\/\/myidziemy.pl\/index.php\/wp-json\/wp\/v2\/pages\/1280\/revisions"}],"predecessor-version":[{"id":1471,"href":"https:\/\/myidziemy.pl\/index.php\/wp-json\/wp\/v2\/pages\/1280\/revisions\/1471"}],"up":[{"embeddable":true,"href":"https:\/\/myidziemy.pl\/index.php\/wp-json\/wp\/v2\/pages\/1274"}],"wp:attachment":[{"href":"https:\/\/myidziemy.pl\/index.php\/wp-json\/wp\/v2\/media?parent=1280"}],"curies":[{"name":"wp","href":"https:\/\/api.w.org\/{rel}","templated":true}]}}