{"id":584,"date":"2021-08-28T21:41:46","date_gmt":"2021-08-28T19:41:46","guid":{"rendered":"http:\/\/myidziemy.pl\/?page_id=584"},"modified":"2025-12-28T18:40:54","modified_gmt":"2025-12-28T17:40:54","slug":"oferta-4-8","status":"publish","type":"page","link":"https:\/\/myidziemy.pl\/index.php\/oferta-4-8\/","title":{"rendered":"Oferta 4-8"},"content":{"rendered":"<p>[et_pb_section fb_built=&#8221;1&#8243; custom_padding_last_edited=&#8221;on|phone&#8221; admin_label=&#8221;Hero&#8221; _builder_version=&#8221;4.16&#8243; use_background_color_gradient=&#8221;on&#8221; background_color_gradient_stops=&#8221;rgba(0,0,0,0.5) 0%|rgba(0,0,0,0) 100%&#8221; background_color_gradient_overlays_image=&#8221;on&#8221; background_color_gradient_start=&#8221;rgba(0,0,0,0.5)&#8221; background_color_gradient_end=&#8221;rgba(0,0,0,0)&#8221; background_image=&#8221;https:\/\/myidziemy.pl\/wp-content\/uploads\/2020\/02\/b10.jpg&#8221; custom_margin=&#8221;|-16px||||&#8221; custom_padding=&#8221;|0px|7%||false|false&#8221; custom_padding_tablet=&#8221;&#8221; custom_padding_phone=&#8221;|0px|20%||false|false&#8221; bottom_divider_style=&#8221;slant&#8221; bottom_divider_color=&#8221;#ffffff&#8221; bottom_divider_flip=&#8221;horizontal&#8221; animation_style=&#8221;slide&#8221; animation_direction=&#8221;top&#8221; animation_intensity_slide=&#8221;5%&#8221; animation_starting_opacity=&#8221;100%&#8221; global_colors_info=&#8221;{}&#8221;][et_pb_row _builder_version=&#8221;4.16&#8243; background_size=&#8221;initial&#8221; background_position=&#8221;top_left&#8221; background_repeat=&#8221;repeat&#8221; width=&#8221;76%&#8221; max_width=&#8221;none&#8221; custom_margin=&#8221;|||15%|false|false&#8221; custom_padding=&#8221;27px|0px|0px|0px&#8221; global_colors_info=&#8221;{}&#8221;][et_pb_column type=&#8221;4_4&#8243; _builder_version=&#8221;4.16&#8243; custom_padding=&#8221;|||&#8221; global_colors_info=&#8221;{}&#8221; custom_padding__hover=&#8221;|||&#8221;][et_pb_text admin_label=&#8221;Title&#8221; _builder_version=&#8221;4.16&#8243; text_font=&#8221;||||||||&#8221; header_font=&#8221;Literata|600|||||||&#8221; header_font_size=&#8221;80px&#8221; header_line_height=&#8221;1.2em&#8221; background_color=&#8221;rgba(0,37,112,0.28)&#8221; background_layout=&#8221;dark&#8221; custom_margin=&#8221;|789px||||&#8221; custom_margin_tablet=&#8221;&#8221; custom_margin_phone=&#8221;|0px|||false|false&#8221; custom_margin_last_edited=&#8221;on|phone&#8221; animation_style=&#8221;zoom&#8221; animation_direction=&#8221;left&#8221; animation_intensity_zoom=&#8221;10%&#8221; header_font_size_tablet=&#8221;&#8221; header_font_size_phone=&#8221;72px&#8221; header_font_size_last_edited=&#8221;on|phone&#8221; global_colors_info=&#8221;{}&#8221;]<\/p>\n<h1>Klasy 4-8<\/h1>\n<p>[\/et_pb_text][et_pb_divider color=&#8221;rgba(255,255,255,0.7)&#8221; divider_weight=&#8221;3px&#8221; _builder_version=&#8221;4.16&#8243; max_width=&#8221;120px&#8221; animation_style=&#8221;zoom&#8221; animation_direction=&#8221;left&#8221; global_colors_info=&#8221;{}&#8221;][\/et_pb_divider][\/et_pb_column][\/et_pb_row][et_pb_row _builder_version=&#8221;4.16&#8243; background_size=&#8221;initial&#8221; background_position=&#8221;top_left&#8221; background_repeat=&#8221;repeat&#8221; custom_margin=&#8221;|||&#8221; animation_style=&#8221;zoom&#8221; animation_direction=&#8221;left&#8221; animation_delay=&#8221;100ms&#8221; animation_intensity_zoom=&#8221;10%&#8221; global_colors_info=&#8221;{}&#8221;][et_pb_column type=&#8221;4_4&#8243; _builder_version=&#8221;4.16&#8243; background_color=&#8221;#ffffff&#8221; custom_padding=&#8221;40px|40px|40px|40px&#8221; global_colors_info=&#8221;{}&#8221; custom_padding__hover=&#8221;|||&#8221;][et_pb_text _builder_version=&#8221;4.16&#8243; text_font=&#8221;Literata|500|||||||&#8221; text_text_color=&#8221;#2a2a2a&#8221; text_font_size=&#8221;24px&#8221; header_font=&#8221;Literata||||||||&#8221; custom_margin=&#8221;||-1px|||&#8221; animation_style=&#8221;fade&#8221; global_colors_info=&#8221;{}&#8221;]<\/p>\n<p><span style=\"color: #ed1163;\"><a href=\"#spacery\" style=\"color: #ed1163;\"><strong>Spacery<\/strong><\/a><\/span><\/p>\n<p><span style=\"color: #ed1163;\"><a href=\"#grymiejskie\" style=\"color: #ed1163;\"><strong>Gry miejskie<\/strong><\/a><\/span><\/p>\n<p><span style=\"color: #ed1163;\"><a href=\"#warsztaty\" style=\"color: #ed1163;\"><strong>Warsztaty<\/strong><\/a><\/span><\/p>\n<p>[\/et_pb_text][\/et_pb_column][\/et_pb_row][\/et_pb_section][et_pb_section fb_built=&#8221;1&#8243; admin_label=&#8221;Events&#8221; _builder_version=&#8221;4.16&#8243; min_height=&#8221;1105.9px&#8221; custom_padding=&#8221;0px||||false|false&#8221; locked=&#8221;off&#8221; global_colors_info=&#8221;{}&#8221;][et_pb_row module_id=&#8221;spacery&#8221; _builder_version=&#8221;4.16&#8243; global_colors_info=&#8221;{}&#8221;][et_pb_column type=&#8221;4_4&#8243; _builder_version=&#8221;4.16&#8243; global_colors_info=&#8221;{}&#8221;][et_pb_text _builder_version=&#8221;4.16&#8243; text_font=&#8221;Literata||||||||&#8221; header_font=&#8221;Literata||||||||&#8221; global_colors_info=&#8221;{}&#8221;]<\/p>\n<h1>Spacery<\/h1>\n<p>Przedstawione <strong>trasy s\u0105 propozycjami<\/strong>.<br \/>Ka\u017cda z wycieczek jest dostosowywana do indywidualnych potrzeb grupy.<br \/>Istnieje mo\u017cliwo\u015b\u0107 skonstruowania <strong>trasy \u201ena \u017cyczenie\u201d<\/strong>.<\/p>\n<p>[\/et_pb_text][\/et_pb_column][\/et_pb_row][et_pb_row column_structure=&#8221;1_2,1_2&#8243; _builder_version=&#8221;4.16&#8243; module_alignment=&#8221;center&#8221; custom_margin=&#8221;|||&#8221; custom_margin_tablet=&#8221;0px|||&#8221; custom_margin_phone=&#8221;0px|||&#8221; custom_margin_last_edited=&#8221;off|desktop&#8221; custom_padding=&#8221;|||&#8221; saved_tabs=&#8221;all&#8221; global_colors_info=&#8221;{}&#8221;][et_pb_column type=&#8221;1_2&#8243; _builder_version=&#8221;4.16&#8243; background_color_gradient_direction=&#8221;35deg&#8221; custom_padding=&#8221;|||&#8221; custom_padding_tablet=&#8221;|0px||&#8221; custom_padding_last_edited=&#8221;off|desktop&#8221; global_colors_info=&#8221;{}&#8221; padding_tablet=&#8221;|0px||&#8221; padding_last_edited=&#8221;off|desktop&#8221; custom_padding__hover=&#8221;|||&#8221;][et_pb_blurb title=&#8221;Sp\u00f3jrz na Warszaw\u0119&#8221; use_icon=&#8221;on&#8221; font_icon=&#8221;&#xe081;||divi||400&#8243; icon_placement=&#8221;left&#8221; _builder_version=&#8221;4.17.6&#8243; header_font=&#8221;Montserrat|500|||||||&#8221; header_font_size=&#8221;15px&#8221; body_font=&#8221;Montserrat|300|||||||&#8221; body_line_height=&#8221;1.8em&#8221; custom_margin=&#8221;||0px||false|false&#8221; global_colors_info=&#8221;{}&#8221;]<\/p>\n<ul>\n<li>Czas trwania: 2-2,5 h<\/li>\n<li>Cena: od 670 z\u0142<\/li>\n<li><a href=\"mailto:myidziemy@gmail.com\">Zam\u00f3w lub zapytaj o wolny termin<\/a><\/li>\n<\/ul>\n<p>[\/et_pb_blurb][et_pb_accordion open_toggle_text_color=&#8221;#ed1163&#8243; open_toggle_background_color=&#8221;#ededed&#8221; closed_toggle_background_color=&#8221;#ededed&#8221; _builder_version=&#8221;4.17.6&#8243; border_width_all=&#8221;0px&#8221; global_colors_info=&#8221;{}&#8221;][et_pb_accordion_item title=&#8221;Sp\u00f3jrz na Warszaw\u0119&#8221; open=&#8221;on&#8221; _builder_version=&#8221;4.17.6&#8243; _module_preset=&#8221;default&#8221; global_colors_info=&#8221;{}&#8221;]<\/p>\n<p><span style=\"font-weight: 400;\">Spacer skupiaj\u0105cy si\u0119 na architekturze i sztukach plastycznych. Podczas zaj\u0119\u0107 przygl\u0105damy si\u0119 starszym i nowszym budynkom \u015ar\u00f3dmie\u015bcia i szukamy inspiruj\u0105cych wizualnie zak\u0105tk\u00f3w. Poznajemy stolic\u0119 od strony sztuki, zar\u00f3wno tej dawnej, jak i tej wsp\u00f3\u0142czesnej, oraz odkrywamy architektoniczn\u0105 r\u00f3\u017cnorodno\u015b\u0107 miasta. Sp\u00f3jrz na Warszaw\u0119 \u0142\u0105czy w sobie zagadnienia z zakresu plastyki, historii i literatury, uczy uwa\u017cno\u015bci i ciekawo\u015bci \u015bwiata.<\/span><span style=\"font-weight: 400;\"><\/span><\/p>\n<p>[\/et_pb_accordion_item][\/et_pb_accordion][et_pb_blurb title=&#8221;Bajki i legendy Warszawy&#8221; use_icon=&#8221;on&#8221; font_icon=&#8221;&#xe081;||divi||400&#8243; icon_placement=&#8221;left&#8221; _builder_version=&#8221;4.17.6&#8243; header_font=&#8221;Montserrat|500|||||||&#8221; header_font_size=&#8221;15px&#8221; body_font=&#8221;Montserrat|300|||||||&#8221; body_line_height=&#8221;1.8em&#8221; custom_margin=&#8221;||0px||false|false&#8221; global_colors_info=&#8221;{}&#8221;]<\/p>\n<p><span><\/span><\/p>\n<ul>\n<li>Czas trwania: 2-2,5 h<\/li>\n<li>Cena: 670 z\u0142<\/li>\n<li><a href=\"mailto:myidziemy@gmail.com\">Zam\u00f3w lub zapytaj o wolny termin<\/a><\/li>\n<\/ul>\n<p>[\/et_pb_blurb][et_pb_accordion open_toggle_text_color=&#8221;#ed1163&#8243; open_toggle_background_color=&#8221;#ededed&#8221; closed_toggle_background_color=&#8221;#ededed&#8221; _builder_version=&#8221;4.16&#8243; border_width_all=&#8221;0px&#8221; global_colors_info=&#8221;{}&#8221;][et_pb_accordion_item title=&#8221;Bajki i legendy Warszawy&#8221; open=&#8221;on&#8221; _builder_version=&#8221;4.16&#8243; global_colors_info=&#8221;{}&#8221;]<\/p>\n<p><span style=\"font-weight: 400;\">Szlak bajek i legend warszawskich to trasa doskona\u0142a dla m\u0142odych tropicieli tajemnic. Podczas spaceru b\u0119dziemy poszukiwali odpowiedzi na nurtuj\u0105ce pytania, takie jak: sk\u0105d wzi\u0105\u0142 si\u0119 wyraz \u201erozrywka\u201d, jak to jest mie\u0107 cudowne w\u0142osy czy te\u017c co trzeba okr\u0105\u017cy\u0107, by w \u017cyciu sprzyja\u0142o szcz\u0119\u015bcie\u2026 Uczestnicy poznaj\u0105 histori\u0119 miasta i b\u0119d\u0105 mieli okazj\u0119 wykaza\u0107 si\u0119 kreatywno\u015bci\u0105 podczas zadania literackiego realizowanego w ma\u0142ych grupach.<\/span><\/p>\n<p>[\/et_pb_accordion_item][\/et_pb_accordion][et_pb_blurb title=&#8221;Kto tam? Warszawa&#8221; use_icon=&#8221;on&#8221; font_icon=&#8221;&#xe081;||divi||400&#8243; icon_placement=&#8221;left&#8221; _builder_version=&#8221;4.17.6&#8243; header_font=&#8221;Montserrat|500|||||||&#8221; header_font_size=&#8221;15px&#8221; body_font=&#8221;Montserrat|300|||||||&#8221; body_line_height=&#8221;1.8em&#8221; custom_margin=&#8221;||0px||false|false&#8221; custom_padding_tablet=&#8221;&#8221; custom_padding_phone=&#8221;&#8221; custom_padding_last_edited=&#8221;on|desktop&#8221; global_colors_info=&#8221;{}&#8221;]<\/p>\n<ul>\n<li>Czas trwania: 2-2,5 h<\/li>\n<li>Cena: 670 z\u0142<span style=\"color: #ff00ff;\"><\/span><\/li>\n<li><a href=\"mailto:myidziemy@gmail.com\">Zam\u00f3w lub zapytaj o wolny termin<\/a><\/li>\n<\/ul>\n<p>[\/et_pb_blurb][et_pb_accordion open_toggle_text_color=&#8221;#ed1163&#8243; open_toggle_background_color=&#8221;#ededed&#8221; closed_toggle_background_color=&#8221;#ededed&#8221; _builder_version=&#8221;4.16&#8243; border_width_all=&#8221;0px&#8221; global_colors_info=&#8221;{}&#8221;][et_pb_accordion_item title=&#8221;Kto tam? Warszawa&#8221; open=&#8221;on&#8221; _builder_version=&#8221;4.16&#8243; _module_preset=&#8221;default&#8221; global_colors_info=&#8221;{}&#8221;]<\/p>\n<p><span style=\"font-weight: 400;\">Spacer szlakiem wielkich mieszka\u0144c\u00f3w Warszawy i ich tajemnic. Odwiedzamy miejsca, w kt\u00f3rych niegdy\u015b Znani mieszkali, chodzimy ulicami, kt\u00f3re przemierzali i tropimy skrytki, w kt\u00f3rych co\u015b chowali. Na trasie spaceru uczestnicy wycieczki rozwi\u0105zuj\u0105 zagadki. Rozwik\u0142anie ich jest wskaz\u00f3wk\u0105 do dalszej drogi i odkrycia tajemnicy wielkiego literata, artysty czy kr\u00f3la.<\/span><\/p>\n<p>[\/et_pb_accordion_item][\/et_pb_accordion][et_pb_blurb title=&#8221;Romantyczna Warszawa&#8221; use_icon=&#8221;on&#8221; font_icon=&#8221;&#xe081;||divi||400&#8243; icon_placement=&#8221;left&#8221; _builder_version=&#8221;4.17.6&#8243; header_font=&#8221;Montserrat|500|||||||&#8221; header_font_size=&#8221;15px&#8221; body_font=&#8221;Montserrat|300|||||||&#8221; body_line_height=&#8221;1.8em&#8221; custom_margin=&#8221;||0px||false|false&#8221; global_colors_info=&#8221;{}&#8221;]<\/p>\n<ul>\n<li>Literatura: lektury z epoki romantyzmu<\/li>\n<li>Czas trwania: 2,5-3 h<\/li>\n<li>Cena: 670 z\u0142<\/li>\n<li><a href=\"mailto:myidziemy@gmail.com\">Zam\u00f3w lub zapytaj o wolny termin<\/a><\/li>\n<\/ul>\n<p>[\/et_pb_blurb][et_pb_accordion open_toggle_text_color=&#8221;#ed1163&#8243; open_toggle_background_color=&#8221;#ededed&#8221; closed_toggle_background_color=&#8221;#ededed&#8221; _builder_version=&#8221;4.16&#8243; border_width_all=&#8221;0px&#8221; global_colors_info=&#8221;{}&#8221;][et_pb_accordion_item title=&#8221;Romantyczna Warszawa&#8221; open=&#8221;on&#8221; _builder_version=&#8221;4.16&#8243; global_colors_info=&#8221;{}&#8221;]<\/p>\n<p><span style=\"font-weight: 400;\">Tropy romantyk\u00f3w na warszawskich ulicach. Spacer literacki nawi\u0105zuj\u0105cy do lektur epoki romantyzmu przewidzianych w programie klas 7-8. Sam Mickiewicz w Warszawie pojawi\u0142 si\u0119 wprawdzie tylko na postumencie, cho\u0107 za spraw\u0105 innego literata, ale utwory wieszcza stanowi\u0105 wa\u017cne t\u0142o zaj\u0119\u0107. O historii pomnika i innych romantycznych perypetiach m\u00f3wimy na spacerze, zupe\u0142nie przy okazji powtarzaj\u0105c romantyczne teksty, kt\u00f3re lubi\u0105 pojawia\u0107 si\u0119 na egzaminie \u00f3smoklasisty.\u00a0<\/span><\/p>\n<p>[\/et_pb_accordion_item][\/et_pb_accordion][et_pb_blurb title=&#8221;Star\u00f3wka i Trakt Kr\u00f3lewski&#8221; use_icon=&#8221;on&#8221; font_icon=&#8221;&#xe081;||divi||400&#8243; icon_placement=&#8221;left&#8221; _builder_version=&#8221;4.27.0&#8243; header_font=&#8221;Montserrat|500|||||||&#8221; header_font_size=&#8221;15px&#8221; body_font=&#8221;Montserrat|300|||||||&#8221; body_line_height=&#8221;1.8em&#8221; custom_margin=&#8221;||28px|||&#8221; global_colors_info=&#8221;{}&#8221;]<\/p>\n<ul>\n<li>Czas trwania: 2,5 h<\/li>\n<li>Cena: od 670 z\u0142<\/li>\n<\/ul>\n<p><a href=\"#\">Zam\u00f3w lub zapytaj o wolny termin<\/a><\/p>\n<p>[\/et_pb_blurb][et_pb_accordion open_toggle_text_color=&#8221;#ed1163&#8243; open_toggle_background_color=&#8221;#ededed&#8221; closed_toggle_background_color=&#8221;#ededed&#8221; _builder_version=&#8221;4.27.4&#8243; border_width_all=&#8221;0px&#8221; global_colors_info=&#8221;{}&#8221;][et_pb_accordion_item title=&#8221;Star\u00f3wka i Trakt Kr\u00f3lewski&#8221; open=&#8221;on&#8221; _builder_version=&#8221;4.27.4&#8243; global_colors_info=&#8221;{}&#8221;]<\/p>\n<p style=\"line-height: 150%; margin-bottom: 0.28cm;\">Ten spacer b\u0119d\u0105cy punktem obowi\u0105zkowym podczas wizyty w stolicy ze mn\u0105 staje si\u0119 prawdziw\u0105 przygod\u0105. Opr\u00f3cz \u201epunkt\u00f3w obowi\u0105zkowych\u201d na mapie Star\u00f3wki, odwiedzamy nieoczywiste miejsca skrywaj\u0105ce \u015blady \u017cycia dawnych mieszka\u0144c\u00f3w Starego Miasta. Dzi\u0119ki przewodnickiej opowie\u015bci Star\u00f3wka o\u017cywa, kolorowe kamieniczki zachwycaj\u0105 nie tylko wygl\u0105dem, ale historiami ich niezwyk\u0142ych lokator\u00f3w.<\/p>\n<p>[\/et_pb_accordion_item][\/et_pb_accordion][et_pb_blurb title=&#8221;Stare Pow\u0105zki &#8211; niezwyk\u0142e historie wyj\u0105tkowych ludzi&#8221; use_icon=&#8221;on&#8221; font_icon=&#8221;&#xe081;||divi||400&#8243; icon_placement=&#8221;left&#8221; _builder_version=&#8221;4.27.4&#8243; header_font=&#8221;Montserrat|500|||||||&#8221; header_font_size=&#8221;15px&#8221; body_font=&#8221;Montserrat|300|||||||&#8221; body_line_height=&#8221;1.8em&#8221; custom_margin=&#8221;||28px|||&#8221; global_colors_info=&#8221;{}&#8221;]<\/p>\n<ul>\n<li>Czas trwania: 2,5 h<\/li>\n<li>Cena: od 670 z\u0142<\/li>\n<\/ul>\n<p><a href=\"#\">Zam\u00f3w lub zapytaj o wolny termin<\/a><\/p>\n<p>[\/et_pb_blurb][et_pb_accordion open_toggle_text_color=&#8221;#ed1163&#8243; open_toggle_background_color=&#8221;#ededed&#8221; closed_toggle_background_color=&#8221;#ededed&#8221; _builder_version=&#8221;4.27.4&#8243; border_width_all=&#8221;0px&#8221; global_colors_info=&#8221;{}&#8221;][et_pb_accordion_item title=&#8221;Stare Pow\u0105zki &#8211; niezwyk\u0142e historie wyj\u0105tkowych ludzi&#8221; open=&#8221;on&#8221; _builder_version=&#8221;4.27.4&#8243; global_colors_info=&#8221;{}&#8221;]<\/p>\n<p style=\"line-height: 150%; margin-bottom: 0.28cm;\">Spacer wiod\u0105cy alejkami zabytkowego cmentarza, kt\u00f3ry skrywa biografie wielu niesamowitych os\u00f3b, gdzie kamie\u0144 opowiada historie.<\/p>\n<p style=\"line-height: 150%; margin-bottom: 0.28cm;\">[\/et_pb_accordion_item][\/et_pb_accordion][\/et_pb_column][et_pb_column type=&#8221;1_2&#8243; _builder_version=&#8221;4.16&#8243; custom_padding=&#8221;|||&#8221; global_colors_info=&#8221;{}&#8221; custom_padding__hover=&#8221;|||&#8221;][et_pb_blurb title=&#8221;Serwus! Idzie.my z odwag\u0105 &#8211; %22Kamienie na szaniec%22&#8243; use_icon=&#8221;on&#8221; font_icon=&#8221;&#xe081;||divi||400&#8243; icon_placement=&#8221;left&#8221; _builder_version=&#8221;4.17.6&#8243; header_font=&#8221;Montserrat|500|||||||&#8221; header_font_size=&#8221;15px&#8221; body_font=&#8221;Montserrat|300|||||||&#8221; body_line_height=&#8221;1.8em&#8221; custom_margin=&#8221;||0px||false|false&#8221; custom_padding_tablet=&#8221;&#8221; custom_padding_phone=&#8221;&#8221; custom_padding_last_edited=&#8221;on|desktop&#8221; global_colors_info=&#8221;{}&#8221;]<\/p>\n<ul>\n<li>Literatura: <em>Kamienie na szaniec<\/em> Aleksandra Kami\u0144skiego<\/li>\n<li>Czas trwania: 2,5-3 h<\/li>\n<li>Cena: od 670 z\u0142<span style=\"color: #ff00ff;\"><\/span><\/li>\n<li><a href=\"mailto:myidziemy@gmail.com\">Zam\u00f3w lub zapytaj o wolny termin<\/a><\/li>\n<\/ul>\n<p>[\/et_pb_blurb][et_pb_accordion open_toggle_text_color=&#8221;#ed1163&#8243; open_toggle_background_color=&#8221;#ededed&#8221; closed_toggle_background_color=&#8221;#ededed&#8221; _builder_version=&#8221;4.17.6&#8243; border_width_all=&#8221;0px&#8221; global_colors_info=&#8221;{}&#8221;][et_pb_accordion_item title=&#8221;Serwus! Idzie.my z odwag\u0105&#8221; open=&#8221;on&#8221; _builder_version=&#8221;4.17.6&#8243; _module_preset=&#8221;default&#8221; global_colors_info=&#8221;{}&#8221;]<\/p>\n<p><span style=\"font-weight: 400;\">Spacer, podczas kt\u00f3rego odwiedzamy miejsca zwi\u0105zane z akcj\u0105 ksi\u0105\u017cki, a Uczniowie s\u0142uchaj\u0105 opowie\u015bci i s\u0105 w\u0142\u0105czani poprzez rozmow\u0119, zadawanie pyta\u0144, odczytanie cytat\u00f3w. Literacko-varsavianistyczna pozycja obowi\u0105zkowa. Literacko-varsavianistyczna pozycja obowi\u0105zkowa.<\/span><span style=\"font-weight: 400;\"><\/span><\/p>\n<p><span style=\"font-weight: 400;\">T\u0119 wyj\u0105tkow\u0105 tras\u0119 mo\u017cemy rozszerzy\u0107 o zwiedzanie Muzeum Wi\u0119zienia Pawiak, Mauzoleum Walki i M\u0119cze\u0144stwa i\/lub Pow\u0105zki Wojskowe.<br \/><\/span><\/p>\n<p>[\/et_pb_accordion_item][\/et_pb_accordion][et_pb_blurb title=&#8221;Warszawa w podr\u00f3\u017cy&#8221; use_icon=&#8221;on&#8221; font_icon=&#8221;&#xe081;||divi||400&#8243; icon_placement=&#8221;left&#8221; _builder_version=&#8221;4.17.6&#8243; header_font=&#8221;Montserrat|500|||||||&#8221; header_font_size=&#8221;15px&#8221; body_font=&#8221;Montserrat|300|||||||&#8221; body_line_height=&#8221;1.8em&#8221; custom_margin=&#8221;||0px||false|false&#8221; global_colors_info=&#8221;{}&#8221;]<\/p>\n<ul>\n<li>Czas trwania: 2-2,5 h<\/li>\n<li>Cena: 670 z\u0142<\/li>\n<li><a href=\"mailto:myidziemy@gmail.com\">Zam\u00f3w lub zapytaj o wolny termin<\/a><\/li>\n<\/ul>\n<p>[\/et_pb_blurb][et_pb_accordion open_toggle_text_color=&#8221;#ed1163&#8243; open_toggle_background_color=&#8221;#ededed&#8221; closed_toggle_background_color=&#8221;#ededed&#8221; _builder_version=&#8221;4.16&#8243; border_width_all=&#8221;0px&#8221; global_colors_info=&#8221;{}&#8221;][et_pb_accordion_item title=&#8221;Warszawa w podr\u00f3\u017cy&#8221; open=&#8221;on&#8221; _builder_version=&#8221;4.16&#8243; global_colors_info=&#8221;{}&#8221;]<\/p>\n<p><span style=\"font-weight: 400;\">Szlak podporz\u0105dkowany motywowi podr\u00f3\u017cy. Odwiedzimy miejsce, z kt\u00f3rego odje\u017cd\u017ca\u0142 z Polski na zawsze Chopin, przejdziemy tras\u0105, kt\u00f3r\u0105 wiod\u0142a droga kr\u00f3la i przyjrzymy si\u0119 warszawskim \u015brodkom komunikacji na przestrzeni wiek\u00f3w. Spacer pozwalaj\u0105cy pozna\u0107 Warszaw\u0119 z mniej oczywistej, a niezwykle ciekawej strony i \u015bwietnie ukazuj\u0105cy jej intensywny rozw\u00f3j.\u00a0<\/span><span style=\"font-weight: 400;\">\u00a0<\/span><\/p>\n<p>[\/et_pb_accordion_item][\/et_pb_accordion][et_pb_blurb title=&#8221;Klasycyzm w Warszawie &#8211; z wizyt\u0105 u kr\u00f3la&#8221; use_icon=&#8221;on&#8221; font_icon=&#8221;&#xe081;||divi||400&#8243; icon_placement=&#8221;left&#8221; _builder_version=&#8221;4.17.6&#8243; header_font=&#8221;Montserrat|500|||||||&#8221; header_font_size=&#8221;15px&#8221; body_font=&#8221;Montserrat|300|||||||&#8221; body_line_height=&#8221;1.8em&#8221; custom_margin=&#8221;||0px||false|false&#8221; global_colors_info=&#8221;{}&#8221;]<\/p>\n<ul>\n<li>Literatura: utwory z epoki o\u015bwiecenia<\/li>\n<li>Czas trwania: 2,5-3 h<\/li>\n<li>Cena: 670 z\u0142<\/li>\n<li><a href=\"mailto:myidziemy@gmail.com\">Zam\u00f3w lub zapytaj o wolny termin<\/a><\/li>\n<\/ul>\n<p>[\/et_pb_blurb][et_pb_accordion open_toggle_text_color=&#8221;#ed1163&#8243; open_toggle_background_color=&#8221;#ededed&#8221; closed_toggle_background_color=&#8221;#ededed&#8221; _builder_version=&#8221;4.16&#8243; border_width_all=&#8221;0px&#8221; global_colors_info=&#8221;{}&#8221;][et_pb_accordion_item title=&#8221;Klasycyzm w Warszawie&#8221; open=&#8221;on&#8221; _builder_version=&#8221;4.16&#8243; global_colors_info=&#8221;{}&#8221;]<\/p>\n<p><span style=\"font-weight: 400;\">Atmosfera klasycystycznej Warszawy, zagadnienia egzaminacyjne zwi\u0105zane z epok\u0105 o\u015bwiecenia, wplecione w znane i mniej znane&#8230; a nawet cz\u0119sto ukrywane w\u0105tki z \u017cycia XVIII-wiecznych osobisto\u015bci to przepis na ciekawe zaj\u0119cia dotycz\u0105ce tre\u015bci, na kt\u00f3re w podstawie programowej przewidziano sporo miejsca. Bajki i satyry, sztuka argumentacji, retoryki czy poszukiwania ironii ukrytej w o\u015bwieceniowych utworach to niekt\u00f3re z temat\u00f3w, kt\u00f3re wsp\u00f3lnie powt\u00f3rzymy w eleganckiej scenerii klasycystycznych budowli.<\/span><span style=\"font-weight: 400;\"><\/span><\/p>\n<p>[\/et_pb_accordion_item][\/et_pb_accordion][et_pb_blurb title=&#8221;Co potrafi woda? Spacer geograficzny&#8221; use_icon=&#8221;on&#8221; font_icon=&#8221;&#xe081;||divi||400&#8243; icon_placement=&#8221;left&#8221; _builder_version=&#8221;4.17.6&#8243; header_font=&#8221;Montserrat|500|||||||&#8221; header_font_size=&#8221;15px&#8221; body_font=&#8221;Montserrat|300|||||||&#8221; body_line_height=&#8221;1.8em&#8221; custom_margin=&#8221;||0px||false|false&#8221; global_colors_info=&#8221;{}&#8221;]<\/p>\n<ul>\n<li>Spacer o procesach kszta\u0142tuj\u0105cych otaczaj\u0105c\u0105 nas przestrze\u0144<\/li>\n<li>Czas trwania: 2,5-3 h<\/li>\n<li>Cena: 670 z\u0142<\/li>\n<li><a href=\"mailto:myidziemy@gmail.com\">Zam\u00f3w lub zapytaj o wolny termin<\/a><\/li>\n<\/ul>\n<p>[\/et_pb_blurb][et_pb_accordion open_toggle_text_color=&#8221;#ed1163&#8243; open_toggle_background_color=&#8221;#ededed&#8221; closed_toggle_background_color=&#8221;#ededed&#8221; _builder_version=&#8221;4.16&#8243; border_width_all=&#8221;0px&#8221; global_colors_info=&#8221;{}&#8221;][et_pb_accordion_item title=&#8221;Co potrafi woda?&#8221; open=&#8221;on&#8221; _builder_version=&#8221;4.16&#8243; global_colors_info=&#8221;{}&#8221;]<\/p>\n<p>Najbli\u017csza okolica to przestrze\u0144 od kt\u00f3rej powinni\u015bmy zaczyna\u0107 poznawanie \u015bwiata. Nasza, miejska, jest mocno kszta\u0142towana przez cz\u0142owieka. Jednak znajdziemy tu wiele \u015blad\u00f3w dzia\u0142alno\u015bci proces\u00f3w naturalnych.<br \/>Podczas spaceru dowiemy si\u0119, jakie znaczenie ma fakt, \u017ce obszar ten w ca\u0142o\u015bci pokryty by\u0142 l\u0105dolodem. Zobaczymy, jak wiele do krajobrazu miasta wnios\u0142a Wis\u0142a, mimo \u017ce nie znajdziemy si\u0119 nad jej brzegiem. Znajdziemy \u017ar\u00f3d\u0142a, w\u0105wozy, jeziora &#8211; i to wszystko niemal w centrum miasta!<br \/>Odpowiemy na pytanie jak i kiedy postawa\u0142y napotkane formy terenu oraz zapoznamy si\u0119 z budow\u0105 geologiczn\u0105 obszaru. Poruszymy tematy m.in. z zakresu geomorfologii, hydrologii czy geoekologii.<br \/>Nie zabraknie ciekawostek, pomiar\u00f3w, do\u015bwiadcze\u0144 oraz pracy z map\u0105.<br \/>Zaj\u0119cia b\u0119d\u0105 doskona\u0142ym narz\u0119dziem do podsumowania i ugruntowania zdobytej wcze\u015bniej wiedzy jak i jej poszerzenia.<\/p>\n<p>[\/et_pb_accordion_item][\/et_pb_accordion][et_pb_blurb title=&#8221;Pow\u0105zki Wojskowe &#8211; piechot\u0105 przez histori\u0119&#8221; use_icon=&#8221;on&#8221; font_icon=&#8221;&#xe081;||divi||400&#8243; icon_placement=&#8221;left&#8221; _builder_version=&#8221;4.27.4&#8243; header_font=&#8221;Montserrat|500|||||||&#8221; header_font_size=&#8221;15px&#8221; body_font=&#8221;Montserrat|300|||||||&#8221; body_line_height=&#8221;1.8em&#8221; custom_margin=&#8221;||28px|||&#8221; global_colors_info=&#8221;{}&#8221;]<\/p>\n<ul>\n<li>Czas trwania: 2,5 h<\/li>\n<li>Cena: od 670 z\u0142<\/li>\n<\/ul>\n<p><a href=\"#\">Zam\u00f3w lub zapytaj o wolny termin<\/a><\/p>\n<p>[\/et_pb_blurb][et_pb_accordion open_toggle_text_color=&#8221;#ed1163&#8243; open_toggle_background_color=&#8221;#ededed&#8221; closed_toggle_background_color=&#8221;#ededed&#8221; _builder_version=&#8221;4.27.4&#8243; border_width_all=&#8221;0px&#8221; global_colors_info=&#8221;{}&#8221;][et_pb_accordion_item title=&#8221;Pow\u0105zki Wojskowe &#8211; piechot\u0105 przez histori\u0119&#8221; open=&#8221;on&#8221; _builder_version=&#8221;4.27.4&#8243; global_colors_info=&#8221;{}&#8221;]<\/p>\n<p style=\"line-height: 150%; margin-bottom: 0.28cm;\">\u015acie\u017cka prowadz\u0105ca przez meandry polskiej historii \u2013 nie tylko tej zwi\u0105zanej z kombatantami.<\/p>\n<p style=\"line-height: 108%; margin-bottom: 0.28cm;\">[\/et_pb_accordion_item][\/et_pb_accordion][\/et_pb_column][\/et_pb_row][\/et_pb_section][et_pb_section fb_built=&#8221;1&#8243; admin_label=&#8221;Events&#8221; _builder_version=&#8221;4.16&#8243; custom_margin=&#8221;-10vw||||false|false&#8221; custom_padding=&#8221;0px||5px|||&#8221; locked=&#8221;off&#8221; global_colors_info=&#8221;{}&#8221;][et_pb_row _builder_version=&#8221;4.16&#8243; global_colors_info=&#8221;{}&#8221;][et_pb_column type=&#8221;4_4&#8243; _builder_version=&#8221;4.16&#8243; global_colors_info=&#8221;{}&#8221;][et_pb_text module_id=&#8221;grymiejskie&#8221; _builder_version=&#8221;4.16&#8243; text_font=&#8221;Literata||||||||&#8221; header_font=&#8221;Literata||||||||&#8221; custom_margin=&#8221;||||false|false&#8221; global_colors_info=&#8221;{}&#8221;]<\/p>\n<h1>Gry miejskie i terenowe<\/h1>\n<p>Wiele gier, <strong>po wcze\u015bniejszych ustaleniach<\/strong>, mo\u017cemy zrealizowa\u0107 poza przeznaczon\u0105 im przestrzeni\u0105 miejsk\u0105 &#8211; na terenie plac\u00f3wki lub w miejscu znajduj\u0105cym si\u0119 w jej pobli\u017cu (np. w zaprzyja\u017anionym parku).<\/p>\n<p>[\/et_pb_text][\/et_pb_column][\/et_pb_row][et_pb_row column_structure=&#8221;1_2,1_2&#8243; _builder_version=&#8221;4.16&#8243; module_alignment=&#8221;center&#8221; custom_margin=&#8221;|||&#8221; custom_margin_tablet=&#8221;0px|||&#8221; custom_margin_phone=&#8221;0px|||&#8221; custom_margin_last_edited=&#8221;off|desktop&#8221; custom_padding=&#8221;|||&#8221; saved_tabs=&#8221;all&#8221; global_colors_info=&#8221;{}&#8221;][et_pb_column type=&#8221;1_2&#8243; _builder_version=&#8221;4.16&#8243; background_color_gradient_direction=&#8221;35deg&#8221; custom_padding=&#8221;|||&#8221; custom_padding_tablet=&#8221;|0px||&#8221; custom_padding_last_edited=&#8221;off|desktop&#8221; global_colors_info=&#8221;{}&#8221; padding_tablet=&#8221;|0px||&#8221; padding_last_edited=&#8221;off|desktop&#8221; custom_padding__hover=&#8221;|||&#8221;][et_pb_blurb title=&#8221;Lekturiada &#8211; trening przed egzaminem \u00f3smoklasisty!&#8221; use_icon=&#8221;on&#8221; font_icon=&#8221;&#xe081;||divi||400&#8243; icon_placement=&#8221;left&#8221; _builder_version=&#8221;4.16&#8243; header_font=&#8221;Montserrat|500|||||||&#8221; header_font_size=&#8221;15px&#8221; body_font=&#8221;Montserrat|300|||||||&#8221; body_line_height=&#8221;1.8em&#8221; custom_margin=&#8221;||0px||false|false&#8221; global_colors_info=&#8221;{}&#8221;]<\/p>\n<ul>\n<li>Dla uczni\u00f3w klas 8<\/li>\n<li>Czas trwania: 3-3,5 h<\/li>\n<li>Cena: 48 z\u0142\/os. (przy min. 25 os.)<\/li>\n<li><a href=\"mailto:myidziemy@gmail.com\">Zam\u00f3w lub zapytaj o wolny termin<\/a><\/li>\n<\/ul>\n<p>[\/et_pb_blurb][et_pb_accordion open_toggle_text_color=&#8221;#ed1163&#8243; open_toggle_background_color=&#8221;#ededed&#8221; closed_toggle_background_color=&#8221;#ededed&#8221; _builder_version=&#8221;4.16&#8243; border_width_all=&#8221;0px&#8221; global_colors_info=&#8221;{}&#8221;][et_pb_accordion_item title=&#8221;Lekturiada&#8221; open=&#8221;on&#8221; _builder_version=&#8221;4.16&#8243; global_colors_info=&#8221;{}&#8221;]<\/p>\n<p><span style=\"font-weight: 400;\">Gra miejska, kt\u00f3rej celem jest utrwalenie wiadomo\u015bci i umiej\u0119tno\u015bci przed egzaminem \u00f3smoklasisty.<br \/>Wiedza na temat lektur podana w przyst\u0119pnej formule zada\u0144 terenowych, kt\u00f3rych rozwi\u0105zanie wymaga zar\u00f3wno kreatywno\u015bci i wsp\u00f3\u0142pracy w grupie, jak i si\u0119gni\u0119cia po typowo egzaminacyjne umiej\u0119tno\u015bci kluczowe.<br \/>Zaj\u0119cia pozwalaj\u0105ce uczniom poprzez trening wiedzy po\u0142\u0105czony z rado\u015bci\u0105 zabawy osi\u0105gn\u0105\u0107 mistrzostwo na egzaminie.<br \/><\/span><\/p>\n<p>[\/et_pb_accordion_item][\/et_pb_accordion][et_pb_blurb title=&#8221;Wehiku\u0142 zabaw&#8221; use_icon=&#8221;on&#8221; font_icon=&#8221;&#xe081;||divi||400&#8243; icon_placement=&#8221;left&#8221; _builder_version=&#8221;4.17.6&#8243; header_font=&#8221;Montserrat|500|||||||&#8221; header_font_size=&#8221;15px&#8221; body_font=&#8221;Montserrat|300|||||||&#8221; body_line_height=&#8221;1.8em&#8221; custom_margin=&#8221;||0px||false|false&#8221; global_colors_info=&#8221;{}&#8221;]<\/p>\n<ul>\n<li>Czas trwania: 2-2,5 h<\/li>\n<li>Cena: od 48 z\u0142\/os.<\/li>\n<li><strong><img decoding=\"async\" loading=\"lazy\" src=\"https:\/\/myidziemy.pl\/wp-content\/uploads\/2020\/01\/zajecia-w-szkole.png\" alt=\"\" class=\"wp-image-131 alignnone size-full\" style=\"float: left;\" width=\"21\" height=\"23\" \/><\/strong><span style=\"color: #000000;\">\u00a0<span style=\"color: #808080;\"><strong> mo\u017cliwo\u015b\u0107 realizacji w formie warsztatu w plac\u00f3wce<\/strong><\/span><\/span><\/li>\n<li><a href=\"mailto:myidziemy@gmail.com\">Zam\u00f3w lub zapytaj o wolny termin<\/a><\/li>\n<\/ul>\n<p>[\/et_pb_blurb][et_pb_accordion open_toggle_text_color=&#8221;#ed1163&#8243; open_toggle_background_color=&#8221;#ededed&#8221; closed_toggle_background_color=&#8221;#ededed&#8221; _builder_version=&#8221;4.16&#8243; border_width_all=&#8221;0px&#8221; global_colors_info=&#8221;{}&#8221;][et_pb_accordion_item title=&#8221;Wehiku\u0142 zabaw&#8221; open=&#8221;on&#8221; _builder_version=&#8221;4.16&#8243; global_colors_info=&#8221;{}&#8221;]<\/p>\n<p><span style=\"font-weight: 400;\"><\/span><span style=\"font-weight: 400;\">Gry i zabawy przedwojennej i powojennej Warszawy stanowi\u0105 o\u015b kompozycyjn\u0105 \u201eWehiku\u0142u\u201d. To gra, kt\u00f3ra doskonale sprawdzi si\u0119 jako aktywno\u015b\u0107 integruj\u0105ca klas\u0119, ucz\u0105ca wsp\u00f3\u0142dzia\u0142ania i uwa\u017cno\u015bci na drugiego cz\u0142owieka. Po\u0142\u0105czenie analogowo\u015bci i aktywno\u015bci w formie zaskakuj\u0105cych oraz zabawnych zada\u0144 skutecznie przywraca w oczach dzieci atrakcyjno\u015b\u0107 innym ni\u017c internetowe sposobom sp\u0119dzania czasu. Doskona\u0142y spos\u00f3b na wej\u015bcie w nowy rok szkolny lub zako\u0144czenie \u201cstarego\u201d.<\/span><\/p>\n<p>[\/et_pb_accordion_item][\/et_pb_accordion][et_pb_blurb title=&#8221;Na Placu Broni&#8221; use_icon=&#8221;on&#8221; font_icon=&#8221;&#xe081;||divi||400&#8243; icon_placement=&#8221;left&#8221; _builder_version=&#8221;4.17.6&#8243; header_font=&#8221;Montserrat|500|||||||&#8221; header_font_size=&#8221;15px&#8221; body_font=&#8221;Montserrat|300|||||||&#8221; body_line_height=&#8221;1.8em&#8221; custom_margin=&#8221;||0px||false|false&#8221; custom_padding_tablet=&#8221;&#8221; custom_padding_phone=&#8221;&#8221; custom_padding_last_edited=&#8221;on|desktop&#8221; global_colors_info=&#8221;{}&#8221;]<\/p>\n<ul>\n<li>Literatura: <em>Ch\u0142opcy z Placu Broni<\/em> <span data-ved=\"2ahUKEwjC_IKHz9TyAhWZ_rsIHQYZCzQQ2kooAjAfegQIQxAM\">Ferenca Moln\u00e1ra<\/span><\/li>\n<li>Czas trwania: 2-2,5 h<\/li>\n<li>Cena: od 48 z\u0142\/os.<span style=\"color: #ff00ff;\"><\/span><\/li>\n<li><strong><img decoding=\"async\" loading=\"lazy\" src=\"https:\/\/myidziemy.pl\/wp-content\/uploads\/2020\/01\/zajecia-w-szkole.png\" alt=\"\" class=\"wp-image-131 alignnone size-full\" style=\"float: left;\" width=\"21\" height=\"23\" \/><\/strong><span style=\"color: #000000;\">\u00a0<span style=\"color: #808080;\"><strong> mo\u017cliwo\u015b\u0107 realizacji w formie warsztatu w plac\u00f3wce<\/strong><\/span><\/span><\/li>\n<li><a href=\"mailto:myidziemy@gmail.com\">Zam\u00f3w lub zapytaj o wolny termin<\/a><\/li>\n<\/ul>\n<p>[\/et_pb_blurb][et_pb_accordion open_toggle_text_color=&#8221;#ed1163&#8243; open_toggle_background_color=&#8221;#ededed&#8221; closed_toggle_background_color=&#8221;#ededed&#8221; _builder_version=&#8221;4.16&#8243; border_width_all=&#8221;0px&#8221; global_colors_info=&#8221;{}&#8221;][et_pb_accordion_item title=&#8221;Na Placu Broni&#8221; open=&#8221;on&#8221; _builder_version=&#8221;4.16&#8243; _module_preset=&#8221;default&#8221; global_colors_info=&#8221;{}&#8221;]<\/p>\n<p><span style=\"font-weight: 400;\">Gra odwo\u0142uj\u0105ca si\u0119 do utworu \u201cCh\u0142opcy z Placu Broni\u201d, w kt\u00f3rej uczestnicy <\/span><span style=\"font-weight: 400;\">wsp\u00f3\u0142zawodnicz\u0105, lecz tak\u017ce \u2013 a mo\u017ce przede wszystkim \u2013 <\/span><strong>wsp\u00f3\u0142dzia\u0142aj\u0105<\/strong><span style=\"font-weight: 400;\"><strong>. <\/strong>Zadania stworzone\u00a0 w oparciu o fabu\u0142\u0119 ksi\u0105\u017cki i jej problematyk\u0119 s\u0105 tak skonstruowane, by dru\u017cyny oraz ca\u0142a klasa \u2013 w zale\u017cno\u015bci od zadania i adekwatnego podzia\u0142u \u2013 wsp\u00f3\u0142pracowa\u0142y. Zaj\u0119cia u\u015bwiadamiaj\u0105 uczniom wyj\u0105tkowo\u015b\u0107 symbolu w \u015bwiadomo\u015bci ludzkiej, utrwalaj\u0105 to poj\u0119cie i pozwalaj\u0105 na kreatywno\u015b\u0107 w tym zakresie. Doskona\u0142a forma zaj\u0119\u0107 dla tych klas, kt\u00f3re kochaj\u0105 ruch, i tych, kt\u00f3re warto do niego zach\u0119ci\u0107.<\/span><\/p>\n<p>[\/et_pb_accordion_item][\/et_pb_accordion][et_pb_blurb title=&#8221;Tam i z powrotem&#8221; use_icon=&#8221;on&#8221; font_icon=&#8221;&#xe081;||divi||400&#8243; icon_placement=&#8221;left&#8221; _builder_version=&#8221;4.17.6&#8243; header_font=&#8221;Montserrat|500|||||||&#8221; header_font_size=&#8221;15px&#8221; body_font=&#8221;Montserrat|300|||||||&#8221; body_line_height=&#8221;1.8em&#8221; custom_margin=&#8221;||0px||false|false&#8221; global_colors_info=&#8221;{}&#8221;]<\/p>\n<ul>\n<li>Literatura: <em>Hobbit<\/em> J.R.R. Tolkiena<\/li>\n<li>Czas trwania: 2-2,5 h<\/li>\n<li>Cena: od 48 z\u0142\/os.<span style=\"color: #ff00ff;\"><\/span><\/li>\n<li><strong><img decoding=\"async\" loading=\"lazy\" src=\"https:\/\/myidziemy.pl\/wp-content\/uploads\/2020\/01\/zajecia-w-szkole.png\" alt=\"\" class=\"wp-image-131 alignnone size-full\" style=\"float: left;\" width=\"21\" height=\"23\" \/><\/strong><span style=\"color: #000000;\">\u00a0<span style=\"color: #808080;\"><strong> mo\u017cliwo\u015b\u0107 realizacji w formie warsztatu w plac\u00f3wce<\/strong><\/span><\/span><\/li>\n<li><a href=\"mailto:myidziemy@gmail.com\">Zam\u00f3w lub zapytaj o wolny termin<\/a><\/li>\n<\/ul>\n<p>[\/et_pb_blurb][et_pb_accordion open_toggle_text_color=&#8221;#ed1163&#8243; open_toggle_background_color=&#8221;#ededed&#8221; closed_toggle_background_color=&#8221;#ededed&#8221; _builder_version=&#8221;4.16&#8243; border_width_all=&#8221;0px&#8221; global_colors_info=&#8221;{}&#8221;][et_pb_accordion_item title=&#8221;Tam i z powrotem&#8221; open=&#8221;on&#8221; _builder_version=&#8221;4.16&#8243; global_colors_info=&#8221;{}&#8221;]<\/p>\n<p><span style=\"font-weight: 400;\">Zaj\u0119cia (w formie warsztat\u00f3w lub gry miejskiej) z lektur\u0105 daj\u0105 uczniom szans\u0119 nie tylko na utrwalenie wiadomo\u015bci na temat lektury, lecz tak\u017ce na refleksj\u0119 nad wyznawanym systemem warto\u015bci. Rozwi\u0105zuj\u0105c zagadki Golluma, tropi\u0105c sensy i emocje kryj\u0105ce si\u0119 w s\u0142owach, Uczniowie b\u0119d\u0105 mogli zrozumie\u0107 zagadnienie j\u0119zykowego obrazu \u015bwiata. Tolkienowskiego \u015bwiata, kt\u00f3ry pomimo swojej fantastycznej natury jest \u201etu\u201d i \u201eteraz\u201d, a nie \u201enigdzie\u201d i \u201enigdy\u201d. Motyw homo viator stanowi\u0105cy dominant\u0119 kompozycyjn\u0105 fabu\u0142y, stanowi r\u00f3wnie\u017c dominant\u0119 zaj\u0119\u0107. Przygodowa formu\u0142a grywalizacji, oparta na pokonywaniu kolejnych etap\u00f3w podr\u00f3\u017cy uczniowskiego \u015bwiata, zapewnia wiele zabawy, emocji i okazji do \u0107wiczenia umiej\u0119tno\u015bci wymaganych na egzaminie \u00f3smoklasisty.<\/span><\/p>\n<p>[\/et_pb_accordion_item][\/et_pb_accordion][et_pb_blurb title=&#8221;Serwus! Idzie.my z odwag\u0105 &#8211; %22Kamienie na szaniec%22&#8243; use_icon=&#8221;on&#8221; font_icon=&#8221;&#xe081;||divi||400&#8243; icon_placement=&#8221;left&#8221; _builder_version=&#8221;4.17.6&#8243; header_font=&#8221;Montserrat|500|||||||&#8221; header_font_size=&#8221;15px&#8221; body_font=&#8221;Montserrat|300|||||||&#8221; body_line_height=&#8221;1.8em&#8221; custom_margin=&#8221;||0px||false|false&#8221; custom_padding_tablet=&#8221;&#8221; custom_padding_phone=&#8221;&#8221; custom_padding_last_edited=&#8221;on|desktop&#8221; global_colors_info=&#8221;{}&#8221;]<\/p>\n<ul>\n<li>Literatura: <em>Kamienie na szaniec<\/em> Aleksandra Kami\u0144skiego<\/li>\n<li>Czas trwania: 2,5-3 h<\/li>\n<li>Cena: od 48 z\u0142\/os.<span style=\"color: #ff00ff;\"><\/span><\/li>\n<li><span style=\"color: #000000;\"><span style=\"color: #808080;\"><strong><img loading=\"lazy\" decoding=\"async\" src=\"https:\/\/myidziemy.pl\/wp-content\/uploads\/2020\/01\/spacer.png\" alt=\"\" class=\"wp-image-107 alignnone size-full\" width=\"19\" height=\"20\" \/>mo\u017cliwo\u015b\u0107 realizacji w formie spaceru<\/strong><\/span><\/span><\/li>\n<li><a href=\"mailto:myidziemy@gmail.com\">Zam\u00f3w lub zapytaj o wolny termin<\/a><\/li>\n<\/ul>\n<p>[\/et_pb_blurb][et_pb_accordion open_toggle_text_color=&#8221;#ed1163&#8243; open_toggle_background_color=&#8221;#ededed&#8221; closed_toggle_background_color=&#8221;#ededed&#8221; _builder_version=&#8221;4.16&#8243; border_width_all=&#8221;0px&#8221; global_colors_info=&#8221;{}&#8221;][et_pb_accordion_item title=&#8221;Serwus! Idzie.my z odwag\u0105&#8221; open=&#8221;on&#8221; _builder_version=&#8221;4.16&#8243; _module_preset=&#8221;default&#8221; global_colors_info=&#8221;{}&#8221;]<\/p>\n<p><span style=\"font-weight: 400;\">Gra tropem \u201eKamieni na szaniec\u201d to sta\u0142y punkt na mapie Idzie.my. Zadania rodem z kart powie\u015bci i autentyczne propagandowe materia\u0142y to tylko namiastka tego, co dzieje si\u0119 podczas zaj\u0119\u0107. Uczestnicy musz\u0105 dokona\u0107 akcji Ma\u0142ego Sabota\u017cu i wykaza\u0107\u00a0 si\u0119 opanowaniem oraz hartem ducha. Gra uwielbiana przez Uczni\u00f3w i ciesz\u0105ca si\u0119 uznaniem w\u015br\u00f3d nauczycieli, doskonale ugruntowuje wiedz\u0119 na temat lektury, stwarza mo\u017cliwo\u015bci do \u0107wiczenia umiej\u0119tno\u015bci wymaganych na egzaminie i pozwala zapomnie\u0107 o \u0142atwi\u017anie wsp\u00f3\u0142czesnego \u015bwiata, na rzecz zapa\u0142u, m\u0105drych g\u0142\u00f3w i szybkich n\u00f3g. Literacko-varsavianistyczna pozycja obowi\u0105zkowa.<\/span><\/p>\n<p><span style=\"font-weight: 400;\">Zaj\u0119cia mo\u017cemy rozszerzy\u0107 o zwiedzanie Muzeum Wi\u0119zienia Pawiak, Mauzoleum Walki i M\u0119cze\u0144stwa i\/lub Pow\u0105zki Wojskowe.<\/span><\/p>\n<p>[\/et_pb_accordion_item][\/et_pb_accordion][\/et_pb_column][et_pb_column type=&#8221;1_2&#8243; _builder_version=&#8221;4.16&#8243; custom_padding=&#8221;|||&#8221; global_colors_info=&#8221;{}&#8221; custom_padding__hover=&#8221;|||&#8221;][et_pb_blurb title=&#8221;Tajemnice warszawskiej Star\u00f3wki&#8221; use_icon=&#8221;on&#8221; font_icon=&#8221;&#xe081;||divi||400&#8243; icon_placement=&#8221;left&#8221; _builder_version=&#8221;4.23.4&#8243; header_font=&#8221;Montserrat|500|||||||&#8221; header_font_size=&#8221;15px&#8221; body_font=&#8221;Montserrat|300|||||||&#8221; body_line_height=&#8221;1.8em&#8221; custom_margin=&#8221;||0px||false|false&#8221; global_colors_info=&#8221;{}&#8221;]<\/p>\n<ul>\n<li>Czas trwania: 2-2,5 h<\/li>\n<li>Cena: od 48 z\u0142\/os.<\/li>\n<li><a href=\"mailto:myidziemy@gmail.com\">Zam\u00f3w lub zapytaj o wolny termin<\/a><\/li>\n<\/ul>\n<p>[\/et_pb_blurb][et_pb_accordion open_toggle_text_color=&#8221;#ed1163&#8243; open_toggle_background_color=&#8221;#ededed&#8221; closed_toggle_background_color=&#8221;#ededed&#8221; _builder_version=&#8221;4.23.4&#8243; border_width_all=&#8221;0px&#8221; global_colors_info=&#8221;{}&#8221;][et_pb_accordion_item title=&#8221;Tajemnice warszawskiej Star\u00f3wki&#8221; open=&#8221;on&#8221; _builder_version=&#8221;4.23.4&#8243; global_colors_info=&#8221;{}&#8221;]<\/p>\n<p><span style=\"font-weight: 400;\">Tajemnice&#8230; to dopasowana do wieku uczestnik\u00f3w, wci\u0105gaj\u0105ca gra miejska, podczas kt\u00f3rej Uczniowie poznaj\u0105 Stare Miasto w anga\u017cuj\u0105cy, daj\u0105cy poczucie sprawczo\u015bci spos\u00f3b. Opieraj\u0105c si\u0119 na naszym pedagogicznym do\u015bwiadczeniu i varsavianistycznej wiedzy, stworzyli\u015bmy zaj\u0119cia o r\u00f3\u017cnych poziomach trudno\u015bci. Dzi\u0119ki temu tajemnice Star\u00f3wki mog\u0105 odkrywa\u0107 nawet najm\u0142odsi Uczniowie z klas 1-3. R\u00f3wnie\u017c Uczniowie klas 4-6, 7-8 oraz liceali\u015bci mog\u0105 liczy\u0107 na adekwatn\u0105 do wieku edukacyjn\u0105 przygod\u0119 stopniowo zwi\u0119kszaj\u0105c\u0105 poziom samodzielno\u015bci zada\u0144. <\/span><\/p>\n<p><span style=\"font-weight: 400;\">Tajemnice warszawskiej Star\u00f3wki to pozycja obowi\u0105zkowa dla wszystkich grup chc\u0105cych pozna\u0107 histori\u0119 stolicy oraz aktywizowa\u0107 uczni\u00f3w, by kszta\u0142cili umiej\u0119tno\u015bci takie jak analityczne i krytyczne my\u015blenie, wnioskowanie, uwa\u017cno\u015b\u0107 i sprawczo\u015b\u0107. Na trasie gry pojawiaj\u0105 si\u0119 zar\u00f3wno znane symbole Warszawy takie jak Kolumna Zygmunta, Zamek Kr\u00f3lewski czy pomnik Syrenki, jak i mniej znane urocze zak\u0105tki Starego Miasta, kt\u00f3re pozwalaj\u0105 zdoby\u0107 o nim wi\u0119ksz\u0105 wiedz\u0119. Gra koresponduje z tematem \u201eBajek i legend warszawskich\u201d i wspaniale sprawdzi si\u0119 r\u00f3wnie\u017c jako spos\u00f3b na realizacj\u0119 tego tematu. W celu om\u00f3wienia szczeg\u00f3\u0142\u00f3w zaj\u0119\u0107 dla konkretnej grupy prosimy o kontakt mailowy.<\/span><\/p>\n<p>[\/et_pb_accordion_item][\/et_pb_accordion][et_pb_blurb title=&#8221;\u015aladami W\u0142\u00f3czykija&#8221; use_icon=&#8221;on&#8221; font_icon=&#8221;&#xe081;||divi||400&#8243; icon_placement=&#8221;left&#8221; disabled_on=&#8221;on|on|on&#8221; _builder_version=&#8221;4.17.6&#8243; header_font=&#8221;Montserrat|500|||||||&#8221; header_font_size=&#8221;15px&#8221; body_font=&#8221;Montserrat|300|||||||&#8221; body_line_height=&#8221;1.8em&#8221; custom_margin=&#8221;||0px||false|false&#8221; disabled=&#8221;on&#8221; global_colors_info=&#8221;{}&#8221;]<\/p>\n<ul>\n<li>Czas trwania: 2,5-3 h<\/li>\n<li>Cena: od 48 z\u0142\/os.<\/li>\n<li><strong>gra przyrodnicza<\/strong> <strong>dla klas 4-6<\/strong><\/li>\n<li><a href=\"mailto:myidziemy@gmail.com\">Zam\u00f3w lub zapytaj o wolny termin<\/a><\/li>\n<\/ul>\n<p>[\/et_pb_blurb][et_pb_accordion open_toggle_text_color=&#8221;#ed1163&#8243; open_toggle_background_color=&#8221;#ededed&#8221; closed_toggle_background_color=&#8221;#ededed&#8221; disabled_on=&#8221;on|on|on&#8221; _builder_version=&#8221;4.16&#8243; border_width_all=&#8221;0px&#8221; disabled=&#8221;on&#8221; global_colors_info=&#8221;{}&#8221;][et_pb_accordion_item title=&#8221;\u015aladami W\u0142\u00f3czykija&#8221; open=&#8221;on&#8221; _builder_version=&#8221;4.16&#8243; global_colors_info=&#8221;{}&#8221;]<\/p>\n<p><span style=\"font-weight: 400;\">Gra terenowa, podczas kt\u00f3rej uczestnicy wejd\u0105 w \u015bwiat parkowej przygody. Za przyk\u0142adem W\u0142\u00f3czykija b\u0119d\u0105 w\u0119drowa\u0107, zdobywaj\u0105c wiedz\u0119 i umiej\u0119tno\u015bci. Poznaj\u0105 tajemnice powstawania r\u00f3\u017cnych form terenu, jezior i \u017ar\u00f3de\u0142. Naucz\u0105 si\u0119 rozpoznawa\u0107 drzewa. Dowiedz\u0105 si\u0119, jakie dzikie zwierz\u0119ta mo\u017cna spotka\u0107 w warszawskich parkach oraz jak mo\u017cna je wytropi\u0107. Przy okazji po\u0107wicz\u0105 orientacj\u0119 w terenie oraz czytanie mapy topogaficznej. Zadania, z kt\u00f3rymi si\u0119 zmierz\u0105, wymaga\u0107 b\u0119d\u0105 wsp\u00f3\u0142pracy i kreatywno\u015bci.<\/span><span style=\"font-weight: 400;\"><\/span><\/p>\n<p>[\/et_pb_accordion_item][\/et_pb_accordion][et_pb_blurb title=&#8221;Si\u00f3dma wspania\u0142a&#8221; use_icon=&#8221;on&#8221; font_icon=&#8221;&#xe081;||divi||400&#8243; icon_placement=&#8221;left&#8221; _builder_version=&#8221;4.17.6&#8243; header_font=&#8221;Montserrat|500|||||||&#8221; header_font_size=&#8221;15px&#8221; body_font=&#8221;Montserrat|300|||||||&#8221; body_line_height=&#8221;1.8em&#8221; custom_margin=&#8221;||0px||false|false&#8221; global_colors_info=&#8221;{}&#8221;]<\/p>\n<ul>\n<li>Czas trwania: 2-2,5 h<\/li>\n<li>Cena: od 48 z\u0142\/os.<\/li>\n<li><strong><img decoding=\"async\" loading=\"lazy\" src=\"https:\/\/myidziemy.pl\/wp-content\/uploads\/2020\/01\/zajecia-w-szkole.png\" alt=\"\" class=\"wp-image-131 alignnone size-full\" style=\"float: left;\" width=\"21\" height=\"23\" \/><\/strong><span style=\"color: #000000;\">\u00a0<span style=\"color: #808080;\"><strong> mo\u017cliwo\u015b\u0107 realizacji w formie warsztatu w plac\u00f3wce<\/strong><\/span><\/span><\/li>\n<li><a href=\"mailto:myidziemy@gmail.com\">Zam\u00f3w lub zapytaj o wolny termin<\/a><\/li>\n<\/ul>\n<p>[\/et_pb_blurb][et_pb_accordion open_toggle_text_color=&#8221;#ed1163&#8243; open_toggle_background_color=&#8221;#ededed&#8221; closed_toggle_background_color=&#8221;#ededed&#8221; _builder_version=&#8221;4.16&#8243; border_width_all=&#8221;0px&#8221; global_colors_info=&#8221;{}&#8221;][et_pb_accordion_item title=&#8221;Si\u00f3dma wspania\u0142a&#8221; open=&#8221;on&#8221; _builder_version=&#8221;4.16&#8243; global_colors_info=&#8221;{}&#8221;]<\/p>\n<p><span style=\"font-weight: 400;\">Gra stanowi\u0105ca odpowied\u017a na potrzeby klasy 7. szko\u0142y podstawowej. Cho\u0107 samych odpowiedzi do tajemniczych zada\u0144 b\u0119d\u0105 poszukiwa\u0107 Uczestnicy, gra pozwala utrwali\u0107 umiej\u0119tno\u015bci wymagane na egzaminie \u00f3smoklasisty, powt\u00f3rzy\u0107 najwa\u017cniejsze motywy literackie i kulturowe adekwatne dla tego etapu edukacyjnego oraz wykaza\u0107 si\u0119 du\u017c\u0105 doz\u0105 kreatywno\u015bci. <\/span><span style=\"font-weight: 400;\">Przygodowa formu\u0142a grywalizacji zapewnia wiele zabawy, emocji i okazji do aktywnego wykorzystywania wiedzy zdobywanej podczas lekcji j\u0119zyka polskiego<\/span><\/p>\n<p>[\/et_pb_accordion_item][\/et_pb_accordion][et_pb_blurb title=&#8221;Klasa w kulturalnej ekstraklasie&#8221; use_icon=&#8221;on&#8221; font_icon=&#8221;&#xe081;||divi||400&#8243; icon_placement=&#8221;left&#8221; _builder_version=&#8221;4.17.6&#8243; header_font=&#8221;Montserrat|500|||||||&#8221; header_font_size=&#8221;15px&#8221; body_font=&#8221;Montserrat|300|||||||&#8221; body_line_height=&#8221;1.8em&#8221; custom_margin=&#8221;||0px||false|false&#8221; global_colors_info=&#8221;{}&#8221;]<\/p>\n<ul>\n<li>Czas trwania: 2,5-3 h<\/li>\n<li>Cena: od 48 z\u0142\/os.<\/li>\n<li><a href=\"mailto:myidziemy@gmail.com\">Zam\u00f3w lub zapytaj o wolny termin<\/a><\/li>\n<\/ul>\n<p>[\/et_pb_blurb][et_pb_accordion open_toggle_text_color=&#8221;#ed1163&#8243; open_toggle_background_color=&#8221;#ededed&#8221; closed_toggle_background_color=&#8221;#ededed&#8221; _builder_version=&#8221;4.16&#8243; border_width_all=&#8221;0px&#8221; global_colors_info=&#8221;{}&#8221;][et_pb_accordion_item title=&#8221;Klasa w kulturalnej ekstraklasie&#8221; open=&#8221;on&#8221; _builder_version=&#8221;4.16&#8243; global_colors_info=&#8221;{}&#8221;]<\/p>\n<p><span style=\"font-weight: 400;\">Gra terenowa z elementami oprowadzania w \u0141azienkach Kr\u00f3lewskich. Du\u017ca porcja polskiej, wybitnie kulturalnej, historii i jeszcze wi\u0119ksza dawka wiedzy polonistycznej daj\u0105 wiele okazji do \u0107wiczenia kluczowych umiej\u0119tno\u015bci sprawdzanych na egzaminie \u00f3smoklasisty. Do tego zobaczenie i poznanie kultowych obiekt\u00f3w architektonicznych, ale przede wszystkim \u017cywio\u0142owa zabawa w ogniu zespo\u0142owego dzia\u0142ania czekaj\u0105 na klasy chc\u0105ce przyst\u0105pi\u0107 do kulturalnej ekstraklasy.\u00a0<\/span><\/p>\n<p>[\/et_pb_accordion_item][\/et_pb_accordion][et_pb_blurb title=&#8221;Idzie.my w miasto&#8221; use_icon=&#8221;on&#8221; font_icon=&#8221;&#xe081;||divi||400&#8243; icon_placement=&#8221;left&#8221; _builder_version=&#8221;4.17.6&#8243; header_font=&#8221;Montserrat|500|||||||&#8221; header_font_size=&#8221;15px&#8221; body_font=&#8221;Montserrat|300|||||||&#8221; body_line_height=&#8221;1.8em&#8221; custom_margin=&#8221;||0px||false|false&#8221; global_colors_info=&#8221;{}&#8221;]<\/p>\n<ul>\n<li>Czas trwania: 2,5-3 h<\/li>\n<li>Cena: od 48 z\u0142\/os.<\/li>\n<li><a href=\"mailto:myidziemy@gmail.com\">Zam\u00f3w lub zapytaj o wolny termin<\/a><\/li>\n<\/ul>\n<p>[\/et_pb_blurb][et_pb_accordion open_toggle_text_color=&#8221;#ed1163&#8243; open_toggle_background_color=&#8221;#ededed&#8221; closed_toggle_background_color=&#8221;#ededed&#8221; _builder_version=&#8221;4.16&#8243; border_width_all=&#8221;0px&#8221; global_colors_info=&#8221;{}&#8221;][et_pb_accordion_item title=&#8221;Idzie.my w miasto&#8221; open=&#8221;on&#8221; _builder_version=&#8221;4.16&#8243; global_colors_info=&#8221;{}&#8221;]<\/p>\n<p>\u201eIdzie.my w miasto\u201d to gra terenowa w ekologicznym duchu zero waste, dedykowana klasom 5-6 szko\u0142y podstawowej. Zachwyt nad przyrod\u0105 w literaturze od antyku po czasy wsp\u00f3\u0142czesne oraz niezb\u0119dna obecnie troska o \u015brodowisko tworz\u0105 dominant\u0119 kompozycyjn\u0105 zaj\u0119\u0107. Podczas gry Uczniowie b\u0119d\u0105 mieli okazj\u0119 troch\u0119 si\u0119 zm\u0119czy\u0107 i nieco pobrudzi\u0107 ;), ale tak\u017ce po\u0107wiczy\u0107 prac\u0119 z tekstem literackim oraz utrwali\u0107 formy wypowiedzi wymagane na egzaminie \u00f3smoklasisty. Przygodowa formu\u0142a grywalizacji zapewnia wiele zabawy, emocji i okazji do aktywnego wykorzystywania wiedzy zdobywanej podczas lekcji j\u0119zyka polskiego.<\/p>\n<p>[\/et_pb_accordion_item][\/et_pb_accordion][\/et_pb_column][\/et_pb_row][\/et_pb_section][et_pb_section fb_built=&#8221;1&#8243; admin_label=&#8221;Events&#8221; _builder_version=&#8221;4.23.4&#8243; custom_margin=&#8221;||||false|false&#8221; custom_padding=&#8221;3px|||||&#8221; locked=&#8221;off&#8221; global_colors_info=&#8221;{}&#8221;][et_pb_row module_id=&#8221;warsztaty&#8221; _builder_version=&#8221;4.16&#8243; global_colors_info=&#8221;{}&#8221;][et_pb_column type=&#8221;4_4&#8243; _builder_version=&#8221;4.16&#8243; global_colors_info=&#8221;{}&#8221;][et_pb_text _builder_version=&#8221;4.16&#8243; text_font=&#8221;Literata||||||||&#8221; header_font=&#8221;Literata||||||||&#8221; global_colors_info=&#8221;{}&#8221;]<\/p>\n<h1>Warsztaty<\/h1>\n<p>[\/et_pb_text][\/et_pb_column][\/et_pb_row][et_pb_row column_structure=&#8221;1_2,1_2&#8243; _builder_version=&#8221;4.16&#8243; module_alignment=&#8221;center&#8221; custom_margin=&#8221;|||&#8221; custom_margin_tablet=&#8221;0px|||&#8221; custom_margin_phone=&#8221;0px|||&#8221; custom_margin_last_edited=&#8221;off|desktop&#8221; custom_padding=&#8221;|||&#8221; saved_tabs=&#8221;all&#8221; global_colors_info=&#8221;{}&#8221;][et_pb_column type=&#8221;1_2&#8243; _builder_version=&#8221;4.16&#8243; background_color_gradient_direction=&#8221;35deg&#8221; custom_padding=&#8221;|||&#8221; custom_padding_tablet=&#8221;|0px||&#8221; custom_padding_last_edited=&#8221;off|desktop&#8221; global_colors_info=&#8221;{}&#8221; padding_tablet=&#8221;|0px||&#8221; padding_last_edited=&#8221;off|desktop&#8221; custom_padding__hover=&#8221;|||&#8221;][et_pb_blurb title=&#8221;Czego uczy nas Warszawa&#8221; use_icon=&#8221;on&#8221; font_icon=&#8221;&#xe081;||divi||400&#8243; icon_placement=&#8221;left&#8221; disabled_on=&#8221;on|on|on&#8221; _builder_version=&#8221;4.23.1&#8243; header_font=&#8221;Montserrat|500|||||||&#8221; header_font_size=&#8221;15px&#8221; body_font=&#8221;Montserrat|300|||||||&#8221; body_line_height=&#8221;1.8em&#8221; custom_margin=&#8221;||0px||false|false&#8221; locked=&#8221;off&#8221; global_colors_info=&#8221;{}&#8221; disabled=&#8221;on&#8221;]<\/p>\n<p>&nbsp;<\/p>\n<ul>\n<li>Czas trwania: 60 min.<\/li>\n<li>Cena: od 530 z\u0142\/klasa<\/li>\n<li>mo\u017cliwo\u015b\u0107 realizacji w plac\u00f3wce lub online<\/li>\n<li><a href=\"mailto:myidziemy@gmail.com\">Zam\u00f3w lub zapytaj o wolny termin<\/a><\/li>\n<\/ul>\n<p>[\/et_pb_blurb][et_pb_accordion open_toggle_text_color=&#8221;#ed1163&#8243; open_toggle_background_color=&#8221;#ededed&#8221; closed_toggle_background_color=&#8221;#ededed&#8221; disabled_on=&#8221;on|on|on&#8221; _builder_version=&#8221;4.23.1&#8243; border_width_all=&#8221;0px&#8221; locked=&#8221;off&#8221; global_colors_info=&#8221;{}&#8221; disabled=&#8221;on&#8221;][et_pb_accordion_item title=&#8221;Czego uczy nas Warszawa&#8221; open=&#8221;on&#8221; _builder_version=&#8221;4.23.1&#8243; global_colors_info=&#8221;{}&#8221;]<\/p>\n<p><span style=\"font-weight: 400;\"><\/span><span style=\"font-weight: 400;\">To zaj\u0119cia, podczas kt\u00f3rych dzieci poznaj\u0105 miasto, jego ciekawostki, histori\u0119, ale te\u017c <span><span class=\"il\">ucz\u0105<\/span><\/span> si\u0119 w\u0119druj\u0105c wraz z prowadz\u0105cym zaj\u0119cia przez tajemnice miasta r\u00f3\u017cnych umiej\u0119tno\u015bci \u2013 a to matematycznego g\u0142\u00f3wkowania, omawiaj\u0105c komunikacj\u0119 w dawnej Warszawie i dzisiejszej \u2013 wyposa\u017conej w metro, a to zdobywaj\u0105 informacje\u00a0 (dostosowane do wieku uczestnik\u00f3w) nt w\u0142adzy, ustroju politycznego, w innym segmencie zaj\u0119\u0107 odkrywaj\u0105 stolic\u0119 jako miasto o wielkim potencjale przyrodniczym, wcielaj\u0105c si\u0119 w tropicieli przygody.<br \/>Formu\u0142a zaj\u0119\u0107 nie pozwoli na nud\u0119. Zamiast biernego przygl\u0105dania si\u0119 obrazkom i s\u0142uchania historycznej opowie\u015bci, uczniowie wsp\u00f3\u0142tworz\u0105 opowie\u015b\u0107 poprzez rozwi\u0105zywanie zada\u0144 problemowych.<\/span><\/p>\n<p>[\/et_pb_accordion_item][\/et_pb_accordion][et_pb_blurb title=&#8221;Warsztaty autoprezentacji&#8221; use_icon=&#8221;on&#8221; font_icon=&#8221;&#xe081;||divi||400&#8243; icon_placement=&#8221;left&#8221; _builder_version=&#8221;4.19.5&#8243; header_font=&#8221;Montserrat|500|||||||&#8221; header_font_size=&#8221;15px&#8221; body_font=&#8221;Montserrat|300|||||||&#8221; body_line_height=&#8221;1.8em&#8221; custom_margin=&#8221;||0px||false|false&#8221; locked=&#8221;off&#8221; global_colors_info=&#8221;{}&#8221; disabled_on=&#8221;on|on|on&#8221; disabled=&#8221;on&#8221;]<\/p>\n<p>&nbsp;<\/p>\n<ul>\n<li>Czas trwania: 2&#215;45 min.<\/li>\n<li>Cena: od 48 z\u0142\/os<\/li>\n<li>mo\u017cliwo\u015b\u0107 realizacji w plac\u00f3wce lub w terenie<\/li>\n<li><a href=\"mailto:myidziemy@gmail.com\">Zam\u00f3w lub zapytaj o wolny termin<\/a><\/li>\n<\/ul>\n<p>[\/et_pb_blurb][et_pb_accordion open_toggle_text_color=&#8221;#ed1163&#8243; open_toggle_background_color=&#8221;#ededed&#8221; closed_toggle_background_color=&#8221;#ededed&#8221; _builder_version=&#8221;4.19.5&#8243; border_width_all=&#8221;0px&#8221; locked=&#8221;off&#8221; global_colors_info=&#8221;{}&#8221; disabled_on=&#8221;on|on|on&#8221; disabled=&#8221;on&#8221;][et_pb_accordion_item title=&#8221;Warsztaty autoprezentacji&#8221; open=&#8221;on&#8221; _builder_version=&#8221;4.19.5&#8243; global_colors_info=&#8221;{}&#8221;]<\/p>\n<p><span style=\"font-weight: 400;\"><\/span><span style=\"font-weight: 400;\">To zaj\u0119cia, podczas kt\u00f3rych Uczniowie ucz\u0105 si\u0119 siebie. Dzi\u0119ki przepracowaniu tematu poczucia stremowania wobec zabierania g\u0142osu czy wyst\u0105pie\u0144 na forum klasy, oswajaj\u0105 ten element \u017cycia w spo\u0142eczno\u015bci szkolnej. Wyposa\u017cenie Uczni\u00f3w w kompetencje mi\u0119kkie \u2013 w tym umiej\u0119tno\u015b\u0107 autoprezentacji \u2013 postrzegane jest obecnie jako element edukacji nie mniej wa\u017cny ni\u017c tre\u015bci merytoryczne danego obszaru wiedzy. Podczas warsztat\u00f3w Uczniowie maj\u0105 szans\u0119 na zrozumienie biologicznych uwarunkowa\u0144 stresu towarzysz\u0105cego publicznym wyst\u0105pieniom oraz poznanie i prze\u0107wiczenie technik s\u0142u\u017c\u0105cych zmniejszaniu poziomu stresu i tremy. Ponadto, a mo\u017ce przede wszystkim, warsztaty stanowi\u0105 dla Uczni\u00f3w szans\u0119 na pozytywne wzmocnienie poprzez budowanie poczucia w\u0142asnej warto\u015bci, kt\u00f3rego znaczenie jest niecenione wobec skuteczno\u015bci procesu edukacyjnego.<\/span><\/p>\n<p>[\/et_pb_accordion_item][\/et_pb_accordion][et_pb_blurb title=&#8221;Idzie.my z nauk\u0105 &#8211; jak si\u0119 uczy\u0107, \u017ceby si\u0119 nauczy\u0107&#8221; use_icon=&#8221;on&#8221; font_icon=&#8221;&#xe081;||divi||400&#8243; icon_placement=&#8221;left&#8221; _builder_version=&#8221;4.17.6&#8243; header_font=&#8221;Montserrat|500|||||||&#8221; header_font_size=&#8221;15px&#8221; body_font=&#8221;Montserrat|300|||||||&#8221; body_line_height=&#8221;1.8em&#8221; custom_margin=&#8221;||0px||false|false&#8221; global_colors_info=&#8221;{}&#8221;]<\/p>\n<ul>\n<li>Czas trwania: 2\u00d745 min<\/li>\n<li>Cena: od 48 z\u0142\/os.<\/li>\n<li><a href=\"mailto:myidziemy@gmail.com\">Zam\u00f3w lub zapytaj o wolny termin<\/a><\/li>\n<\/ul>\n<p>[\/et_pb_blurb][et_pb_accordion open_toggle_text_color=&#8221;#ed1163&#8243; open_toggle_background_color=&#8221;#ededed&#8221; closed_toggle_background_color=&#8221;#ededed&#8221; _builder_version=&#8221;4.16&#8243; border_width_all=&#8221;0px&#8221; locked=&#8221;off&#8221; global_colors_info=&#8221;{}&#8221;][et_pb_accordion_item title=&#8221;Idzie.my z nauk\u0105&#8221; open=&#8221;on&#8221; _builder_version=&#8221;4.16&#8243; global_colors_info=&#8221;{}&#8221;]<\/p>\n<p><span style=\"font-weight: 400;\">Warsztaty odpowiadaj\u0105 na kluczowe pytanie JAK SI\u0118 UCZY\u0106, \u017bEBY SI\u0118 NAUCZY\u0106, wskazuj\u0105c Uczniom konkretne metody efektywnego uczenia si\u0119, a tym samym zwi\u0119kszaj\u0105c poczucie w\u0142asnej warto\u015bci M\u0142odzie\u017cy poprzez odkrycie swoich mocnych stron w edukacji. W tym celu Uczestnicy zaj\u0119\u0107 podczas pierwszego ogniwa warsztat\u00f3w poznaj\u0105 tajniki dzia\u0142ania ludzkiej pami\u0119ci, odpowiadaj\u0105cy sobie styl uczenia si\u0119, typ inteligencji oraz swoje mocne i s\u0142abe strony w oparciu o teori\u0119 Howarda Gardnera. Centralna cz\u0119\u015b\u0107 zaj\u0119\u0107 skoncentrowana jest wok\u00f3\u0142 nabywania umiej\u0119tno\u015bci stosowania wybranych metod u\u0142atwiaj\u0105cych zapami\u0119tywanie i \u0107wicze\u0144 zdolno\u015bci tworzenia skojarze\u0144 przy zapami\u0119tywaniu, rozwijaj\u0105c w ten spos\u00f3b kreatywno\u015b\u0107. Uczniowie dowiaduj\u0105 si\u0119, jak mo\u017cna wykorzysta\u0107 jedn\u0105 z tzw. zak\u0142adkowych metod uczenia si\u0119 na konkretnych przyk\u0142adach z zakresu edukacji polonistycznej i matematycznej. Fina\u0142 wzbogacony jest o przedstawienie M\u0142odzie\u017cy podstaw (adekwatnych do wieku <\/span><span style=\"font-weight: 400;\">Uczestnik\u00f3w) z zakresu metody mindmappingu i wykonanie wsp\u00f3lnej mapy my\u015bli, <\/span><span style=\"font-weight: 400;\">stanowi\u0105cej podsumowanie wiedzy na wybrany temat. Ka\u017cdy z Uczestnik\u00f3w na <\/span><span style=\"font-weight: 400;\">koniec zaj\u0119\u0107 otrzymuje formularz, uzupe\u0142niany sukcesywnie podczas trwania warsztat\u00f3w, w kt\u00f3rym znajdzie informacje na temat w\u0142a\u015bciwych sobie efektywnych metod uczenia si\u0119, swojego typu inteligencji oraz drobne (nieraz bardzo zabawne) zadania i wskaz\u00f3wki o charakterze neurodydaktycznym, kt\u00f3re wspieraj\u0105 proces uczenia si\u0119 d\u0142ugofalowo.<\/span><\/p>\n<p>[\/et_pb_accordion_item][\/et_pb_accordion][\/et_pb_column][et_pb_column type=&#8221;1_2&#8243; _builder_version=&#8221;4.16&#8243; custom_padding=&#8221;|||&#8221; global_colors_info=&#8221;{}&#8221; custom_padding__hover=&#8221;|||&#8221;][et_pb_blurb title=&#8221;Pracownia humanistyczna&#8221; use_icon=&#8221;on&#8221; font_icon=&#8221;&#xe081;||divi||400&#8243; icon_placement=&#8221;left&#8221; _builder_version=&#8221;4.23.1&#8243; header_font=&#8221;Montserrat|500|||||||&#8221; header_font_size=&#8221;15px&#8221; body_font=&#8221;Montserrat|300|||||||&#8221; body_line_height=&#8221;1.8em&#8221; custom_margin=&#8221;||0px||false|false&#8221; locked=&#8221;off&#8221; global_colors_info=&#8221;{}&#8221; disabled_on=&#8221;on|on|on&#8221; disabled=&#8221;on&#8221;]<\/p>\n<p>&nbsp;<\/p>\n<ul>\n<li>Czas trwania: 2&#215;45 min.<\/li>\n<li>Cena: od 48 z\u0142\/os<\/li>\n<li>mo\u017cliwo\u015b\u0107 realizacji w plac\u00f3wce lub w terenie<\/li>\n<li><a href=\"mailto:myidziemy@gmail.com\">Zam\u00f3w lub zapytaj o wolny termin<\/a><\/li>\n<\/ul>\n<p>[\/et_pb_blurb][et_pb_accordion open_toggle_text_color=&#8221;#ed1163&#8243; open_toggle_background_color=&#8221;#ededed&#8221; closed_toggle_background_color=&#8221;#ededed&#8221; _builder_version=&#8221;4.23.1&#8243; border_width_all=&#8221;0px&#8221; locked=&#8221;off&#8221; global_colors_info=&#8221;{}&#8221; disabled_on=&#8221;on|on|on&#8221; disabled=&#8221;on&#8221;][et_pb_accordion_item title=&#8221;Pracownia humanistyczna&#8221; open=&#8221;on&#8221; _builder_version=&#8221;4.23.1&#8243; global_colors_info=&#8221;{}&#8221;]<\/p>\n<p><span style=\"font-weight: 400;\"><\/span><span style=\"font-weight: 400;\"><span style=\"font-weight: 400; font-style: normal; color: #808080;\">Dominant\u0119 kompozycyjn\u0105 zaj\u0119\u0107 stanowi\u0105: my\u015blenie kontekstowe, umiej\u0119tno\u015b\u0107 pracy z motywami literackimi, kreatywne i krytyczne my\u015blenie w edukacji humanistycznej, dzi\u0119ki kt\u00f3rym Uczniowie dos\u0142ownie w\u0142\u0105czaj\u0105 my\u015blenie. <\/span>Warsztat tworzony jest ka\u017cdorazowo w odpowiedzi na potrzeby grupy. Podczas zaj\u0119\u0107 Uczniowie pracuj\u0105 w oparciu o materia\u0142 wskazany przez nauczyciela \u2013 tw\u00f3rczo\u015b\u0107 danego autora, \u015bwiatopogl\u0105d epoki, zagadnienia okre\u015blonego dzia\u0142u.<br \/>Pracownia humanistyczna to warsztat ucz\u0105cy dzieci i m\u0142odzie\u017c \u015bwiadomego uczestnictwa w kulturze, zar\u00f3wno klasycznej, jak i nowoczesnej oraz dostrzegania most\u00f3w mi\u0119dzy nimi.<\/span><\/p>\n<p>[\/et_pb_accordion_item][\/et_pb_accordion][et_pb_blurb title=&#8221;Wasztaty budowania dobrych relacji&#8221; use_icon=&#8221;on&#8221; font_icon=&#8221;&#xe081;||divi||400&#8243; icon_placement=&#8221;left&#8221; _builder_version=&#8221;4.19.5&#8243; header_font=&#8221;Montserrat|500|||||||&#8221; header_font_size=&#8221;15px&#8221; body_font=&#8221;Montserrat|300|||||||&#8221; body_line_height=&#8221;1.8em&#8221; custom_margin=&#8221;||0px||false|false&#8221; locked=&#8221;off&#8221; global_colors_info=&#8221;{}&#8221;]<\/p>\n<p>&nbsp;<\/p>\n<ul>\n<li>Czas trwania: 2&#215;45 min.<\/li>\n<li>Cena: od 48 z\u0142\/os<\/li>\n<li>mo\u017cliwo\u015b\u0107 realizacji w plac\u00f3wce lub w terenie<\/li>\n<li><a href=\"mailto:myidziemy@gmail.com\">Zam\u00f3w lub zapytaj o wolny termin<\/a><\/li>\n<\/ul>\n<p>[\/et_pb_blurb][et_pb_accordion open_toggle_text_color=&#8221;#ed1163&#8243; open_toggle_background_color=&#8221;#ededed&#8221; closed_toggle_background_color=&#8221;#ededed&#8221; _builder_version=&#8221;4.19.5&#8243; border_width_all=&#8221;0px&#8221; locked=&#8221;off&#8221; global_colors_info=&#8221;{}&#8221;][et_pb_accordion_item title=&#8221;Wasztaty budowania dobrych relacji&#8221; open=&#8221;on&#8221; _builder_version=&#8221;4.19.5&#8243; global_colors_info=&#8221;{}&#8221;]<\/p>\n<p><span style=\"font-weight: 400;\"><\/span><span style=\"font-weight: 400;\">Zaj\u0119cia, kt\u00f3rym przy\u015bwieca has\u0142o uwa\u017cno\u015bci na drugiego cz\u0142owieka. Warsztaty, podczas kt\u00f3rych przepracowujemy trudne emocje towarzysz\u0105ce dzieciom i m\u0142odzie\u017cy w procesie edukacji i funkcjonowania w grupie r\u00f3wie\u015bniczej. Om\u00f3wienie element\u00f3w wiedzy z zakresu neurobiologii m\u00f3zgu, pozwala na lepsze zrozumienie zachowa\u0144 drugiej osoby, dzi\u0119ki czemu jest ono ch\u0119tniej podejmowane. Warsztaty to nauka skutecznej komunikacji na poziomie adekwatnym dla uczestnik\u00f3w, uwzgl\u0119dniaj\u0105ce w\u0142a\u015bciwe im sytuacje i konteksty oraz spos\u00f3b na odkrycie warto\u015bci \u201eklasowego \u017cycia\u201d poprzez formu\u0142\u0119<br \/>klasowego projektu.<\/span><\/p>\n<p>[\/et_pb_accordion_item][\/et_pb_accordion][et_pb_blurb title=&#8221;Przyroda wok\u00f3\u0142 nas &#8211; warsztaty przyrodnicze&#8221; use_icon=&#8221;on&#8221; font_icon=&#8221;&#xe081;||divi||400&#8243; icon_placement=&#8221;left&#8221; disabled_on=&#8221;on|on|on&#8221; _builder_version=&#8221;4.19.5&#8243; header_font=&#8221;Montserrat|500|||||||&#8221; header_font_size=&#8221;15px&#8221; body_font=&#8221;Montserrat|300|||||||&#8221; body_line_height=&#8221;1.8em&#8221; custom_margin=&#8221;||0px||false|false&#8221; disabled=&#8221;on&#8221; locked=&#8221;off&#8221; global_colors_info=&#8221;{}&#8221;]<\/p>\n<ul>\n<li>Czas trwania: 2&#215;45 min<\/li>\n<li>Cena: od 48 z\u0142\/os.<\/li>\n<li>zaj\u0119cia dla klas 4-6<\/li>\n<li>mo\u017cliwo\u015b\u0107 realizacji w plac\u00f3wce lub w terenie<\/li>\n<li><a href=\"mailto:myidziemy@gmail.com\">Zam\u00f3w lub zapytaj o wolny termin<\/a><\/li>\n<\/ul>\n<p>[\/et_pb_blurb][et_pb_accordion open_toggle_text_color=&#8221;#ed1163&#8243; open_toggle_background_color=&#8221;#ededed&#8221; closed_toggle_background_color=&#8221;#ededed&#8221; disabled_on=&#8221;on|on|on&#8221; _builder_version=&#8221;4.16&#8243; border_width_all=&#8221;0px&#8221; disabled=&#8221;on&#8221; locked=&#8221;off&#8221; global_colors_info=&#8221;{}&#8221;][et_pb_accordion_item title=&#8221;Przyroda wok\u00f3\u0142 nas &#8211; warsztaty przyrodnicze&#8221; open=&#8221;on&#8221; _builder_version=&#8221;4.16&#8243; global_colors_info=&#8221;{}&#8221;]<\/p>\n<p><span style=\"font-weight: 400;\">Warsztaty to dla uczni\u00f3w doskona\u0142a okazja, aby zosta\u0107 prawdziwymi badaczami przyrody i pozna\u0107 najwa\u017cniejsze zasady pracy wykwalifikowanych przyrodnik\u00f3w. To tak\u017ce spos\u00f3b na uwra\u017cliwienie dzieci na otaczaj\u0105ce nas \u015brodowisko.<br \/><\/span><span style=\"font-weight: 400;\">Uczestnicy warsztat\u00f3w po\u0107wicz\u0105 rozpoznawanie ptak\u00f3w i drzew, naucz\u0105 si\u0119, jak bezpiecznie tropi\u0107 zwierz\u0119ta, poznaj\u0105 zagro\u017cone gatunki i dowiedz\u0105 si\u0119, jak mo\u017cna im pom\u00f3c.\u00a0<\/span><\/p>\n<p><span style=\"font-weight: 400;\">Warsztaty \u201cPrzyroda wok\u00f3\u0142 nas\u201d to zestaw najwa\u017cniejszej wiedzy przyrodniczej w najbardziej praktycznym wydaniu!<\/span><\/p>\n<p>[\/et_pb_accordion_item][\/et_pb_accordion][et_pb_blurb title=&#8221;Idzie.my z bohaterem &#8211; warsztaty lekturowe&#8221; use_icon=&#8221;on&#8221; font_icon=&#8221;&#xe081;||divi||400&#8243; icon_placement=&#8221;left&#8221; _builder_version=&#8221;4.17.6&#8243; header_font=&#8221;Montserrat|500|||||||&#8221; header_font_size=&#8221;15px&#8221; body_font=&#8221;Montserrat|300|||||||&#8221; body_line_height=&#8221;1.8em&#8221; custom_margin=&#8221;||0px||false|false&#8221; locked=&#8221;off&#8221; global_colors_info=&#8221;{}&#8221; disabled_on=&#8221;on|on|on&#8221; disabled=&#8221;on&#8221;]<\/p>\n<ul>\n<li>Czas trwania: 2&#215;45 min<\/li>\n<li>Cena: od 48 z\u0142\/os.<\/li>\n<li><a href=\"mailto:myidziemy@gmail.com\">Zam\u00f3w lub zapytaj o wolny termin<\/a><\/li>\n<\/ul>\n<p>[\/et_pb_blurb][et_pb_accordion open_toggle_text_color=&#8221;#ed1163&#8243; open_toggle_background_color=&#8221;#ededed&#8221; closed_toggle_background_color=&#8221;#ededed&#8221; _builder_version=&#8221;4.16&#8243; border_width_all=&#8221;0px&#8221; locked=&#8221;off&#8221; global_colors_info=&#8221;{}&#8221; disabled_on=&#8221;on|on|on&#8221; disabled=&#8221;on&#8221;][et_pb_accordion_item title=&#8221;Idzie.my z bohaterem &#8211; warsztaty lekturowe&#8221; open=&#8221;on&#8221; _builder_version=&#8221;4.16&#8243; global_colors_info=&#8221;{}&#8221;]<\/p>\n<p>Wiele gier i spacer\u00f3w, po wcze\u015bniejszej konsultacji, mo\u017cemy poprowadzi\u0107 w formie warsztat\u00f3w na terenie plac\u00f3wki.<\/p>\n<p>[\/et_pb_accordion_item][\/et_pb_accordion][\/et_pb_column][\/et_pb_row][\/et_pb_section][et_pb_section fb_built=&#8221;1&#8243; disabled_on=&#8221;on|on|on&#8221; admin_label=&#8221;About&#8221; _builder_version=&#8221;4.16&#8243; custom_padding=&#8221;90px||90px|&#8221; disabled=&#8221;on&#8221; global_colors_info=&#8221;{}&#8221;][et_pb_row _builder_version=&#8221;4.16&#8243; custom_margin=&#8221;|||&#8221; custom_padding=&#8221;|||&#8221; global_colors_info=&#8221;{}&#8221;][et_pb_column type=&#8221;4_4&#8243; _builder_version=&#8221;4.16&#8243; custom_padding=&#8221;|||&#8221; global_colors_info=&#8221;{}&#8221; custom_padding__hover=&#8221;|||&#8221;][et_pb_text admin_label=&#8221;Subtitle&#8221; _builder_version=&#8221;4.16&#8243; text_font=&#8221;Montserrat|500||on|||||&#8221; text_text_color=&#8221;rgba(0,0,0,0.25)&#8221; header_font=&#8221;||||||||&#8221; text_orientation=&#8221;center&#8221; animation_style=&#8221;fade&#8221; global_colors_info=&#8221;{}&#8221;]<\/p>\n<p>INfo<\/p>\n<p>[\/et_pb_text][et_pb_text admin_label=&#8221;Title&#8221; _builder_version=&#8221;4.16&#8243; text_font=&#8221;Montserrat|300|||||||&#8221; text_font_size=&#8221;20px&#8221; text_line_height=&#8221;1.8em&#8221; header_font=&#8221;||||||||&#8221; header_2_font=&#8221;Montserrat|500|||||||&#8221; header_2_text_align=&#8221;center&#8221; header_2_font_size=&#8221;30px&#8221; header_2_line_height=&#8221;1.4em&#8221; text_orientation=&#8221;center&#8221; max_width=&#8221;700px&#8221; module_alignment=&#8221;center&#8221; animation_style=&#8221;fade&#8221; animation_direction=&#8221;right&#8221; global_colors_info=&#8221;{}&#8221;]<\/p>\n<h2>General Information<\/h2>\n<p>Lorem ipsum dolor sit amet, consectetuer adipiscing elit, sed diam nonummy nibh euismod tincidunt ut laoreet dolore magna aliquam erat volutpat.<\/p>\n<p>[\/et_pb_text][\/et_pb_column][\/et_pb_row][et_pb_row column_structure=&#8221;1_3,1_3,1_3&#8243; _builder_version=&#8221;4.16&#8243; custom_padding=&#8221;60px|0px|60px|0px&#8221; global_colors_info=&#8221;{}&#8221;][et_pb_column type=&#8221;1_3&#8243; _builder_version=&#8221;4.16&#8243; custom_padding=&#8221;|||&#8221; global_colors_info=&#8221;{}&#8221; custom_padding__hover=&#8221;|||&#8221;][et_pb_blurb title=&#8221;Full&#8221; _builder_version=&#8221;4.16&#8243; header_font=&#8221;Montserrat|500|||||||&#8221; header_text_color=&#8221;#4866ff&#8221; header_font_size=&#8221;61px&#8221; body_font=&#8221;Montserrat||||||||&#8221; body_font_size=&#8221;16px&#8221; global_colors_info=&#8221;{}&#8221;]<\/p>\n<p>26.2 miles<\/p>\n<p>[\/et_pb_blurb][et_pb_text _builder_version=&#8221;4.16&#8243; text_font=&#8221;Montserrat|300|||||||&#8221; text_font_size=&#8221;16px&#8221; text_line_height=&#8221;1.8em&#8221; animation_style=&#8221;slide&#8221; animation_direction=&#8221;right&#8221; animation_intensity_slide=&#8221;5%&#8221; animation_starting_opacity=&#8221;100%&#8221; locked=&#8221;off&#8221; global_colors_info=&#8221;{}&#8221;]<\/p>\n<p>Lorem ipsum dolor sit amet, consectetuer adipiscing elit, sed diam nonummy nibh euismod tincidunt ut laoreet dolore magna aliquam erat volutpat. Ut wisi enim ad minim veniam, quis nostrud exerci tation suscipit\u00a0<\/p>\n<p>[\/et_pb_text][\/et_pb_column][et_pb_column type=&#8221;1_3&#8243; _builder_version=&#8221;4.16&#8243; custom_padding=&#8221;|||&#8221; global_colors_info=&#8221;{}&#8221; custom_padding__hover=&#8221;|||&#8221;][et_pb_blurb title=&#8221;Half&#8221; _builder_version=&#8221;4.16&#8243; header_font=&#8221;Montserrat|500|||||||&#8221; header_text_color=&#8221;#4866ff&#8221; header_font_size=&#8221;61px&#8221; body_font=&#8221;Montserrat||||||||&#8221; body_font_size=&#8221;16px&#8221; locked=&#8221;off&#8221; global_colors_info=&#8221;{}&#8221;]<\/p>\n<p>13.1 miles<\/p>\n<p>[\/et_pb_blurb][et_pb_text _builder_version=&#8221;4.16&#8243; text_font=&#8221;Montserrat|300|||||||&#8221; text_font_size=&#8221;16px&#8221; text_line_height=&#8221;1.8em&#8221; animation_style=&#8221;slide&#8221; animation_direction=&#8221;right&#8221; animation_intensity_slide=&#8221;5%&#8221; animation_starting_opacity=&#8221;100%&#8221; locked=&#8221;off&#8221; global_colors_info=&#8221;{}&#8221;]<\/p>\n<p>Lorem ipsum dolor sit amet, consectetuer adipiscing elit, sed diam nonummy nibh euismod tincidunt ut laoreet dolore magna aliquam erat volutpat. Ut wisi enim ad minim veniam, quis nostrud exerci tation suscipit\u00a0<\/p>\n<p>[\/et_pb_text][\/et_pb_column][et_pb_column type=&#8221;1_3&#8243; _builder_version=&#8221;4.16&#8243; custom_padding=&#8221;|||&#8221; global_colors_info=&#8221;{}&#8221; custom_padding__hover=&#8221;|||&#8221;][et_pb_blurb title=&#8221;5k&#8221; _builder_version=&#8221;4.16&#8243; header_font=&#8221;Montserrat|500|||||||&#8221; header_text_color=&#8221;#4866ff&#8221; header_font_size=&#8221;61px&#8221; body_font=&#8221;Montserrat||||||||&#8221; body_font_size=&#8221;16px&#8221; locked=&#8221;off&#8221; global_colors_info=&#8221;{}&#8221;]<\/p>\n<p>3.1 miles<\/p>\n<p>[\/et_pb_blurb][et_pb_text _builder_version=&#8221;4.16&#8243; text_font=&#8221;Montserrat|300|||||||&#8221; text_font_size=&#8221;16px&#8221; text_line_height=&#8221;1.8em&#8221; animation_style=&#8221;slide&#8221; animation_direction=&#8221;right&#8221; animation_intensity_slide=&#8221;5%&#8221; animation_starting_opacity=&#8221;100%&#8221; locked=&#8221;off&#8221; global_colors_info=&#8221;{}&#8221;]<\/p>\n<p>Lorem ipsum dolor sit amet, consectetuer adipiscing elit, sed diam nonummy nibh euismod tincidunt ut laoreet dolore magna aliquam erat volutpat. Ut wisi enim ad minim veniam, quis nostrud exerci tation suscipit\u00a0<\/p>\n<p>[\/et_pb_text][\/et_pb_column][\/et_pb_row][et_pb_row _builder_version=&#8221;4.16&#8243; animation_style=&#8221;zoom&#8221; animation_intensity_zoom=&#8221;20%&#8221; global_colors_info=&#8221;{}&#8221;][et_pb_column type=&#8221;4_4&#8243; _builder_version=&#8221;4.16&#8243; custom_padding=&#8221;|||&#8221; global_colors_info=&#8221;{}&#8221; custom_padding__hover=&#8221;|||&#8221;][et_pb_countdown_timer title=&#8221;The Countdown Begins!&#8221; date_time=&#8221;2018-08-16 00:00&#8243; _builder_version=&#8221;4.16&#8243; header_font=&#8221;Montserrat||||||||&#8221; numbers_font=&#8221;Montserrat|500|||||||&#8221; numbers_font_size=&#8221;60px&#8221; numbers_letter_spacing=&#8221;8px&#8221; label_font=&#8221;Montserrat||||||||&#8221; use_background_color_gradient=&#8221;on&#8221; background_color_gradient_direction=&#8221;120deg&#8221; background_color_gradient_stops=&#8221;#a258ff 0%|#308cff 100%&#8221; background_color_gradient_start=&#8221;#a258ff&#8221; background_color_gradient_end=&#8221;#308cff&#8221; custom_margin=&#8221;|||&#8221; custom_padding=&#8221;100px||100px|&#8221; box_shadow_style=&#8221;preset3&#8243; box_shadow_vertical=&#8221;45px&#8221; box_shadow_blur=&#8221;62px&#8221; box_shadow_color=&#8221;rgba(18,47,100,0.2)&#8221; global_colors_info=&#8221;{}&#8221;][\/et_pb_countdown_timer][\/et_pb_column][\/et_pb_row][\/et_pb_section][et_pb_section fb_built=&#8221;1&#8243; disabled_on=&#8221;on|on|on&#8221; admin_label=&#8221;FAQ&#8221; _builder_version=&#8221;4.16&#8243; custom_padding=&#8221;90px|0px|90px|0px&#8221; disabled=&#8221;on&#8221; global_colors_info=&#8221;{}&#8221;][et_pb_row _builder_version=&#8221;4.16&#8243; module_alignment=&#8221;center&#8221; custom_margin=&#8221;|||&#8221; custom_margin_tablet=&#8221;0px|||&#8221; custom_margin_phone=&#8221;0px|||&#8221; custom_margin_last_edited=&#8221;off|desktop&#8221; custom_padding=&#8221;|||&#8221; global_colors_info=&#8221;{}&#8221;][et_pb_column type=&#8221;4_4&#8243; _builder_version=&#8221;4.16&#8243; background_color_gradient_direction=&#8221;35deg&#8221; custom_padding=&#8221;|||&#8221; custom_padding_tablet=&#8221;|0px||&#8221; global_colors_info=&#8221;{}&#8221; padding_tablet=&#8221;|0px||&#8221; custom_padding__hover=&#8221;|||&#8221;][et_pb_text admin_label=&#8221;Subtitle&#8221; _builder_version=&#8221;4.16&#8243; text_font=&#8221;Montserrat|500||on|||||&#8221; text_text_color=&#8221;rgba(0,0,0,0.25)&#8221; header_font=&#8221;||||||||&#8221; animation_direction=&#8221;right&#8221; global_colors_info=&#8221;{}&#8221;]<\/p>\n<p>Schedule<\/p>\n<p>[\/et_pb_text][et_pb_text admin_label=&#8221;Title&#8221; _builder_version=&#8221;4.16&#8243; text_font=&#8221;||||||||&#8221; header_font=&#8221;||||||||&#8221; header_2_font=&#8221;Montserrat|500|||||||&#8221; header_2_font_size=&#8221;30px&#8221; header_2_line_height=&#8221;1.4em&#8221; animation_style=&#8221;fade&#8221; animation_direction=&#8221;right&#8221; animation_starting_opacity=&#8221;100%&#8221; global_colors_info=&#8221;{}&#8221;]<\/p>\n<h2>Full List of Events &#038; Milestones<\/h2>\n<p>[\/et_pb_text][et_pb_divider color=&#8221;#4866ff&#8221; divider_weight=&#8221;3px&#8221; _builder_version=&#8221;4.16&#8243; max_width=&#8221;80px&#8221; animation_style=&#8221;slide&#8221; animation_direction=&#8221;right&#8221; animation_intensity_slide=&#8221;5%&#8221; animation_starting_opacity=&#8221;100%&#8221; global_colors_info=&#8221;{}&#8221;][\/et_pb_divider][\/et_pb_column][\/et_pb_row][et_pb_row column_structure=&#8221;1_2,1_2&#8243; _builder_version=&#8221;4.16&#8243; module_alignment=&#8221;center&#8221; custom_margin=&#8221;|||&#8221; custom_margin_tablet=&#8221;0px|||&#8221; custom_margin_phone=&#8221;0px|||&#8221; custom_margin_last_edited=&#8221;off|desktop&#8221; custom_padding=&#8221;|||&#8221; global_colors_info=&#8221;{}&#8221;][et_pb_column type=&#8221;1_2&#8243; _builder_version=&#8221;4.16&#8243; background_color_gradient_direction=&#8221;35deg&#8221; custom_padding=&#8221;|||&#8221; custom_padding_tablet=&#8221;|0px||&#8221; custom_padding_last_edited=&#8221;off|desktop&#8221; global_colors_info=&#8221;{}&#8221; padding_tablet=&#8221;|0px||&#8221; padding_last_edited=&#8221;off|desktop&#8221; custom_padding__hover=&#8221;|||&#8221;][et_pb_blurb title=&#8221;Open Registration Begins &#8211; Jan 01&#8243; use_icon=&#8221;on&#8221; font_icon=&#8221;&#xe023;||divi||400&#8243; icon_color=&#8221;#4866ff&#8221; icon_placement=&#8221;left&#8221; _builder_version=&#8221;4.16&#8243; header_font=&#8221;Montserrat|500|||||||&#8221; header_font_size=&#8221;15px&#8221; body_font=&#8221;Montserrat|300|||||||&#8221; body_line_height=&#8221;1.8em&#8221; custom_margin=&#8221;||60px|&#8221; global_colors_info=&#8221;{}&#8221;]<\/p>\n<p>Arcu erat, accumsan id imperdiet et, porttitor at sem. Curabitur non nulla sit amet nisl tempus convallis quis ac lectus. Vestibulum ante ipsum primis in faucibus orci luctus et ultrices posuere cubilia<\/p>\n<p><a href=\"#\">Learn More<\/a><\/p>\n<p>[\/et_pb_blurb][et_pb_blurb title=&#8221;Open Registration Ends &#8211; Aug 01&#8243; use_icon=&#8221;on&#8221; font_icon=&#8221;&#xe023;||divi||400&#8243; icon_color=&#8221;#4866ff&#8221; icon_placement=&#8221;left&#8221; _builder_version=&#8221;4.16&#8243; header_font=&#8221;Montserrat|500|||||||&#8221; header_font_size=&#8221;15px&#8221; body_font=&#8221;Montserrat|300|||||||&#8221; body_line_height=&#8221;1.8em&#8221; custom_margin=&#8221;||60px|&#8221; global_colors_info=&#8221;{}&#8221;]<\/p>\n<p>Arcu erat, accumsan id imperdiet et, porttitor at sem. Curabitur non nulla sit amet nisl tempus convallis quis ac lectus. Vestibulum ante ipsum primis in faucibus orci luctus et ultrices posuere cubilia<\/p>\n<p><a href=\"#\">Learn More<\/a><\/p>\n<p>[\/et_pb_blurb][et_pb_blurb title=&#8221;Divi Charity Fundraiser &#8211; April 10&#8243; use_icon=&#8221;on&#8221; font_icon=&#8221;&#xe023;||divi||400&#8243; icon_color=&#8221;#4866ff&#8221; icon_placement=&#8221;left&#8221; _builder_version=&#8221;4.16&#8243; header_font=&#8221;Montserrat|500|||||||&#8221; header_font_size=&#8221;15px&#8221; body_font=&#8221;Montserrat|300|||||||&#8221; body_line_height=&#8221;1.8em&#8221; custom_margin=&#8221;||60px|&#8221; global_colors_info=&#8221;{}&#8221;]<\/p>\n<p>Arcu erat, accumsan id imperdiet et, porttitor at sem. Curabitur non nulla sit amet nisl tempus convallis quis ac lectus. Vestibulum ante ipsum primis in faucibus orci luctus et ultrices posuere cubilia<\/p>\n<p><a href=\"#\">Learn More<\/a><\/p>\n<p>[\/et_pb_blurb][et_pb_blurb title=&#8221;Runners Meetup &#8211; May 14&#8243; use_icon=&#8221;on&#8221; font_icon=&#8221;&#xe023;||divi||400&#8243; icon_color=&#8221;#4866ff&#8221; icon_placement=&#8221;left&#8221; _builder_version=&#8221;4.16&#8243; header_font=&#8221;Montserrat|500|||||||&#8221; header_font_size=&#8221;15px&#8221; body_font=&#8221;Montserrat|300|||||||&#8221; body_line_height=&#8221;1.8em&#8221; custom_margin=&#8221;||60px|&#8221; locked=&#8221;off&#8221; global_colors_info=&#8221;{}&#8221;]<\/p>\n<p>Arcu erat, accumsan id imperdiet et, porttitor at sem. Curabitur non nulla sit amet nisl tempus convallis quis ac lectus. Vestibulum ante ipsum primis in faucibus orci luctus et ultrices posuere cubilia<\/p>\n<p><a href=\"#\">Learn More<\/a><\/p>\n<p>[\/et_pb_blurb][\/et_pb_column][et_pb_column type=&#8221;1_2&#8243; _builder_version=&#8221;4.16&#8243; custom_padding=&#8221;|||&#8221; global_colors_info=&#8221;{}&#8221; custom_padding__hover=&#8221;|||&#8221;][et_pb_blurb title=&#8221;Pre Run &#8211; Aug 16&#8243; use_icon=&#8221;on&#8221; font_icon=&#8221;&#xe023;||divi||400&#8243; icon_color=&#8221;#4866ff&#8221; icon_placement=&#8221;left&#8221; _builder_version=&#8221;4.16&#8243; header_font=&#8221;Montserrat|500|||||||&#8221; header_font_size=&#8221;15px&#8221; body_font=&#8221;Montserrat|300|||||||&#8221; body_line_height=&#8221;1.8em&#8221; custom_margin=&#8221;||60px|&#8221; locked=&#8221;off&#8221; global_colors_info=&#8221;{}&#8221;]<\/p>\n<p>Arcu erat, accumsan id imperdiet et, porttitor at sem. Curabitur non nulla sit amet nisl tempus convallis quis ac lectus. Vestibulum ante ipsum primis in faucibus orci luctus et ultrices posuere cubilia<\/p>\n<p><a href=\"#\">Learn More<\/a><\/p>\n<p>[\/et_pb_blurb][et_pb_blurb title=&#8221;Race Day! &#8211; Aug 16&#8243; use_icon=&#8221;on&#8221; font_icon=&#8221;&#xe023;||divi||400&#8243; icon_color=&#8221;#4866ff&#8221; icon_placement=&#8221;left&#8221; _builder_version=&#8221;4.16&#8243; header_font=&#8221;Montserrat|500|||||||&#8221; header_font_size=&#8221;15px&#8221; body_font=&#8221;Montserrat|300|||||||&#8221; body_line_height=&#8221;1.8em&#8221; custom_margin=&#8221;||60px|&#8221; locked=&#8221;off&#8221; global_colors_info=&#8221;{}&#8221;]<\/p>\n<p>Arcu erat, accumsan id imperdiet et, porttitor at sem. Curabitur non nulla sit amet nisl tempus convallis quis ac lectus. Vestibulum ante ipsum primis in faucibus orci luctus et ultrices posuere cubilia<\/p>\n<p><a href=\"#\">Learn More<\/a><\/p>\n<p>[\/et_pb_blurb][et_pb_blurb title=&#8221;Awards Ceremony August &#8211; Aug 16&#8243; use_icon=&#8221;on&#8221; font_icon=&#8221;&#xe023;||divi||400&#8243; icon_color=&#8221;#4866ff&#8221; icon_placement=&#8221;left&#8221; _builder_version=&#8221;4.16&#8243; header_font=&#8221;Montserrat|500|||||||&#8221; header_font_size=&#8221;15px&#8221; body_font=&#8221;Montserrat|300|||||||&#8221; body_line_height=&#8221;1.8em&#8221; custom_margin=&#8221;||60px|&#8221; locked=&#8221;off&#8221; global_colors_info=&#8221;{}&#8221;]<\/p>\n<p>Arcu erat, accumsan id imperdiet et, porttitor at sem. Curabitur non nulla sit amet nisl tempus convallis quis ac lectus. Vestibulum ante ipsum primis in faucibus orci luctus et ultrices posuere cubilia<\/p>\n<p><a href=\"#\">Learn More<\/a><\/p>\n<p>[\/et_pb_blurb][et_pb_blurb title=&#8221;After Party &#8211; Aug 16&#8243; use_icon=&#8221;on&#8221; font_icon=&#8221;&#xe023;||divi||400&#8243; icon_color=&#8221;#4866ff&#8221; icon_placement=&#8221;left&#8221; _builder_version=&#8221;4.16&#8243; header_font=&#8221;Montserrat|500|||||||&#8221; header_font_size=&#8221;15px&#8221; body_font=&#8221;Montserrat|300|||||||&#8221; body_line_height=&#8221;1.8em&#8221; custom_margin=&#8221;||60px|&#8221; locked=&#8221;off&#8221; global_colors_info=&#8221;{}&#8221;]<\/p>\n<p>Arcu erat, accumsan id imperdiet et, porttitor at sem. Curabitur non nulla sit amet nisl tempus convallis quis ac lectus. Vestibulum ante ipsum primis in faucibus orci luctus et ultrices posuere cubilia<\/p>\n<p><a href=\"#\">Learn More<\/a><\/p>\n<p>[\/et_pb_blurb][\/et_pb_column][\/et_pb_row][\/et_pb_section][et_pb_section fb_built=&#8221;1&#8243; fullwidth=&#8221;on&#8221; disabled_on=&#8221;on|on|on&#8221; admin_label=&#8221;Map&#8221; _builder_version=&#8221;4.16&#8243; animation_style=&#8221;slide&#8221; animation_direction=&#8221;bottom&#8221; animation_duration=&#8221;2000ms&#8221; animation_intensity_slide=&#8221;10%&#8221; animation_starting_opacity=&#8221;100%&#8221; disabled=&#8221;on&#8221; global_colors_info=&#8221;{}&#8221;][et_pb_fullwidth_map address=&#8221;Warszawa&#8221; zoom_level=&#8221;15&#8243; address_lat=&#8221;37.7749295&#8243; address_lng=&#8221;-122.4194155&#8243; mouse_wheel=&#8221;off&#8221; _builder_version=&#8221;4.16&#8243; filter_saturate=&#8221;0%&#8221; filter_brightness=&#8221;102%&#8221; filter_contrast=&#8221;91%&#8221; filter_opacity=&#8221;62%&#8221; animation_direction=&#8221;bottom&#8221; global_colors_info=&#8221;{}&#8221;][\/et_pb_fullwidth_map][\/et_pb_section][et_pb_section fb_built=&#8221;1&#8243; disabled_on=&#8221;on|on|on&#8221; admin_label=&#8221;Register&#8221; _builder_version=&#8221;4.16&#8243; use_background_color_gradient=&#8221;on&#8221; background_color_gradient_direction=&#8221;240deg&#8221; background_color_gradient_stops=&#8221;#4866ff 0%|rgba(72,102,255,0.9) 100%&#8221; background_color_gradient_overlays_image=&#8221;on&#8221; background_color_gradient_start=&#8221;#4866ff&#8221; background_color_gradient_end=&#8221;rgba(72,102,255,0.9)&#8221; background_image=&#8221;https:\/\/myidziemy.pl\/wp-content\/uploads\/2020\/02\/running_image_04.jpg&#8221; background_position=&#8221;top_center&#8221; custom_padding=&#8221;90px||90px|&#8221; animation_style=&#8221;slide&#8221; animation_direction=&#8221;bottom&#8221; animation_intensity_slide=&#8221;10%&#8221; animation_starting_opacity=&#8221;100%&#8221; disabled=&#8221;on&#8221; global_colors_info=&#8221;{}&#8221;][et_pb_row _builder_version=&#8221;4.16&#8243; global_colors_info=&#8221;{}&#8221;][et_pb_column type=&#8221;4_4&#8243; _builder_version=&#8221;4.16&#8243; custom_padding=&#8221;|||&#8221; global_colors_info=&#8221;{}&#8221; custom_padding__hover=&#8221;|||&#8221;][et_pb_text admin_label=&#8221;Subtitle&#8221; _builder_version=&#8221;4.16&#8243; text_font=&#8221;Montserrat|500||on|||||&#8221; text_orientation=&#8221;center&#8221; background_layout=&#8221;dark&#8221; animation_style=&#8221;fade&#8221; global_colors_info=&#8221;{}&#8221;]Join<br \/>\n[\/et_pb_text][et_pb_text admin_label=&#8221;Title&#8221; _builder_version=&#8221;4.16&#8243; text_font=&#8221;||||||||&#8221; header_font=&#8221;||||||||&#8221; header_2_font=&#8221;Montserrat|500|||||||&#8221; header_2_text_align=&#8221;center&#8221; header_2_font_size=&#8221;30px&#8221; background_layout=&#8221;dark&#8221; animation_style=&#8221;fade&#8221; global_colors_info=&#8221;{}&#8221;]<\/p>\n<h2>Register to Race!<\/h2>\n<p>[\/et_pb_text][et_pb_divider color=&#8221;#ffffff&#8221; divider_weight=&#8221;3px&#8221; _builder_version=&#8221;4.16&#8243; max_width=&#8221;80px&#8221; module_alignment=&#8221;center&#8221; animation_style=&#8221;fade&#8221; global_colors_info=&#8221;{}&#8221;][\/et_pb_divider][et_pb_text _builder_version=&#8221;4.16&#8243; text_font=&#8221;Montserrat|300|||||||&#8221; text_font_size=&#8221;16px&#8221; text_line_height=&#8221;1.8em&#8221; header_font=&#8221;||||||||&#8221; text_orientation=&#8221;center&#8221; background_layout=&#8221;dark&#8221; max_width=&#8221;700px&#8221; module_alignment=&#8221;center&#8221; custom_margin=&#8221;||70px|&#8221; animation_style=&#8221;fade&#8221; global_colors_info=&#8221;{}&#8221;]Lorem ipsum dolor sit amet, consectetuer  adipiscing elit, sed diam nonummy nibh euismod tincidunt ut laoreet dolore magna aliquam<br \/>\n[\/et_pb_text][et_pb_button button_text=&#8221;Register&#8221; button_alignment=&#8221;center&#8221; _builder_version=&#8221;4.16&#8243; custom_button=&#8221;on&#8221; button_text_size=&#8221;14px&#8221; button_bg_color=&#8221;rgba(0,0,0,0.1)&#8221; button_border_width=&#8221;0px&#8221; button_border_color=&#8221;#405ce6&#8243; button_border_radius=&#8221;55px&#8221; button_font=&#8221;Montserrat|500||on|||||&#8221; background_layout=&#8221;dark&#8221; custom_margin=&#8221;20px|||&#8221; custom_padding=&#8221;20px|45px|20px|45px&#8221; global_colors_info=&#8221;{}&#8221; button_text_size__hover_enabled=&#8221;off&#8221; button_one_text_size__hover_enabled=&#8221;off&#8221; button_two_text_size__hover_enabled=&#8221;off&#8221; button_text_color__hover_enabled=&#8221;off&#8221; button_one_text_color__hover_enabled=&#8221;off&#8221; button_two_text_color__hover_enabled=&#8221;off&#8221; button_border_width__hover_enabled=&#8221;off&#8221; button_one_border_width__hover_enabled=&#8221;off&#8221; button_two_border_width__hover_enabled=&#8221;off&#8221; button_border_color__hover_enabled=&#8221;off&#8221; button_one_border_color__hover_enabled=&#8221;off&#8221; button_two_border_color__hover_enabled=&#8221;off&#8221; button_border_radius__hover_enabled=&#8221;off&#8221; button_one_border_radius__hover_enabled=&#8221;off&#8221; button_two_border_radius__hover_enabled=&#8221;off&#8221; button_letter_spacing__hover_enabled=&#8221;off&#8221; button_one_letter_spacing__hover_enabled=&#8221;off&#8221; button_two_letter_spacing__hover_enabled=&#8221;off&#8221; button_bg_color__hover_enabled=&#8221;off&#8221; button_one_bg_color__hover_enabled=&#8221;off&#8221; button_two_bg_color__hover_enabled=&#8221;off&#8221;][\/et_pb_button][\/et_pb_column][\/et_pb_row][\/et_pb_section][et_pb_section fb_built=&#8221;1&#8243; admin_label=&#8221;Footer&#8221; _builder_version=&#8221;4.16&#8243; use_background_color_gradient=&#8221;on&#8221; background_color_gradient_stops=&#8221;#ffffff 0%|rgba(36,46,66,0) 75%&#8221; background_color_gradient_overlays_image=&#8221;on&#8221; background_color_gradient_start=&#8221;#ffffff&#8221; background_color_gradient_end=&#8221;rgba(36,46,66,0)&#8221; background_color_gradient_end_position=&#8221;75%&#8221; background_image=&#8221;https:\/\/myidziemy.pl\/wp-content\/uploads\/2020\/01\/bottom1.jpg&#8221; custom_padding=&#8221;||20vw&#8221; locked=&#8221;off&#8221; global_colors_info=&#8221;{}&#8221;][et_pb_row _builder_version=&#8221;4.16&#8243; locked=&#8221;off&#8221; global_colors_info=&#8221;{}&#8221;][et_pb_column type=&#8221;4_4&#8243; _builder_version=&#8221;4.16&#8243; custom_padding=&#8221;|||&#8221; global_colors_info=&#8221;{}&#8221; custom_padding__hover=&#8221;|||&#8221;][et_pb_text _builder_version=&#8221;4.16&#8243; text_font=&#8221;||||||||&#8221; header_font=&#8221;Literata||||||||&#8221; header_2_font=&#8221;Literata|700|||||||&#8221; header_2_font_size=&#8221;60px&#8221; header_2_line_height=&#8221;1.2em&#8221; text_orientation=&#8221;center&#8221; max_width=&#8221;600px&#8221; module_alignment=&#8221;center&#8221; custom_margin=&#8221;||15px&#8221; header_2_font_size_tablet=&#8221;42px&#8221; header_2_font_size_phone=&#8221;30px&#8221; header_2_font_size_last_edited=&#8221;on|tablet&#8221; locked=&#8221;off&#8221; global_colors_info=&#8221;{}&#8221;]<\/p>\n<h2>Zapisz si\u0119 na newsletter<\/h2>\n<p>[\/et_pb_text][et_pb_signup mailchimp_list=&#8221;elegantthemestest|1ea2bbd026&#8243; layout=&#8221;top_bottom&#8221; first_name_field=&#8221;off&#8221; last_name_field=&#8221;off&#8221; _builder_version=&#8221;4.16&#8243; form_field_background_color=&#8221;rgba(36,46,66,0.05)&#8221; form_field_font=&#8221;||||||||&#8221; use_background_color=&#8221;off&#8221; custom_button=&#8221;on&#8221; button_text_size=&#8221;14px&#8221; button_text_color=&#8221;#ffffff&#8221; button_bg_color=&#8221;#e10059&#8243; button_border_width=&#8221;10px&#8221; button_border_color=&#8221;rgba(0,0,0,0)&#8221; button_border_radius=&#8221;0px&#8221; button_letter_spacing=&#8221;4px&#8221; button_font=&#8221;Lato|700||on|||||&#8221; button_icon=&#8221;&#x24;||divi||400&#8243; max_width=&#8221;600px&#8221; module_alignment=&#8221;center&#8221; custom_padding=&#8221;0px|||||&#8221; border_radii_fields=&#8221;on|0px|0px|0px|0px&#8221; global_colors_info=&#8221;{}&#8221;][\/et_pb_signup][et_pb_social_media_follow icon_color=&#8221;#2a2a2a&#8221; _builder_version=&#8221;4.16&#8243; text_orientation=&#8221;center&#8221; border_radii=&#8221;on|50px|50px|50px|50px&#8221; border_width_all=&#8221;10px&#8221; border_color_all=&#8221;rgba(0,0,0,0)&#8221; global_colors_info=&#8221;{}&#8221; icon_color__hover=&#8221;#000000&#8243;][et_pb_social_media_follow_network social_network=&#8221;facebook&#8221; url=&#8221;https:\/\/www.facebook.com\/idzie.myzksiazkaprzezwarszawe\/&#8221; icon_color=&#8221;#2a2a2a&#8221; _builder_version=&#8221;4.16&#8243; background_color=&#8221;#ffffff&#8221; global_colors_info=&#8221;{}&#8221; follow_button=&#8221;off&#8221; url_new_window=&#8221;on&#8221;]facebook[\/et_pb_social_media_follow_network][et_pb_social_media_follow_network social_network=&#8221;youtube&#8221; icon_color=&#8221;#2a2a2a&#8221; _builder_version=&#8221;4.16&#8243; background_color=&#8221;#ffffff&#8221; background_enable_color=&#8221;on&#8221; global_colors_info=&#8221;{}&#8221; follow_button=&#8221;off&#8221; url_new_window=&#8221;on&#8221;]youtube[\/et_pb_social_media_follow_network][et_pb_social_media_follow_network social_network=&#8221;instagram&#8221; icon_color=&#8221;#2a2a2a&#8221; _builder_version=&#8221;4.16&#8243; background_color=&#8221;#ffffff&#8221; global_colors_info=&#8221;{}&#8221; follow_button=&#8221;off&#8221; url_new_window=&#8221;on&#8221;]instagram[\/et_pb_social_media_follow_network][\/et_pb_social_media_follow][\/et_pb_column][\/et_pb_row][et_pb_row _builder_version=&#8221;4.16&#8243; width=&#8221;100%&#8221; max_width=&#8221;none&#8221; locked=&#8221;off&#8221; global_colors_info=&#8221;{}&#8221;][et_pb_column type=&#8221;4_4&#8243; _builder_version=&#8221;4.16&#8243; custom_padding=&#8221;|||&#8221; global_colors_info=&#8221;{}&#8221; custom_padding__hover=&#8221;|||&#8221;][et_pb_image src=&#8221;https:\/\/myidziemy.pl\/wp-content\/uploads\/2020\/01\/sight-seeing-49.png&#8221; show_bottom_space=&#8221;off&#8221; force_fullwidth=&#8221;on&#8221; _builder_version=&#8221;4.16&#8243; custom_margin=&#8221;||&#8221; global_colors_info=&#8221;{}&#8221;][\/et_pb_image][\/et_pb_column][\/et_pb_row][\/et_pb_section]<\/p>\n","protected":false},"excerpt":{"rendered":"<p>Klasy 4-8Spacery Gry miejskie WarsztatySpacery Przedstawione trasy s\u0105 propozycjami.Ka\u017cda z wycieczek jest dostosowywana do indywidualnych potrzeb grupy.Istnieje mo\u017cliwo\u015b\u0107 skonstruowania trasy \u201ena \u017cyczenie\u201d. Czas trwania: 2-2,5 h Cena: od 670 z\u0142 Zam\u00f3w lub zapytaj o wolny termin Spacer skupiaj\u0105cy si\u0119 na architekturze i sztukach plastycznych. Podczas zaj\u0119\u0107 przygl\u0105damy si\u0119 starszym i nowszym budynkom \u015ar\u00f3dmie\u015bcia i szukamy [&hellip;]<\/p>\n","protected":false},"author":3,"featured_media":0,"parent":0,"menu_order":0,"comment_status":"closed","ping_status":"closed","template":"","meta":{"_et_pb_use_builder":"on","_et_pb_old_content":"","_et_gb_content_width":"","_exactmetrics_skip_tracking":false,"_exactmetrics_sitenote_active":false,"_exactmetrics_sitenote_note":"","_exactmetrics_sitenote_category":0,"footnotes":""},"class_list":["post-584","page","type-page","status-publish","hentry"],"yoast_head":"<!-- This site is optimized with the Yoast SEO plugin v27.5 - https:\/\/yoast.com\/product\/yoast-seo-wordpress\/ -->\n<title>Oferta 4-8 - IDZIE.MY<\/title>\n<meta name=\"robots\" content=\"index, follow, max-snippet:-1, max-image-preview:large, max-video-preview:-1\" \/>\n<link rel=\"canonical\" href=\"https:\/\/myidziemy.pl\/index.php\/oferta-4-8\/\" \/>\n<meta property=\"og:locale\" content=\"pl_PL\" \/>\n<meta property=\"og:type\" content=\"article\" \/>\n<meta property=\"og:title\" content=\"Oferta 4-8 - IDZIE.MY\" \/>\n<meta property=\"og:description\" content=\"Klasy 4-8Spacery Gry miejskie WarsztatySpacery Przedstawione trasy s\u0105 propozycjami.Ka\u017cda z wycieczek jest dostosowywana do indywidualnych potrzeb grupy.Istnieje mo\u017cliwo\u015b\u0107 skonstruowania trasy \u201ena \u017cyczenie\u201d. Czas trwania: 2-2,5 h Cena: od 670 z\u0142 Zam\u00f3w lub zapytaj o wolny termin Spacer skupiaj\u0105cy si\u0119 na architekturze i sztukach plastycznych. Podczas zaj\u0119\u0107 przygl\u0105damy si\u0119 starszym i nowszym budynkom \u015ar\u00f3dmie\u015bcia i szukamy [&hellip;]\" \/>\n<meta property=\"og:url\" content=\"https:\/\/myidziemy.pl\/index.php\/oferta-4-8\/\" \/>\n<meta property=\"og:site_name\" content=\"IDZIE.MY\" \/>\n<meta property=\"article:publisher\" content=\"https:\/\/www.facebook.com\/idzie.myzksiazkaprzezwarszawe\/\" \/>\n<meta property=\"article:modified_time\" content=\"2025-12-28T17:40:54+00:00\" \/>\n<meta property=\"og:image\" content=\"https:\/\/myidziemy.pl\/wp-content\/uploads\/2020\/01\/zajecia-w-szkole.png\" \/>\n\t<meta property=\"og:image:width\" content=\"113\" \/>\n\t<meta property=\"og:image:height\" content=\"120\" \/>\n\t<meta property=\"og:image:type\" content=\"image\/png\" \/>\n<meta name=\"twitter:card\" content=\"summary_large_image\" \/>\n<meta name=\"twitter:label1\" content=\"Szacowany czas czytania\" \/>\n\t<meta name=\"twitter:data1\" content=\"47 minut\" \/>\n<script type=\"application\/ld+json\" class=\"yoast-schema-graph\">{\"@context\":\"https:\\\/\\\/schema.org\",\"@graph\":[{\"@type\":\"WebPage\",\"@id\":\"https:\\\/\\\/myidziemy.pl\\\/index.php\\\/oferta-4-8\\\/\",\"url\":\"https:\\\/\\\/myidziemy.pl\\\/index.php\\\/oferta-4-8\\\/\",\"name\":\"Oferta 4-8 - IDZIE.MY\",\"isPartOf\":{\"@id\":\"https:\\\/\\\/myidziemy.pl\\\/#website\"},\"primaryImageOfPage\":{\"@id\":\"https:\\\/\\\/myidziemy.pl\\\/index.php\\\/oferta-4-8\\\/#primaryimage\"},\"image\":{\"@id\":\"https:\\\/\\\/myidziemy.pl\\\/index.php\\\/oferta-4-8\\\/#primaryimage\"},\"thumbnailUrl\":\"https:\\\/\\\/myidziemy.pl\\\/wp-content\\\/uploads\\\/2020\\\/01\\\/zajecia-w-szkole.png\",\"datePublished\":\"2021-08-28T19:41:46+00:00\",\"dateModified\":\"2025-12-28T17:40:54+00:00\",\"breadcrumb\":{\"@id\":\"https:\\\/\\\/myidziemy.pl\\\/index.php\\\/oferta-4-8\\\/#breadcrumb\"},\"inLanguage\":\"pl-PL\",\"potentialAction\":[{\"@type\":\"ReadAction\",\"target\":[\"https:\\\/\\\/myidziemy.pl\\\/index.php\\\/oferta-4-8\\\/\"]}]},{\"@type\":\"ImageObject\",\"inLanguage\":\"pl-PL\",\"@id\":\"https:\\\/\\\/myidziemy.pl\\\/index.php\\\/oferta-4-8\\\/#primaryimage\",\"url\":\"https:\\\/\\\/myidziemy.pl\\\/wp-content\\\/uploads\\\/2020\\\/01\\\/zajecia-w-szkole.png\",\"contentUrl\":\"https:\\\/\\\/myidziemy.pl\\\/wp-content\\\/uploads\\\/2020\\\/01\\\/zajecia-w-szkole.png\",\"width\":113,\"height\":120},{\"@type\":\"BreadcrumbList\",\"@id\":\"https:\\\/\\\/myidziemy.pl\\\/index.php\\\/oferta-4-8\\\/#breadcrumb\",\"itemListElement\":[{\"@type\":\"ListItem\",\"position\":1,\"name\":\"Strona g\u0142\u00f3wna\",\"item\":\"https:\\\/\\\/myidziemy.pl\\\/\"},{\"@type\":\"ListItem\",\"position\":2,\"name\":\"Oferta 4-8\"}]},{\"@type\":\"WebSite\",\"@id\":\"https:\\\/\\\/myidziemy.pl\\\/#website\",\"url\":\"https:\\\/\\\/myidziemy.pl\\\/\",\"name\":\"IDZIE.MY gry miejskie dla szk\u00f3\u0142 Warszawa\",\"description\":\"Idzie.MY z ksi\u0105\u017ck\u0105 przez Warszaw\u0119\",\"publisher\":{\"@id\":\"https:\\\/\\\/myidziemy.pl\\\/#organization\"},\"potentialAction\":[{\"@type\":\"SearchAction\",\"target\":{\"@type\":\"EntryPoint\",\"urlTemplate\":\"https:\\\/\\\/myidziemy.pl\\\/?s={search_term_string}\"},\"query-input\":{\"@type\":\"PropertyValueSpecification\",\"valueRequired\":true,\"valueName\":\"search_term_string\"}}],\"inLanguage\":\"pl-PL\"},{\"@type\":\"Organization\",\"@id\":\"https:\\\/\\\/myidziemy.pl\\\/#organization\",\"name\":\"IDZIE.MY\",\"url\":\"https:\\\/\\\/myidziemy.pl\\\/\",\"logo\":{\"@type\":\"ImageObject\",\"inLanguage\":\"pl-PL\",\"@id\":\"https:\\\/\\\/myidziemy.pl\\\/#\\\/schema\\\/logo\\\/image\\\/\",\"url\":\"https:\\\/\\\/myidziemy.pl\\\/wp-content\\\/uploads\\\/2020\\\/01\\\/logo.gif\",\"contentUrl\":\"https:\\\/\\\/myidziemy.pl\\\/wp-content\\\/uploads\\\/2020\\\/01\\\/logo.gif\",\"width\":512,\"height\":512,\"caption\":\"IDZIE.MY\"},\"image\":{\"@id\":\"https:\\\/\\\/myidziemy.pl\\\/#\\\/schema\\\/logo\\\/image\\\/\"},\"sameAs\":[\"https:\\\/\\\/www.facebook.com\\\/idzie.myzksiazkaprzezwarszawe\\\/\",\"https:\\\/\\\/www.instagram.com\\\/idzie.my\\\/\"]}]}<\/script>\n<!-- \/ Yoast SEO plugin. -->","yoast_head_json":{"title":"Oferta 4-8 - IDZIE.MY","robots":{"index":"index","follow":"follow","max-snippet":"max-snippet:-1","max-image-preview":"max-image-preview:large","max-video-preview":"max-video-preview:-1"},"canonical":"https:\/\/myidziemy.pl\/index.php\/oferta-4-8\/","og_locale":"pl_PL","og_type":"article","og_title":"Oferta 4-8 - IDZIE.MY","og_description":"Klasy 4-8Spacery Gry miejskie WarsztatySpacery Przedstawione trasy s\u0105 propozycjami.Ka\u017cda z wycieczek jest dostosowywana do indywidualnych potrzeb grupy.Istnieje mo\u017cliwo\u015b\u0107 skonstruowania trasy \u201ena \u017cyczenie\u201d. Czas trwania: 2-2,5 h Cena: od 670 z\u0142 Zam\u00f3w lub zapytaj o wolny termin Spacer skupiaj\u0105cy si\u0119 na architekturze i sztukach plastycznych. Podczas zaj\u0119\u0107 przygl\u0105damy si\u0119 starszym i nowszym budynkom \u015ar\u00f3dmie\u015bcia i szukamy [&hellip;]","og_url":"https:\/\/myidziemy.pl\/index.php\/oferta-4-8\/","og_site_name":"IDZIE.MY","article_publisher":"https:\/\/www.facebook.com\/idzie.myzksiazkaprzezwarszawe\/","article_modified_time":"2025-12-28T17:40:54+00:00","og_image":[{"width":113,"height":120,"url":"https:\/\/myidziemy.pl\/wp-content\/uploads\/2020\/01\/zajecia-w-szkole.png","type":"image\/png"}],"twitter_card":"summary_large_image","twitter_misc":{"Szacowany czas czytania":"47 minut"},"schema":{"@context":"https:\/\/schema.org","@graph":[{"@type":"WebPage","@id":"https:\/\/myidziemy.pl\/index.php\/oferta-4-8\/","url":"https:\/\/myidziemy.pl\/index.php\/oferta-4-8\/","name":"Oferta 4-8 - IDZIE.MY","isPartOf":{"@id":"https:\/\/myidziemy.pl\/#website"},"primaryImageOfPage":{"@id":"https:\/\/myidziemy.pl\/index.php\/oferta-4-8\/#primaryimage"},"image":{"@id":"https:\/\/myidziemy.pl\/index.php\/oferta-4-8\/#primaryimage"},"thumbnailUrl":"https:\/\/myidziemy.pl\/wp-content\/uploads\/2020\/01\/zajecia-w-szkole.png","datePublished":"2021-08-28T19:41:46+00:00","dateModified":"2025-12-28T17:40:54+00:00","breadcrumb":{"@id":"https:\/\/myidziemy.pl\/index.php\/oferta-4-8\/#breadcrumb"},"inLanguage":"pl-PL","potentialAction":[{"@type":"ReadAction","target":["https:\/\/myidziemy.pl\/index.php\/oferta-4-8\/"]}]},{"@type":"ImageObject","inLanguage":"pl-PL","@id":"https:\/\/myidziemy.pl\/index.php\/oferta-4-8\/#primaryimage","url":"https:\/\/myidziemy.pl\/wp-content\/uploads\/2020\/01\/zajecia-w-szkole.png","contentUrl":"https:\/\/myidziemy.pl\/wp-content\/uploads\/2020\/01\/zajecia-w-szkole.png","width":113,"height":120},{"@type":"BreadcrumbList","@id":"https:\/\/myidziemy.pl\/index.php\/oferta-4-8\/#breadcrumb","itemListElement":[{"@type":"ListItem","position":1,"name":"Strona g\u0142\u00f3wna","item":"https:\/\/myidziemy.pl\/"},{"@type":"ListItem","position":2,"name":"Oferta 4-8"}]},{"@type":"WebSite","@id":"https:\/\/myidziemy.pl\/#website","url":"https:\/\/myidziemy.pl\/","name":"IDZIE.MY gry miejskie dla szk\u00f3\u0142 Warszawa","description":"Idzie.MY z ksi\u0105\u017ck\u0105 przez Warszaw\u0119","publisher":{"@id":"https:\/\/myidziemy.pl\/#organization"},"potentialAction":[{"@type":"SearchAction","target":{"@type":"EntryPoint","urlTemplate":"https:\/\/myidziemy.pl\/?s={search_term_string}"},"query-input":{"@type":"PropertyValueSpecification","valueRequired":true,"valueName":"search_term_string"}}],"inLanguage":"pl-PL"},{"@type":"Organization","@id":"https:\/\/myidziemy.pl\/#organization","name":"IDZIE.MY","url":"https:\/\/myidziemy.pl\/","logo":{"@type":"ImageObject","inLanguage":"pl-PL","@id":"https:\/\/myidziemy.pl\/#\/schema\/logo\/image\/","url":"https:\/\/myidziemy.pl\/wp-content\/uploads\/2020\/01\/logo.gif","contentUrl":"https:\/\/myidziemy.pl\/wp-content\/uploads\/2020\/01\/logo.gif","width":512,"height":512,"caption":"IDZIE.MY"},"image":{"@id":"https:\/\/myidziemy.pl\/#\/schema\/logo\/image\/"},"sameAs":["https:\/\/www.facebook.com\/idzie.myzksiazkaprzezwarszawe\/","https:\/\/www.instagram.com\/idzie.my\/"]}]}},"_links":{"self":[{"href":"https:\/\/myidziemy.pl\/index.php\/wp-json\/wp\/v2\/pages\/584","targetHints":{"allow":["GET"]}}],"collection":[{"href":"https:\/\/myidziemy.pl\/index.php\/wp-json\/wp\/v2\/pages"}],"about":[{"href":"https:\/\/myidziemy.pl\/index.php\/wp-json\/wp\/v2\/types\/page"}],"author":[{"embeddable":true,"href":"https:\/\/myidziemy.pl\/index.php\/wp-json\/wp\/v2\/users\/3"}],"replies":[{"embeddable":true,"href":"https:\/\/myidziemy.pl\/index.php\/wp-json\/wp\/v2\/comments?post=584"}],"version-history":[{"count":44,"href":"https:\/\/myidziemy.pl\/index.php\/wp-json\/wp\/v2\/pages\/584\/revisions"}],"predecessor-version":[{"id":1462,"href":"https:\/\/myidziemy.pl\/index.php\/wp-json\/wp\/v2\/pages\/584\/revisions\/1462"}],"wp:attachment":[{"href":"https:\/\/myidziemy.pl\/index.php\/wp-json\/wp\/v2\/media?parent=584"}],"curies":[{"name":"wp","href":"https:\/\/api.w.org\/{rel}","templated":true}]}}