{"id":591,"date":"2021-08-28T23:19:38","date_gmt":"2021-08-28T21:19:38","guid":{"rendered":"http:\/\/myidziemy.pl\/?page_id=591"},"modified":"2025-12-28T18:49:46","modified_gmt":"2025-12-28T17:49:46","slug":"ponadpodstawowe","status":"publish","type":"page","link":"https:\/\/myidziemy.pl\/index.php\/ponadpodstawowe\/","title":{"rendered":"Ponadpodstawowe"},"content":{"rendered":"<p>[et_pb_section fb_built=&#8221;1&#8243; custom_padding_last_edited=&#8221;on|desktop&#8221; admin_label=&#8221;Hero&#8221; _builder_version=&#8221;4.16&#8243; use_background_color_gradient=&#8221;on&#8221; background_color_gradient_stops=&#8221;rgba(0,0,0,0.5) 0%|rgba(0,0,0,0) 100%&#8221; background_color_gradient_overlays_image=&#8221;on&#8221; background_color_gradient_start=&#8221;rgba(0,0,0,0.5)&#8221; background_color_gradient_end=&#8221;rgba(0,0,0,0)&#8221; background_image=&#8221;https:\/\/myidziemy.pl\/wp-content\/uploads\/2020\/02\/b10.jpg&#8221; max_height_tablet=&#8221;&#8221; max_height_phone=&#8221;606px&#8221; max_height_last_edited=&#8221;on|phone&#8221; custom_margin=&#8221;||||false|false&#8221; custom_padding=&#8221;0px||4%||false|false&#8221; custom_padding_tablet=&#8221;&#8221; custom_padding_phone=&#8221;20px||0px||false|false&#8221; bottom_divider_style=&#8221;slant&#8221; bottom_divider_color=&#8221;#ffffff&#8221; bottom_divider_flip=&#8221;horizontal&#8221; animation_style=&#8221;slide&#8221; animation_direction=&#8221;top&#8221; animation_intensity_slide=&#8221;5%&#8221; animation_starting_opacity=&#8221;100%&#8221; global_colors_info=&#8221;{}&#8221;][et_pb_row _builder_version=&#8221;4.16&#8243; background_size=&#8221;initial&#8221; background_position=&#8221;top_left&#8221; background_repeat=&#8221;repeat&#8221; custom_padding=&#8221;27px|0px|0px|0px&#8221; global_colors_info=&#8221;{}&#8221;][et_pb_column type=&#8221;4_4&#8243; _builder_version=&#8221;4.16&#8243; custom_padding=&#8221;|||&#8221; global_colors_info=&#8221;{}&#8221; custom_padding__hover=&#8221;|||&#8221;][et_pb_text content_tablet=&#8221;<\/p>\n<h1>Szko\u0142y ponad-<br \/>podstawowe<\/h1>\n<p>&#8221; content_phone=&#8221;<\/p>\n<h1>Szko\u0142y <span style=%22color: #ffffff;%22>ponad-<br \/><\/span><span style=%22color: #ffffff;%22>podstawowe<\/span><\/h1>\n<p>&#8221; content_last_edited=&#8221;on|tablet&#8221; disabled_on=&#8221;off|off|off&#8221; admin_label=&#8221;Title&#8221; _builder_version=&#8221;4.16&#8243; text_font=&#8221;||||||||&#8221; header_font=&#8221;Literata|600|||||||&#8221; header_font_size=&#8221;80px&#8221; header_line_height=&#8221;1.2em&#8221; background_color=&#8221;rgba(0,37,112,0.28)&#8221; background_layout=&#8221;dark&#8221; custom_margin=&#8221;|-95px||||&#8221; animation_style=&#8221;zoom&#8221; animation_direction=&#8221;left&#8221; animation_intensity_zoom=&#8221;10%&#8221; header_font_size_tablet=&#8221;&#8221; header_font_size_phone=&#8221;36px&#8221; header_font_size_last_edited=&#8221;on|phone&#8221; global_colors_info=&#8221;{}&#8221;]<\/p>\n<h1>Szko\u0142y ponadpodstawowe<\/h1>\n<p>[\/et_pb_text][et_pb_divider color=&#8221;rgba(255,255,255,0.7)&#8221; divider_weight=&#8221;3px&#8221; _builder_version=&#8221;4.16&#8243; max_width=&#8221;120px&#8221; animation_style=&#8221;zoom&#8221; animation_direction=&#8221;left&#8221; global_colors_info=&#8221;{}&#8221;][\/et_pb_divider][\/et_pb_column][\/et_pb_row][et_pb_row column_structure=&#8221;2_3,1_3&#8243; _builder_version=&#8221;4.16&#8243; background_size=&#8221;initial&#8221; background_position=&#8221;top_left&#8221; background_repeat=&#8221;repeat&#8221; custom_margin=&#8221;|||&#8221; animation_style=&#8221;zoom&#8221; animation_direction=&#8221;left&#8221; animation_delay=&#8221;100ms&#8221; animation_intensity_zoom=&#8221;10%&#8221; locked=&#8221;off&#8221; global_colors_info=&#8221;{}&#8221;][et_pb_column type=&#8221;2_3&#8243; _builder_version=&#8221;4.16&#8243; background_color=&#8221;#ffffff&#8221; custom_padding=&#8221;40px|40px|40px|40px&#8221; global_colors_info=&#8221;{}&#8221; custom_padding__hover=&#8221;|||&#8221;][et_pb_text _builder_version=&#8221;4.16&#8243; text_font=&#8221;Literata|500|||||||&#8221; text_text_color=&#8221;#2a2a2a&#8221; text_font_size=&#8221;24px&#8221; header_font=&#8221;Literata||||||||&#8221; custom_margin=&#8221;||-1px|||&#8221; animation_style=&#8221;fade&#8221; global_colors_info=&#8221;{}&#8221;]<\/p>\n<p><span style=\"color: #ed1163;\"><a href=\"#spacery\" style=\"color: #ed1163;\"><strong>Spacery<\/strong><\/a><\/span><\/p>\n<p><span style=\"color: #ed1163;\"><a href=\"#grymiejskie\" style=\"color: #ed1163;\"><strong>Gry miejskie<\/strong><\/a><\/span><\/p>\n<p><span style=\"color: #ed1163;\"><a href=\"#warsztaty\" style=\"color: #ed1163;\"><strong>Warsztaty<\/strong><\/a><\/span><\/p>\n<p>[\/et_pb_text][\/et_pb_column][et_pb_column type=&#8221;1_3&#8243; _builder_version=&#8221;4.16&#8243; custom_padding=&#8221;|||&#8221; global_colors_info=&#8221;{}&#8221; custom_padding__hover=&#8221;|||&#8221;][\/et_pb_column][\/et_pb_row][\/et_pb_section][et_pb_section fb_built=&#8221;1&#8243; admin_label=&#8221;Events&#8221; _builder_version=&#8221;4.16&#8243; custom_padding=&#8221;0px||0px||false|false&#8221; locked=&#8221;off&#8221; global_colors_info=&#8221;{}&#8221;][et_pb_row _builder_version=&#8221;4.16&#8243; global_colors_info=&#8221;{}&#8221;][et_pb_column type=&#8221;4_4&#8243; _builder_version=&#8221;4.16&#8243; global_colors_info=&#8221;{}&#8221;][et_pb_text module_id=&#8221;spacery&#8221; _builder_version=&#8221;4.16&#8243; text_font=&#8221;Literata||||||||&#8221; header_font=&#8221;Literata||||||||&#8221; global_colors_info=&#8221;{}&#8221;]<\/p>\n<h1>Spacery<\/h1>\n<p>Przedstawione <strong>trasy s\u0105 propozycjami<\/strong>.<br \/>Ka\u017cda z wycieczek jest dostosowywana do indywidualnych potrzeb grupy.<br \/>Istnieje mo\u017cliwo\u015b\u0107 skonstruowania <strong>trasy \u201ena \u017cyczenie\u201d<\/strong>.<\/p>\n<p>[\/et_pb_text][\/et_pb_column][\/et_pb_row][et_pb_row column_structure=&#8221;1_2,1_2&#8243; _builder_version=&#8221;4.16&#8243; module_alignment=&#8221;center&#8221; custom_margin=&#8221;|||&#8221; custom_margin_tablet=&#8221;0px|||&#8221; custom_margin_phone=&#8221;0px|||&#8221; custom_margin_last_edited=&#8221;off|desktop&#8221; custom_padding=&#8221;||0px|||&#8221; saved_tabs=&#8221;all&#8221; global_colors_info=&#8221;{}&#8221;][et_pb_column type=&#8221;1_2&#8243; _builder_version=&#8221;4.16&#8243; background_color_gradient_direction=&#8221;35deg&#8221; custom_padding=&#8221;|||&#8221; custom_padding_tablet=&#8221;|0px||&#8221; custom_padding_last_edited=&#8221;off|desktop&#8221; global_colors_info=&#8221;{}&#8221; padding_tablet=&#8221;|0px||&#8221; padding_last_edited=&#8221;off|desktop&#8221; custom_padding__hover=&#8221;|||&#8221;][et_pb_blurb title=&#8221;Warszawa wizualnie&#8221; use_icon=&#8221;on&#8221; font_icon=&#8221;&#xe081;||divi||400&#8243; icon_placement=&#8221;left&#8221; _builder_version=&#8221;4.17.6&#8243; header_font=&#8221;Montserrat|500|||||||&#8221; header_font_size=&#8221;15px&#8221; body_font=&#8221;Montserrat|300|||||||&#8221; body_text_align=&#8221;left&#8221; body_line_height=&#8221;1.8em&#8221; custom_margin=&#8221;||0px||false|false&#8221; global_colors_info=&#8221;{}&#8221;]<\/p>\n<p>&nbsp;<\/p>\n<ul>\n<li>Czas trwania: 2,5-5 h<\/li>\n<li>Cena: od 670 z\u0142<\/li>\n<li><a href=\"mailto:myidziemy@gmail.com\">Zam\u00f3w lub zapytaj o wolny termin<\/a><\/li>\n<\/ul>\n<p>[\/et_pb_blurb][et_pb_accordion open_toggle_text_color=&#8221;#ed1163&#8243; open_toggle_background_color=&#8221;#ededed&#8221; closed_toggle_background_color=&#8221;#ededed&#8221; _builder_version=&#8221;4.17.6&#8243; border_width_all=&#8221;0px&#8221; global_colors_info=&#8221;{}&#8221;][et_pb_accordion_item title=&#8221;Warszawa wizualnie&#8221; open=&#8221;on&#8221; _builder_version=&#8221;4.17.6&#8243; global_colors_info=&#8221;{}&#8221;]<\/p>\n<p><span style=\"font-weight: 400;\">Varsavianistyczny spacer po \u015ar\u00f3dmie\u015bciu \u0142\u0105cz\u0105cy w sobie wiedz\u0119 o kulturze, architekturze, sztukach plastycznych i historii. Podczas zaj\u0119\u0107 odwiedzamy zar\u00f3wno popularne, jak i mniej znane zak\u0105tki centrum, zwracamy uwag\u0119 na ich wygl\u0105d i histori\u0119. Uczniowie maj\u0105 okazj\u0119 pozna\u0107 Warszaw\u0119 od strony sztuki: od Canaletta po Dwurnika, od klasycyzmu po postmodernizm. Warszawa wizualnie pokazuje, \u017ce architektura, biografie, sztuka dawna i wsp\u00f3\u0142czesna mog\u0105 by\u0107 \u015bwietnymi kontekstami maturalnymi i \u017ce warto zosta\u0107 turyst\u0105 we w\u0142asnym mie\u015bcie.<\/span><span style=\"font-weight: 400;\"><\/span><\/p>\n<p>[\/et_pb_accordion_item][\/et_pb_accordion][et_pb_blurb title=&#8221;Co Wokulski w Warszawie robi\u0142?&#8221; use_icon=&#8221;on&#8221; font_icon=&#8221;&#xe081;||divi||400&#8243; icon_placement=&#8221;left&#8221; _builder_version=&#8221;4.17.6&#8243; header_font=&#8221;Montserrat|500|||||||&#8221; header_font_size=&#8221;15px&#8221; body_font=&#8221;Montserrat|300|||||||&#8221; body_text_align=&#8221;left&#8221; body_line_height=&#8221;1.8em&#8221; custom_margin=&#8221;||0px||false|false&#8221; global_colors_info=&#8221;{}&#8221;]<\/p>\n<ul>\n<li>Literatura: <span style=\"color: #808080;\"><strong><em>Lalka<\/em> <\/strong><\/span>Boles\u0142awa Prusa<\/li>\n<li>Czas trwania: 2,5-5 h<\/li>\n<li>Cena: od 670 z\u0142<\/li>\n<li><a href=\"mailto:myidziemy@gmail.com\">Zam\u00f3w lub zapytaj o wolny termin<\/a><\/li>\n<\/ul>\n<p>[\/et_pb_blurb][et_pb_accordion open_toggle_text_color=&#8221;#ed1163&#8243; open_toggle_background_color=&#8221;#ededed&#8221; closed_toggle_background_color=&#8221;#ededed&#8221; _builder_version=&#8221;4.16&#8243; border_width_all=&#8221;0px&#8221; global_colors_info=&#8221;{}&#8221;][et_pb_accordion_item title=&#8221;Co Wokulski w Warszawie robi\u0142?&#8221; open=&#8221;on&#8221; _builder_version=&#8221;4.16&#8243; global_colors_info=&#8221;{}&#8221;]<\/p>\n<p><span style=\"font-weight: 400;\">Omawiaj\u0105c \u201cLalk\u0119\u201d, zobaczy\u0107 naj\u017c\u00f3\u0142ciejsz\u0105 z kamienic i zatrzyma\u0107 si\u0119 przy kawiarni, w kt\u00f3rej Prus pisa\u0142 powie\u015b\u0107 po prostu trzeba! Spacer literacki szlakiem bohater\u00f3w ksi\u0105\u017cki z Idzie.my to nie tylko zrekonstruowanie mapy XIX-wiecznej Warszawy i odwiedzenie miejsc, w kt\u00f3rych rozgrywa si\u0119 akcja, lecz tak\u017ce utrwalenie problematyki ksi\u0105\u017cki poprzez osadzenie jej w realiach \u017cycia warszawskiego spo\u0142ecze\u0144stwa tamtego okresu. Podczas spaceru \u0107wiczymy prac\u0119 z tekstem literackim, si\u0119gaj\u0105c po fragmenty powie\u015bci, zwracamy uwag\u0119 na zabiegi j\u0119zykowe, po kt\u00f3re si\u0119gn\u0105\u0142 autor, tworz\u0105c dzie\u0142o. Literatura nie zna bardziej \u201co\u017cywionego\u201d bohatera ni\u017c Stanis\u0142aw Wokulski, kt\u00f3ry doczeka\u0142 si\u0119 fanklub\u00f3w i niebywa\u0142ej ilo\u015bci mem\u00f3w. Pora pod\u0105\u017cy\u0107 jego \u015bladem!\u00a0<\/span><\/p>\n<p><span style=\"font-weight: 400;\">Spacer realizowany w 2 wariantach<br \/><\/span><\/p>\n<p>[\/et_pb_accordion_item][\/et_pb_accordion][et_pb_blurb title=&#8221;Pary\u017c P\u00f3\u0142nocy&#8221; use_icon=&#8221;on&#8221; font_icon=&#8221;&#xe081;||divi||400&#8243; icon_placement=&#8221;left&#8221; _builder_version=&#8221;4.17.6&#8243; header_font=&#8221;Montserrat|500|||||||&#8221; header_font_size=&#8221;15px&#8221; body_font=&#8221;Montserrat|300|||||||&#8221; body_line_height=&#8221;1.8em&#8221; custom_margin=&#8221;||0px||false|false&#8221; custom_padding_tablet=&#8221;&#8221; custom_padding_phone=&#8221;&#8221; custom_padding_last_edited=&#8221;on|desktop&#8221; global_colors_info=&#8221;{}&#8221;]<\/p>\n<ul>\n<li>Literatura: wybrane utwory z epoki<\/li>\n<li>Czas trwania: 3 h<\/li>\n<li>Cena: 670 z\u0142<span style=\"color: #ff00ff;\"><\/span><\/li>\n<li><a href=\"mailto:myidziemy@gmail.com\">Zam\u00f3w lub zapytaj o wolny termin<\/a><\/li>\n<\/ul>\n<p>[\/et_pb_blurb][et_pb_accordion open_toggle_text_color=&#8221;#ed1163&#8243; open_toggle_background_color=&#8221;#ededed&#8221; closed_toggle_background_color=&#8221;#ededed&#8221; _builder_version=&#8221;4.27.4&#8243; border_width_all=&#8221;0px&#8221; global_colors_info=&#8221;{}&#8221;][et_pb_accordion_item title=&#8221;Pary\u017c P\u00f3\u0142nocy&#8221; open=&#8221;on&#8221; _builder_version=&#8221;4.27.4&#8243; _module_preset=&#8221;default&#8221; global_colors_info=&#8221;{}&#8221;]<\/p>\n<p><span style=\"font-weight: 400;\">Warszaw\u0119 okresu dwudziestolecia mi\u0119dzywojennego nazywa si\u0119 Pary\u017cem P\u00f3\u0142nocy i gdy spojrzymy na centraln\u0105 cz\u0119\u015b\u0107 \u015ar\u00f3dmie\u015bcia, dostrze\u017cemy, \u017ce nie ma w tym ani krzty przesady<\/span><span style=\"font-weight: 400;\">. W ca\u0142ej Europie \u015arodkowej nie by\u0142o bardziej luksusowego domu handlowego ni\u017c ten Braci Jab\u0142kowskich, a w Adrii zwyk\u0142o si\u0119 jada\u0107 ch\u0142odnik z rakami. Spacer szlakiem Warszawy XX-lecia to ukazanie Warszawy i jej \u017cycia literackiego w pe\u0142nej krasie, r\u00f3wnie\u017c nielegalnych robotniczych scen kabaretowych czy pojedynk\u00f3w literat\u00f3w nieb\u0119d\u0105cych pod wp\u0142ywem wy\u0142\u0105cznie weny&#8230; Na spacerze niemal us\u0142yszymy turkot wszechobecnych w XX-leciu doro\u017cek, zajrzymy do w\u0119dliniarni Pod Ryjkiem, gdzie na zak\u0105ski i co\u015b do nich zagl\u0105dali znani mieszka\u0144cy stolicy oraz oczywi\u015bcie przeczytamy teksty z epoki b\u0119d\u0105ce \u015bwiadectwem r\u00f3\u017cnorodno\u015bci kulturowej i artystycznej \u00f3wczesnego \u015bwiata. Jak mawia\u0142 jeden z naczelnych mieszka\u0144c\u00f3w mi\u0119dzywojennej stolicy, mistrz felietonu i w\u0142a\u015bciciel Teatru Popularnego, w kt\u00f3rym zatrudnia\u0142 niebezpiecznych gangster\u00f3w w roli aktor\u00f3w, Stefan Wiechecki: \u201cW Warszawie, uwa\u017ca pan, si\u0119 \u017cyje!\u201d Idzie.my tego \u017cycia zasmakowa\u0107!<\/span><\/p>\n<p>[\/et_pb_accordion_item][\/et_pb_accordion][et_pb_blurb title=&#8221;Po schodach Muranowa i okolic &#8221; use_icon=&#8221;on&#8221; font_icon=&#8221;&#xe081;||divi||400&#8243; icon_placement=&#8221;left&#8221; _builder_version=&#8221;4.17.6&#8243; header_font=&#8221;Montserrat|500|||||||&#8221; header_font_size=&#8221;15px&#8221; body_font=&#8221;Montserrat|300|||||||&#8221; body_line_height=&#8221;1.8em&#8221; custom_margin=&#8221;||0px||false|false&#8221; custom_padding_tablet=&#8221;&#8221; custom_padding_phone=&#8221;&#8221; custom_padding_last_edited=&#8221;on|desktop&#8221; global_colors_info=&#8221;{}&#8221;]<\/p>\n<ul>\n<li>Literatura: <span style=\"color: #808080;\"><strong><em>Zd\u0105\u017cy\u0107 przed Panem Bogiem<\/em> <\/strong><\/span>Hanny Krall<\/li>\n<li>Czas trwania: 3 h<\/li>\n<li>Cena: 670 z\u0142<span style=\"color: #ff00ff;\"><\/span><\/li>\n<li><a href=\"mailto:myidziemy@gmail.com\">Zam\u00f3w lub zapytaj o wolny termin<\/a><\/li>\n<\/ul>\n<p>[\/et_pb_blurb][et_pb_accordion open_toggle_text_color=&#8221;#ed1163&#8243; open_toggle_background_color=&#8221;#ededed&#8221; closed_toggle_background_color=&#8221;#ededed&#8221; _builder_version=&#8221;4.16&#8243; border_width_all=&#8221;0px&#8221; global_colors_info=&#8221;{}&#8221;][et_pb_accordion_item title=&#8221;Po schodach Muranowa i okolic&#8221; open=&#8221;on&#8221; _builder_version=&#8221;4.16&#8243; _module_preset=&#8221;default&#8221; global_colors_info=&#8221;{}&#8221;]<\/p>\n<p>Najciekawsze miejsca, historia budynk\u00f3w i ludzi oraz dramatyczne wydarzenia rozgrywaj\u0105ce si\u0119 na terenie dzisiejszego Muranowa i jego okolic podczas okupacji hitlerowskiej to bohaterowie opowie\u015bci spaceru tym szlakiem. Relacja Marka Edelmana o\u017cywa na naszych oczach, daj\u0105c m\u0142odzie\u017cy silny impuls do refleksji nad stanem \u015bwiata niegdy\u015b i teraz.<br \/>Lekcja cz\u0142owiecze\u0144stwa, historii i j\u0119zyka polskiego, wa\u017cny punkt na mapie programu nauczania.<\/p>\n<p>[\/et_pb_accordion_item][\/et_pb_accordion][et_pb_blurb title=&#8221;Star\u00f3wka i Trakt Kr\u00f3lewski&#8221; use_icon=&#8221;on&#8221; font_icon=&#8221;&#xe081;||divi||400&#8243; icon_placement=&#8221;left&#8221; _builder_version=&#8221;4.27.0&#8243; header_font=&#8221;Montserrat|500|||||||&#8221; header_font_size=&#8221;15px&#8221; body_font=&#8221;Montserrat|300|||||||&#8221; body_line_height=&#8221;1.8em&#8221; custom_margin=&#8221;||28px|||&#8221; global_colors_info=&#8221;{}&#8221;]<\/p>\n<ul>\n<li>Czas trwania: 2,5 h<\/li>\n<li>Cena: od 670 z\u0142<\/li>\n<\/ul>\n<p><a href=\"#\">Zam\u00f3w lub zapytaj o wolny termin<\/a><\/p>\n<p>[\/et_pb_blurb][et_pb_accordion open_toggle_text_color=&#8221;#ed1163&#8243; open_toggle_background_color=&#8221;#ededed&#8221; closed_toggle_background_color=&#8221;#ededed&#8221; _builder_version=&#8221;4.27.4&#8243; border_width_all=&#8221;0px&#8221; global_colors_info=&#8221;{}&#8221;][et_pb_accordion_item title=&#8221;Star\u00f3wka i Trakt Kr\u00f3lewski&#8221; open=&#8221;on&#8221; _builder_version=&#8221;4.27.4&#8243; global_colors_info=&#8221;{}&#8221;]<\/p>\n<p style=\"line-height: 150%; margin-bottom: 0.28cm;\">Ten spacer b\u0119d\u0105cy punktem obowi\u0105zkowym podczas wizyty w stolicy ze mn\u0105 staje si\u0119 prawdziw\u0105 przygod\u0105. Opr\u00f3cz \u201epunkt\u00f3w obowi\u0105zkowych\u201d na mapie Star\u00f3wki, odwiedzamy nieoczywiste miejsca skrywaj\u0105ce \u015blady \u017cycia dawnych mieszka\u0144c\u00f3w Starego Miasta. Dzi\u0119ki przewodnickiej opowie\u015bci Star\u00f3wka o\u017cywa, kolorowe kamieniczki zachwycaj\u0105 nie tylko wygl\u0105dem, ale historiami ich niezwyk\u0142ych lokator\u00f3w.<\/p>\n<p>[\/et_pb_accordion_item][\/et_pb_accordion][\/et_pb_column][et_pb_column type=&#8221;1_2&#8243; _builder_version=&#8221;4.16&#8243; custom_padding=&#8221;|||&#8221; global_colors_info=&#8221;{}&#8221; custom_padding__hover=&#8221;|||&#8221;][et_pb_blurb title=&#8221;Polsko-historyczny spacer maturzysty&#8221; use_icon=&#8221;on&#8221; font_icon=&#8221;&#xe081;||divi||400&#8243; icon_placement=&#8221;left&#8221; _builder_version=&#8221;4.17.6&#8243; header_font=&#8221;Montserrat|500|||||||&#8221; header_font_size=&#8221;15px&#8221; body_font=&#8221;Montserrat|300|||||||&#8221; body_line_height=&#8221;1.8em&#8221; custom_margin=&#8221;||0px||false|false&#8221; global_colors_info=&#8221;{}&#8221;]<\/p>\n<ul>\n<li>Czas trwania: 2,5-3 h<\/li>\n<li>Cena: 670 z\u0142<\/li>\n<li><a href=\"mailto:myidziemy@gmail.com\">Zam\u00f3w lub zapytaj o wolny termin<\/a><\/li>\n<\/ul>\n<p>[\/et_pb_blurb][et_pb_accordion open_toggle_text_color=&#8221;#ed1163&#8243; open_toggle_background_color=&#8221;#ededed&#8221; closed_toggle_background_color=&#8221;#ededed&#8221; _builder_version=&#8221;4.16&#8243; border_width_all=&#8221;0px&#8221; global_colors_info=&#8221;{}&#8221;][et_pb_accordion_item title=&#8221;Polsko-historyczny spacer maturzysty&#8221; open=&#8221;on&#8221; _builder_version=&#8221;4.16&#8243; global_colors_info=&#8221;{}&#8221;]<\/p>\n<p><span style=\"font-weight: 400;\">Skierowane do klas 3 i 4 szk\u00f3\u0142 ponadpodstawowych zaj\u0119cia, kt\u00f3re dzi\u0119ki systemowi skojarze\u0144 i technice zapami\u0119tywania w przestrzeni pozwalaj\u0105 na skuteczne powt\u00f3rzenie najistotniejszych motyw\u00f3w epok historyczno-literackich i uporz\u0105dkowanie chronologii najwa\u017cniejszych historycznych wydarze\u0144, do kt\u00f3rych odniesienia mo\u017cna cz\u0119sto spotka\u0107 w literaturze. Niezb\u0119dna ka\u017cdemu maturzy\u015bcie baza wiedzy podana w atrakcyjnej formule kultowych miejsc Warszawy.<\/span><\/p>\n<p>[\/et_pb_accordion_item][\/et_pb_accordion][et_pb_blurb title=&#8221;Nowele pozytywistyczne&#8221; use_icon=&#8221;on&#8221; font_icon=&#8221;&#xe081;||divi||400&#8243; icon_placement=&#8221;left&#8221; disabled_on=&#8221;on|on|on&#8221; _builder_version=&#8221;4.16&#8243; header_font=&#8221;Montserrat|500|||||||&#8221; header_font_size=&#8221;15px&#8221; body_font=&#8221;Montserrat|300|||||||&#8221; body_line_height=&#8221;1.8em&#8221; custom_margin=&#8221;||0px||false|false&#8221; disabled=&#8221;on&#8221; global_colors_info=&#8221;{}&#8221;]<\/p>\n<ul>\n<li>Czas trwania: 2-5 h<\/li>\n<li>Cena: 490 z\u0142<\/li>\n<li><a href=\"mailto:myidziemy@gmail.com\">Zam\u00f3w lub zapytaj o wolny termin<\/a><\/li>\n<\/ul>\n<p>[\/et_pb_blurb][et_pb_accordion open_toggle_text_color=&#8221;#ed1163&#8243; open_toggle_background_color=&#8221;#ededed&#8221; closed_toggle_background_color=&#8221;#ededed&#8221; disabled_on=&#8221;on|on|on&#8221; _builder_version=&#8221;4.16&#8243; border_width_all=&#8221;0px&#8221; disabled=&#8221;on&#8221; global_colors_info=&#8221;{}&#8221;][et_pb_accordion_item title=&#8221;Nowele pozytywistyczne&#8221; open=&#8221;on&#8221; _builder_version=&#8221;4.16&#8243; global_colors_info=&#8221;{}&#8221;][\/et_pb_accordion_item][\/et_pb_accordion][et_pb_blurb title=&#8221;Romantyczna Warszawa 2.0&#8243; use_icon=&#8221;on&#8221; font_icon=&#8221;&#xe081;||divi||400&#8243; icon_placement=&#8221;left&#8221; _builder_version=&#8221;4.17.6&#8243; header_font=&#8221;Montserrat|500|||||||&#8221; header_font_size=&#8221;15px&#8221; body_font=&#8221;Montserrat|300|||||||&#8221; body_line_height=&#8221;1.8em&#8221; custom_margin=&#8221;||0px||false|false&#8221; global_colors_info=&#8221;{}&#8221;]<\/p>\n<ul>\n<li>Literatura: lektury z epoki romantyzmu<\/li>\n<li>Czas trwania: 2,5-3 h<\/li>\n<li>Cena: 670 z\u0142<\/li>\n<li><a href=\"mailto:myidziemy@gmail.com\">Zam\u00f3w lub zapytaj o wolny termin<\/a><\/li>\n<\/ul>\n<p>[\/et_pb_blurb][et_pb_accordion open_toggle_text_color=&#8221;#ed1163&#8243; open_toggle_background_color=&#8221;#ededed&#8221; closed_toggle_background_color=&#8221;#ededed&#8221; _builder_version=&#8221;4.16&#8243; border_width_all=&#8221;0px&#8221; global_colors_info=&#8221;{}&#8221;][et_pb_accordion_item title=&#8221;Romantyczna Warszawa 2.0&#8243; open=&#8221;on&#8221; _builder_version=&#8221;4.16&#8243; global_colors_info=&#8221;{}&#8221;]<\/p>\n<p><span style=\"font-weight: 400;\">Tropy romantyk\u00f3w na warszawskich ulicach. Spacer literacki nawi\u0105zuj\u0105cy do lektur epoki romantyzmu przewidzianych w programie szko\u0142y ponadpodstawowej. Sam Mickiewicz w Warszawie pojawi\u0142 si\u0119 wprawdzie tylko na postumencie, cho\u0107 za spraw\u0105 innego literata, ale utwory tego poety i innych wieszcz\u00f3w stanowi\u0105 wa\u017cne t\u0142o zaj\u0119\u0107. O historii pomnika i innych romantycznych perypetiach m\u00f3wimy na spacerze, poznaj\u0105c romantyzm nie tylko z jego powszechnie znanej dumnej strony, lecz tak\u017ce z mniej znanych, cz\u0119sto ukrywanych w\u0105tk\u00f3w literackiego \u017cycia stolicy.\u00a0\u00a0<\/span><\/p>\n<p>[\/et_pb_accordion_item][\/et_pb_accordion][et_pb_blurb title=&#8221;Getto&#8221; use_icon=&#8221;on&#8221; font_icon=&#8221;&#xe081;||divi||400&#8243; icon_placement=&#8221;left&#8221; disabled_on=&#8221;on|on|on&#8221; _builder_version=&#8221;4.16&#8243; header_font=&#8221;Montserrat|500|||||||&#8221; header_font_size=&#8221;15px&#8221; body_font=&#8221;Montserrat|300|||||||&#8221; body_line_height=&#8221;1.8em&#8221; custom_margin=&#8221;||0px||false|false&#8221; custom_padding_tablet=&#8221;&#8221; custom_padding_phone=&#8221;&#8221; custom_padding_last_edited=&#8221;on|desktop&#8221; disabled=&#8221;on&#8221; global_colors_info=&#8221;{}&#8221;]<\/p>\n<ul>\n<li>Czas trwania: 2-3 h<\/li>\n<li>Cena: od 28 z\u0142\/os.<span style=\"color: #ff00ff;\"><\/span><\/li>\n<li><a href=\"mailto:myidziemy@gmail.com\">Zam\u00f3w lub zapytaj o wolny termin<\/a><\/li>\n<\/ul>\n<p>[\/et_pb_blurb][et_pb_accordion open_toggle_text_color=&#8221;#ed1163&#8243; open_toggle_background_color=&#8221;#ededed&#8221; closed_toggle_background_color=&#8221;#ededed&#8221; disabled_on=&#8221;on|on|on&#8221; _builder_version=&#8221;4.16&#8243; border_width_all=&#8221;0px&#8221; disabled=&#8221;on&#8221; global_colors_info=&#8221;{}&#8221;][et_pb_accordion_item title=&#8221;Getto&#8221; open=&#8221;on&#8221; _builder_version=&#8221;4.16&#8243; _module_preset=&#8221;default&#8221; global_colors_info=&#8221;{}&#8221;][\/et_pb_accordion_item][\/et_pb_accordion][et_pb_blurb title=&#8221;Co potrafi woda? Spacer geograficzny&#8221; use_icon=&#8221;on&#8221; font_icon=&#8221;&#xe081;||divi||400&#8243; icon_placement=&#8221;left&#8221; disabled_on=&#8221;on|on|on&#8221; _builder_version=&#8221;4.17.6&#8243; header_font=&#8221;Montserrat|500|||||||&#8221; header_font_size=&#8221;15px&#8221; body_font=&#8221;Montserrat|300|||||||&#8221; body_line_height=&#8221;1.8em&#8221; custom_margin=&#8221;||0px||false|false&#8221; disabled=&#8221;on&#8221; locked=&#8221;off&#8221; global_colors_info=&#8221;{}&#8221;]<\/p>\n<ul>\n<li>Spacer o procesach kszta\u0142tuj\u0105cych otaczaj\u0105c\u0105 nas przestrze\u0144<\/li>\n<li>Czas trwania: 2,5-3 h<\/li>\n<li>Cena: 670 z\u0142<\/li>\n<li><a href=\"mailto:myidziemy@gmail.com\">Zam\u00f3w lub zapytaj o wolny termin<\/a><\/li>\n<\/ul>\n<p>[\/et_pb_blurb][et_pb_accordion open_toggle_text_color=&#8221;#ed1163&#8243; open_toggle_background_color=&#8221;#ededed&#8221; closed_toggle_background_color=&#8221;#ededed&#8221; disabled_on=&#8221;on|on|on&#8221; _builder_version=&#8221;4.16&#8243; border_width_all=&#8221;0px&#8221; disabled=&#8221;on&#8221; locked=&#8221;off&#8221; global_colors_info=&#8221;{}&#8221;][et_pb_accordion_item title=&#8221;Co potrafi woda?&#8221; open=&#8221;on&#8221; _builder_version=&#8221;4.16&#8243; global_colors_info=&#8221;{}&#8221;]<\/p>\n<p>Najbli\u017csza okolica to przestrze\u0144 od kt\u00f3rej powinni\u015bmy zaczyna\u0107 poznawanie \u015bwiata. Nasza, miejska, jest mocno kszta\u0142towana przez cz\u0142owieka. Jednak znajdziemy tu wiele \u015blad\u00f3w dzia\u0142alno\u015bci proces\u00f3w naturalnych.<br \/>Podczas spaceru dowiemy si\u0119, jakie znaczenie ma fakt, \u017ce obszar ten w ca\u0142o\u015bci pokryty by\u0142 l\u0105dolodem. Zobaczymy, jak wiele do krajobrazu miasta wnios\u0142a Wis\u0142a, mimo \u017ce nie znajdziemy si\u0119 nad jej brzegiem. Znajdziemy \u017ar\u00f3d\u0142a, w\u0105wozy, jeziora &#8211; i to wszystko niemal w centrum miasta!<br \/>Odpowiemy na pytanie jak i kiedy postawa\u0142y napotkane formy terenu oraz zapoznamy si\u0119 z budow\u0105 geologiczn\u0105 obszaru. Poruszymy tematy m.in. z zakresu geomorfologii, hydrologii czy geoekologii.<br \/>Nie zabraknie ciekawostek, pomiar\u00f3w, do\u015bwiadcze\u0144 oraz pracy z map\u0105.<br \/>Zaj\u0119cia b\u0119d\u0105 doskona\u0142ym narz\u0119dziem do podsumowania i ugruntowania zdobytej wcze\u015bniej wiedzy jak i jej poszerzenia.<\/p>\n<p>[\/et_pb_accordion_item][\/et_pb_accordion][et_pb_blurb title=&#8221;Stare Pow\u0105zki &#8211; niezwyk\u0142e historie wyj\u0105tkowych ludzi&#8221; use_icon=&#8221;on&#8221; font_icon=&#8221;&#xe081;||divi||400&#8243; icon_placement=&#8221;left&#8221; _builder_version=&#8221;4.27.4&#8243; header_font=&#8221;Montserrat|500|||||||&#8221; header_font_size=&#8221;15px&#8221; body_font=&#8221;Montserrat|300|||||||&#8221; body_line_height=&#8221;1.8em&#8221; custom_margin=&#8221;||28px|||&#8221; global_colors_info=&#8221;{}&#8221;]<\/p>\n<ul>\n<li>Czas trwania: 2,5 h<\/li>\n<li>Cena: od 670 z\u0142<\/li>\n<\/ul>\n<p><a href=\"#\">Zam\u00f3w lub zapytaj o wolny termin<\/a><\/p>\n<p>[\/et_pb_blurb][et_pb_accordion open_toggle_text_color=&#8221;#ed1163&#8243; open_toggle_background_color=&#8221;#ededed&#8221; closed_toggle_background_color=&#8221;#ededed&#8221; _builder_version=&#8221;4.27.4&#8243; border_width_all=&#8221;0px&#8221; global_colors_info=&#8221;{}&#8221;][et_pb_accordion_item title=&#8221;Stare Pow\u0105zki &#8211; niezwyk\u0142e historie wyj\u0105tkowych ludzi&#8221; open=&#8221;on&#8221; _builder_version=&#8221;4.27.4&#8243; global_colors_info=&#8221;{}&#8221;]<\/p>\n<p style=\"line-height: 150%; margin-bottom: 0.28cm;\">Spacer wiod\u0105cy alejkami zabytkowego cmentarza, kt\u00f3ry skrywa biografie wielu niesamowitych os\u00f3b, gdzie kamie\u0144 opowiada historie.<\/p>\n<p style=\"line-height: 108%; margin-bottom: 0.2cm;\">[\/et_pb_accordion_item][\/et_pb_accordion][et_pb_blurb title=&#8221;Pow\u0105zki Wojskowe &#8211; piechot\u0105 przez histori\u0119&#8221; use_icon=&#8221;on&#8221; font_icon=&#8221;&#xe081;||divi||400&#8243; icon_placement=&#8221;left&#8221; _builder_version=&#8221;4.27.4&#8243; header_font=&#8221;Montserrat|500|||||||&#8221; header_font_size=&#8221;15px&#8221; body_font=&#8221;Montserrat|300|||||||&#8221; body_line_height=&#8221;1.8em&#8221; custom_margin=&#8221;||28px|||&#8221; global_colors_info=&#8221;{}&#8221;]<\/p>\n<ul>\n<li>Czas trwania: 2,5 h<\/li>\n<li>Cena: od 670 z\u0142<\/li>\n<\/ul>\n<p><a href=\"#\">Zam\u00f3w lub zapytaj o wolny termin<\/a><\/p>\n<p>[\/et_pb_blurb][et_pb_accordion open_toggle_text_color=&#8221;#ed1163&#8243; open_toggle_background_color=&#8221;#ededed&#8221; closed_toggle_background_color=&#8221;#ededed&#8221; _builder_version=&#8221;4.27.4&#8243; border_width_all=&#8221;0px&#8221; global_colors_info=&#8221;{}&#8221;][et_pb_accordion_item title=&#8221;Pow\u0105zki Wojskowe &#8211; piechot\u0105 przez histori\u0119&#8221; open=&#8221;on&#8221; _builder_version=&#8221;4.27.4&#8243; global_colors_info=&#8221;{}&#8221;]<\/p>\n<p style=\"line-height: 150%; margin-bottom: 0.28cm;\">\u015acie\u017cka prowadz\u0105ca przez meandry polskiej historii \u2013 nie tylko tej zwi\u0105zanej z kombatantami.<\/p>\n<p style=\"line-height: 108%; margin-bottom: 0.28cm;\">[\/et_pb_accordion_item][\/et_pb_accordion][\/et_pb_column][\/et_pb_row][\/et_pb_section][et_pb_section fb_built=&#8221;1&#8243; admin_label=&#8221;Events&#8221; _builder_version=&#8221;4.16&#8243; custom_margin=&#8221;||||false|false&#8221; custom_padding=&#8221;0px|||||&#8221; locked=&#8221;off&#8221; global_colors_info=&#8221;{}&#8221;][et_pb_row module_id=&#8221;grymiejskie&#8221; _builder_version=&#8221;4.16&#8243; global_colors_info=&#8221;{}&#8221;][et_pb_column type=&#8221;4_4&#8243; _builder_version=&#8221;4.16&#8243; global_colors_info=&#8221;{}&#8221;][et_pb_text _builder_version=&#8221;4.16&#8243; text_font=&#8221;Literata||||||||&#8221; header_font=&#8221;Literata||||||||&#8221; custom_margin=&#8221;||||false|false&#8221; global_colors_info=&#8221;{}&#8221;]<\/p>\n<h1>Gry miejskie i terenowe<\/h1>\n<p>Wiele gier, <strong>po wcze\u015bniejszych ustaleniach<\/strong>, mo\u017cemy zrealizowa\u0107 poza przeznaczon\u0105 im przestrzeni\u0105 miejsk\u0105 &#8211; na terenie plac\u00f3wki lub w miejscu znajduj\u0105cym si\u0119 w jej pobli\u017cu (np. w zaprzyja\u017anionym parku).<\/p>\n<p>[\/et_pb_text][\/et_pb_column][\/et_pb_row][et_pb_row column_structure=&#8221;1_2,1_2&#8243; _builder_version=&#8221;4.16&#8243; module_alignment=&#8221;center&#8221; custom_margin=&#8221;|||&#8221; custom_margin_tablet=&#8221;0px|||&#8221; custom_margin_phone=&#8221;0px|||&#8221; custom_margin_last_edited=&#8221;off|desktop&#8221; custom_padding=&#8221;|||&#8221; saved_tabs=&#8221;all&#8221; global_colors_info=&#8221;{}&#8221;][et_pb_column type=&#8221;1_2&#8243; _builder_version=&#8221;4.16&#8243; background_color_gradient_direction=&#8221;35deg&#8221; custom_padding=&#8221;|||&#8221; custom_padding_tablet=&#8221;|0px||&#8221; custom_padding_last_edited=&#8221;off|desktop&#8221; global_colors_info=&#8221;{}&#8221; padding_tablet=&#8221;|0px||&#8221; padding_last_edited=&#8221;off|desktop&#8221; custom_padding__hover=&#8221;|||&#8221;][et_pb_blurb title=&#8221;Biznes po warszawsku&#8221; use_icon=&#8221;on&#8221; font_icon=&#8221;&#xe081;||divi||400&#8243; icon_placement=&#8221;left&#8221; _builder_version=&#8221;4.27.0&#8243; header_font=&#8221;Montserrat|500|||||||&#8221; header_font_size=&#8221;15px&#8221; body_font=&#8221;Montserrat|300|||||||&#8221; body_line_height=&#8221;1.8em&#8221; custom_margin=&#8221;||0px||false|false&#8221; global_colors_info=&#8221;{}&#8221;]<\/p>\n<p>&nbsp;<\/p>\n<ul>\n<li>Czas trwania: 2-2,5 h<\/li>\n<li>Cena: od 48 z\u0142\/os.<\/li>\n<li><a href=\"mailto:myidziemy@gmail.com\">Zam\u00f3w lub zapytaj o wolny termin<\/a><\/li>\n<\/ul>\n<p>[\/et_pb_blurb][et_pb_accordion open_toggle_text_color=&#8221;#ed1163&#8243; open_toggle_background_color=&#8221;#ededed&#8221; closed_toggle_background_color=&#8221;#ededed&#8221; _builder_version=&#8221;4.27.0&#8243; border_width_all=&#8221;0px&#8221; global_colors_info=&#8221;{}&#8221;][et_pb_accordion_item title=&#8221;Biznes po warszawsku&#8221; open=&#8221;on&#8221; _builder_version=&#8221;4.27.0&#8243; global_colors_info=&#8221;{}&#8221;]<\/p>\n<p>Niezwykle warto\u015bciowa gra! I to nie tylko dlatego, \u017ce pojawia si\u0119 w niej poj\u0119cie warto\u015bci pieni\u0105dza. Jest w niej mowa o gospodarce, podatkach, walucie czy historii \u015brodk\u00f3w p\u0142atniczych. To porcja wiedzy o wsp\u00f3\u0142czesnym \u015bwiecie finans\u00f3w niezb\u0119dna ka\u017cdemu, niezale\u017cnie od wieku.<\/p>\n<p>Uczniowie rozwi\u0105zuj\u0105c zadania, zapoznaj\u0105 si\u0119 z poj\u0119ciami z zakresu ekonomii i mechanizm\u00f3w gospodarki. Wykonuj\u0105 obliczenia w oparciu o realne dane, aby zrozumie\u0107 zasady funkcjonowania bud\u017cetu pa\u0144stwa.<\/p>\n<p>Trasa gry skonstruowana jest tak, <br \/>aby uczestnicy odkryli na mapie Warszawy miejsca zwi\u0105zane z tematem finans\u00f3w i bankowo\u015bci. Zar\u00f3wno te historyczne, kt\u00f3re stanowi\u0105 wa\u017cny element historii miasta, jak i wsp\u00f3\u0142czesne, kt\u00f3re pe\u0142ni\u0105 funkcj\u0119 dzia\u0142aj\u0105cych obecnie instytucji.<\/p>\n<p>[\/et_pb_accordion_item][\/et_pb_accordion][et_pb_blurb title=&#8221;Akcja integracja&#8221; use_icon=&#8221;on&#8221; font_icon=&#8221;&#xe081;||divi||400&#8243; icon_placement=&#8221;left&#8221; _builder_version=&#8221;4.17.6&#8243; header_font=&#8221;Montserrat|500|||||||&#8221; header_font_size=&#8221;15px&#8221; body_font=&#8221;Montserrat|300|||||||&#8221; body_line_height=&#8221;1.8em&#8221; custom_margin=&#8221;||0px||false|false&#8221; global_colors_info=&#8221;{}&#8221;]<\/p>\n<ul>\n<li>Czas trwania: 2-2,5 h<\/li>\n<li>Cena: od 48 z\u0142\/os.<\/li>\n<li><a href=\"mailto:myidziemy@gmail.com\">Zam\u00f3w lub zapytaj o wolny termin<\/a><\/li>\n<\/ul>\n<p>[\/et_pb_blurb][et_pb_accordion open_toggle_text_color=&#8221;#ed1163&#8243; open_toggle_background_color=&#8221;#ededed&#8221; closed_toggle_background_color=&#8221;#ededed&#8221; _builder_version=&#8221;4.23.1&#8243; border_width_all=&#8221;0px&#8221; locked=&#8221;off&#8221; global_colors_info=&#8221;{}&#8221;][et_pb_accordion_item title=&#8221;Akcja integracja&#8221; open=&#8221;on&#8221; _builder_version=&#8221;4.23.1&#8243; global_colors_info=&#8221;{}&#8221;]<\/p>\n<p><span style=\"font-weight: 400;\">Gra terenowa, kt\u00f3rej bohaterem jest Wasza klasa! Pomys\u0142 na sp\u0119dzenie czasu z Uczniami w absolutnie wyj\u0105tkowy i na d\u0142ugo zapadaj\u0105cy w pami\u0119\u0107 spos\u00f3b. Dominant\u0119 kompozycyjn\u0105 zaj\u0119\u0107 stanowi z pozoru zwyczajne \u017cycie ucznia szko\u0142y ponadpodstawowej w realiach wsp\u00f3\u0142czesnej Warszawy. Jak ze szko\u0142y dotrze\u0107 najszybciej do Schodk\u00f3w\u00a0 nad Wis\u0142\u0105, po drodze odwiedzaj\u0105c Plac Konesera i kiedy przygotowa\u0107 si\u0119 do sprawdzianu z biologii, skoro w Pawilonach otworzyli nowy lokal? \u00a0 \u00a0 \u00a0\u00a0 Z tymi i innymi dylematami b\u0119d\u0105 musieli poradzi\u0107 sobie Uczniowie, wsp\u00f3lnie obmy\u015blaj\u0105c skuteczny plan dzia\u0142ania. Bystre g\u0142owy, wygodne buty i du\u017ca doza humoru to przydatne wyposa\u017cenie Uczestnik\u00f3w gry, na kt\u00f3r\u0105 warto si\u0119 wybra\u0107 w r\u00f3\u017cnych momentach roku szkolnego, bo nie samymi lekcjami \u017cyje szko\u0142a.<br \/><\/span><\/p>\n<p>[\/et_pb_accordion_item][\/et_pb_accordion][et_pb_blurb title=&#8221;Romantyczna Warszawa 2.0 \u2013 gra&#8221; use_icon=&#8221;on&#8221; font_icon=&#8221;&#xe081;||divi||400&#8243; icon_placement=&#8221;left&#8221; _builder_version=&#8221;4.17.6&#8243; header_font=&#8221;Montserrat|500|||||||&#8221; header_font_size=&#8221;15px&#8221; body_font=&#8221;Montserrat|300|||||||&#8221; body_line_height=&#8221;1.8em&#8221; custom_margin=&#8221;||0px||false|false&#8221; locked=&#8221;off&#8221; global_colors_info=&#8221;{}&#8221;]<\/p>\n<ul>\n<li>Czas trwania: 2,5-3 h<\/li>\n<li>Cena: od 48 z\u0142\/os.<\/li>\n<li><a href=\"mailto:myidziemy@gmail.com\">Zam\u00f3w lub zapytaj o wolny termin<\/a><\/li>\n<\/ul>\n<p>[\/et_pb_blurb][et_pb_accordion open_toggle_text_color=&#8221;#ed1163&#8243; open_toggle_background_color=&#8221;#ededed&#8221; closed_toggle_background_color=&#8221;#ededed&#8221; _builder_version=&#8221;4.16&#8243; border_width_all=&#8221;0px&#8221; global_colors_info=&#8221;{}&#8221;][et_pb_accordion_item title=&#8221;Romantyczna Warszawa 2.0 \u2013 gra&#8221; open=&#8221;on&#8221; _builder_version=&#8221;4.16&#8243; global_colors_info=&#8221;{}&#8221;]<\/p>\n<p><span style=\"font-weight: 400;\">Warszawa w okresie romantyzmu to miasto o wielu twarzach, kt\u00f3re skute by\u0142o kajdanami Cesarstwa Rosyjskiego, ale nie zapomina\u0142o ani na chwil\u0119 o \u017cyciu, cho\u0107 przenios\u0142o je do podziemia. I to dos\u0142ownie! Podczas gry uczniowie odwiedz\u0105 ma\u0142o znane, owiane tajemnic\u0105 miejsca w stolicy i pod\u0105\u017c\u0105 tropem codzienno\u015bci romantyk\u00f3w, odkrywaj\u0105c ich nie zawsze chwalebne tajemnice. Zaj\u0119cia terenowe daj\u0105 uczestnikom okazj\u0119 do utrwalenia kluczowych dla epoki poj\u0119\u0107 poprzez ich lepsze zrozumienie w kontek\u015bcie miejsc i zdarze\u0144 historycznych, ale tak\u017ce ukazuj\u0105 inne &#8211; przepe\u0142nione \u015bwiadomo\u015bci\u0105 \u201czwyk\u0142ego ludu\u201d &#8211; oblicze romantyzmu. Gra terenowa stanowi\u0105ca doskona\u0142e dope\u0142nienie realizacji temat\u00f3w dotycz\u0105cych romantyzmu przewidzianych w podstawie programowej i skutecznie zach\u0119caj\u0105ca uczni\u00f3w do poznawania t\u0142a historyczno-obyczajowego lektur.<\/span><\/p>\n<p>[\/et_pb_accordion_item][\/et_pb_accordion][\/et_pb_column][et_pb_column type=&#8221;1_2&#8243; _builder_version=&#8221;4.16&#8243; custom_padding=&#8221;|||&#8221; global_colors_info=&#8221;{}&#8221; custom_padding__hover=&#8221;|||&#8221;][et_pb_blurb title=&#8221;Tajemnice warszawskiej Star\u00f3wki&#8221; use_icon=&#8221;on&#8221; font_icon=&#8221;&#xe081;||divi||400&#8243; icon_placement=&#8221;left&#8221; _builder_version=&#8221;4.23.4&#8243; header_font=&#8221;Montserrat|500|||||||&#8221; header_font_size=&#8221;15px&#8221; body_font=&#8221;Montserrat|300|||||||&#8221; body_line_height=&#8221;1.8em&#8221; custom_margin=&#8221;||0px||false|false&#8221; global_colors_info=&#8221;{}&#8221;]<\/p>\n<p>&nbsp;<\/p>\n<ul>\n<li>Czas trwania: 2-2,5 h<\/li>\n<li>Cena: od 48 z\u0142\/os.<\/li>\n<li><a href=\"mailto:myidziemy@gmail.com\">Zam\u00f3w lub zapytaj o wolny termin<\/a><\/li>\n<\/ul>\n<p>[\/et_pb_blurb][et_pb_accordion open_toggle_text_color=&#8221;#ed1163&#8243; open_toggle_background_color=&#8221;#ededed&#8221; closed_toggle_background_color=&#8221;#ededed&#8221; _builder_version=&#8221;4.23.4&#8243; border_width_all=&#8221;0px&#8221; global_colors_info=&#8221;{}&#8221;][et_pb_accordion_item title=&#8221;Tajemnice warszawskiej Star\u00f3wki&#8221; open=&#8221;on&#8221; _builder_version=&#8221;4.23.4&#8243; global_colors_info=&#8221;{}&#8221;]<\/p>\n<p><span style=\"font-weight: 400;\">Tajemnice&#8230; to dopasowana do wieku uczestnik\u00f3w, wci\u0105gaj\u0105ca gra miejska, podczas kt\u00f3rej Uczniowie poznaj\u0105 Stare Miasto w anga\u017cuj\u0105cy, daj\u0105cy poczucie sprawczo\u015bci spos\u00f3b. Opieraj\u0105c si\u0119 na naszym pedagogicznym do\u015bwiadczeniu i varsavianistycznej wiedzy, stworzyli\u015bmy zaj\u0119cia o r\u00f3\u017cnych poziomach trudno\u015bci. Dzi\u0119ki temu tajemnice Star\u00f3wki mog\u0105 odkrywa\u0107 nawet najm\u0142odsi Uczniowie z klas 1-3. R\u00f3wnie\u017c Uczniowie klas 4-6, 7-8 oraz liceali\u015bci mog\u0105 liczy\u0107 na adekwatn\u0105 do wieku edukacyjn\u0105 przygod\u0119 stopniowo zwi\u0119kszaj\u0105c\u0105 poziom samodzielno\u015bci zada\u0144. <\/span><\/p>\n<p><span style=\"font-weight: 400;\">Tajemnice warszawskiej Star\u00f3wki to pozycja obowi\u0105zkowa dla wszystkich grup chc\u0105cych pozna\u0107 histori\u0119 stolicy oraz aktywizowa\u0107 uczni\u00f3w, by kszta\u0142cili umiej\u0119tno\u015bci takie jak analityczne i krytyczne my\u015blenie, wnioskowanie, uwa\u017cno\u015b\u0107 i sprawczo\u015b\u0107. Na trasie gry pojawiaj\u0105 si\u0119 zar\u00f3wno znane symbole Warszawy takie jak Kolumna Zygmunta, Zamek Kr\u00f3lewski czy pomnik Syrenki, jak i mniej znane urocze zak\u0105tki Starego Miasta, kt\u00f3re pozwalaj\u0105 zdoby\u0107 o nim wi\u0119ksz\u0105 wiedz\u0119. Gra koresponduje z tematem \u201eBajek i legend warszawskich\u201d i wspaniale sprawdzi si\u0119 r\u00f3wnie\u017c jako spos\u00f3b na realizacj\u0119 tego tematu. W celu om\u00f3wienia szczeg\u00f3\u0142\u00f3w zaj\u0119\u0107 dla konkretnej grupy prosimy o kontakt mailowy.<\/span><\/p>\n<p>[\/et_pb_accordion_item][\/et_pb_accordion][et_pb_blurb title=&#8221;Nawijka po warszawsku&#8221; use_icon=&#8221;on&#8221; font_icon=&#8221;&#xe081;||divi||400&#8243; icon_placement=&#8221;left&#8221; _builder_version=&#8221;4.17.6&#8243; header_font=&#8221;Montserrat|500|||||||&#8221; header_font_size=&#8221;15px&#8221; body_font=&#8221;Montserrat|300|||||||&#8221; body_line_height=&#8221;1.8em&#8221; custom_margin=&#8221;||0px||false|false&#8221; custom_padding_tablet=&#8221;&#8221; custom_padding_phone=&#8221;&#8221; custom_padding_last_edited=&#8221;on|desktop&#8221; global_colors_info=&#8221;{}&#8221;]<\/p>\n<ul>\n<li>Czas trwania: 2,5-3 h<\/li>\n<li>Cena: od 48 z\u0142\/os.<span style=\"color: #ff00ff;\"><\/span><\/li>\n<li><a href=\"mailto:myidziemy@gmail.com\">Zam\u00f3w lub zapytaj o wolny termin<\/a><\/li>\n<\/ul>\n<p>[\/et_pb_blurb][et_pb_accordion open_toggle_text_color=&#8221;#ed1163&#8243; open_toggle_background_color=&#8221;#ededed&#8221; closed_toggle_background_color=&#8221;#ededed&#8221; _builder_version=&#8221;4.16&#8243; border_width_all=&#8221;0px&#8221; global_colors_info=&#8221;{}&#8221;][et_pb_accordion_item title=&#8221;Nawijka po warszawsku&#8221; open=&#8221;on&#8221; _builder_version=&#8221;4.16&#8243; _module_preset=&#8221;default&#8221; global_colors_info=&#8221;{}&#8221;]<\/p>\n<p><span style=\"font-weight: 400;\">Gra miejska stworzona z my\u015bl\u0105 o uczniach szk\u00f3\u0142 ponadpodstawowych, w kt\u00f3rej dobrze znane m\u0142odzie\u017cy kultowe miejsca spotka\u0144 ukazuj\u0105 swoje inne, nie mniej klawe, oblicze. Uczestnicy zaznajamiaj\u0105 si\u0119 z\u00a0 niepowtarzalnym klimatem dawnej Warszawy, zanurzonym w gwarze warszawskiej. Poznaj\u0105 (na nowo) s\u0142owa, kt\u00f3re cho\u0107 zdawa\u0107 si\u0119 mog\u0105 bardzo m\u0142odzie\u017cowe, od dawna znane by\u0142y niejednej ferajnie\u2026 <\/span><span style=\"font-weight: 400;\">&#8222;Nawijka&#8221;<\/span><span style=\"font-weight: 400;\">, podczas kt\u00f3rej realizujemy wiele przewidzianych w podstawie programowej tre\u015bci z zakresu wiedzy o j\u0119zyku, przede wszystkim jest wy\u015bmienit\u0105 zabaw\u0105 dla m\u0142odzie\u017cy. Mocno obyczajowa tematyka, dawny i dzisiejszy warszawski \u201cklimacik\u201d to gwarancja tego, \u017ce \u017caden z uczni\u00f3w nie b\u0119dzie si\u0119 certoli\u0142 ;), tylko ch\u0119tnie ruszy na taki podb\u00f3j miasta.<\/span><\/p>\n<p>[\/et_pb_accordion_item][\/et_pb_accordion][\/et_pb_column][\/et_pb_row][\/et_pb_section][et_pb_section fb_built=&#8221;1&#8243; admin_label=&#8221;Events&#8221; _builder_version=&#8221;4.16&#8243; custom_margin=&#8221;-4%||||false|false&#8221; custom_padding=&#8221;0px|||||&#8221; locked=&#8221;off&#8221; global_colors_info=&#8221;{}&#8221;][et_pb_row module_id=&#8221;warsztaty&#8221; _builder_version=&#8221;4.16&#8243; global_colors_info=&#8221;{}&#8221;][et_pb_column type=&#8221;4_4&#8243; _builder_version=&#8221;4.16&#8243; global_colors_info=&#8221;{}&#8221;][et_pb_text _builder_version=&#8221;4.16&#8243; text_font=&#8221;Literata||||||||&#8221; header_font=&#8221;Literata||||||||&#8221; global_colors_info=&#8221;{}&#8221;]<\/p>\n<h1>Warsztaty<\/h1>\n<p>[\/et_pb_text][\/et_pb_column][\/et_pb_row][et_pb_row column_structure=&#8221;1_2,1_2&#8243; _builder_version=&#8221;4.16&#8243; module_alignment=&#8221;center&#8221; custom_margin=&#8221;|||&#8221; custom_margin_tablet=&#8221;0px|||&#8221; custom_margin_phone=&#8221;0px|||&#8221; custom_margin_last_edited=&#8221;off|desktop&#8221; custom_padding=&#8221;|||&#8221; saved_tabs=&#8221;all&#8221; global_colors_info=&#8221;{}&#8221;][et_pb_column type=&#8221;1_2&#8243; _builder_version=&#8221;4.16&#8243; background_color_gradient_direction=&#8221;35deg&#8221; custom_padding=&#8221;|||&#8221; custom_padding_tablet=&#8221;|0px||&#8221; custom_padding_last_edited=&#8221;off|desktop&#8221; global_colors_info=&#8221;{}&#8221; padding_tablet=&#8221;|0px||&#8221; padding_last_edited=&#8221;off|desktop&#8221; custom_padding__hover=&#8221;|||&#8221;][et_pb_blurb title=&#8221;Wasztaty budowania dobrych relacji&#8221; use_icon=&#8221;on&#8221; font_icon=&#8221;&#xe081;||divi||400&#8243; icon_placement=&#8221;left&#8221; _builder_version=&#8221;4.19.5&#8243; header_font=&#8221;Montserrat|500|||||||&#8221; header_font_size=&#8221;15px&#8221; body_font=&#8221;Montserrat|300|||||||&#8221; body_line_height=&#8221;1.8em&#8221; custom_margin=&#8221;||0px||false|false&#8221; locked=&#8221;off&#8221; global_colors_info=&#8221;{}&#8221;]<\/p>\n<p>&nbsp;<\/p>\n<ul>\n<li>Czas trwania: 2&#215;45 min.<\/li>\n<li>Cena: od 48 z\u0142\/os<\/li>\n<li>mo\u017cliwo\u015b\u0107 realizacji w plac\u00f3wce lub w terenie<\/li>\n<li><a href=\"mailto:myidziemy@gmail.com\">Zam\u00f3w lub zapytaj o wolny termin<\/a><\/li>\n<\/ul>\n<p>[\/et_pb_blurb][et_pb_accordion open_toggle_text_color=&#8221;#ed1163&#8243; open_toggle_background_color=&#8221;#ededed&#8221; closed_toggle_background_color=&#8221;#ededed&#8221; _builder_version=&#8221;4.19.5&#8243; border_width_all=&#8221;0px&#8221; locked=&#8221;off&#8221; global_colors_info=&#8221;{}&#8221;][et_pb_accordion_item title=&#8221;Wasztaty budowania dobrych relacji&#8221; open=&#8221;on&#8221; _builder_version=&#8221;4.19.5&#8243; global_colors_info=&#8221;{}&#8221;]<\/p>\n<p><span style=\"font-weight: 400;\"><\/span><span style=\"font-weight: 400;\">Zaj\u0119cia, kt\u00f3rym przy\u015bwieca has\u0142o uwa\u017cno\u015bci na drugiego cz\u0142owieka. Warsztaty, podczas kt\u00f3rych przepracowujemy trudne emocje towarzysz\u0105ce dzieciom i m\u0142odzie\u017cy w procesie edukacji i funkcjonowania w grupie r\u00f3wie\u015bniczej. Om\u00f3wienie element\u00f3w wiedzy z zakresu neurobiologii m\u00f3zgu, pozwala na lepsze zrozumienie zachowa\u0144 drugiej osoby, dzi\u0119ki czemu jest ono ch\u0119tniej podejmowane. Warsztaty to nauka skutecznej komunikacji na poziomie adekwatnym dla uczestnik\u00f3w, uwzgl\u0119dniaj\u0105ce w\u0142a\u015bciwe im sytuacje i konteksty oraz spos\u00f3b na odkrycie warto\u015bci \u201eklasowego \u017cycia\u201d poprzez formu\u0142\u0119<br \/>klasowego projektu.<\/span><\/p>\n<p>[\/et_pb_accordion_item][\/et_pb_accordion][et_pb_blurb title=&#8221;Warsztaty autoprezentacji&#8221; use_icon=&#8221;on&#8221; font_icon=&#8221;&#xe081;||divi||400&#8243; icon_placement=&#8221;left&#8221; _builder_version=&#8221;4.19.5&#8243; header_font=&#8221;Montserrat|500|||||||&#8221; header_font_size=&#8221;15px&#8221; body_font=&#8221;Montserrat|300|||||||&#8221; body_line_height=&#8221;1.8em&#8221; custom_margin=&#8221;||0px||false|false&#8221; locked=&#8221;off&#8221; global_colors_info=&#8221;{}&#8221; disabled_on=&#8221;on|on|on&#8221; disabled=&#8221;on&#8221;]<\/p>\n<p>&nbsp;<\/p>\n<ul>\n<li>Czas trwania: 2&#215;45 min.<\/li>\n<li>Cena: od 48 z\u0142\/os<\/li>\n<li>mo\u017cliwo\u015b\u0107 realizacji w plac\u00f3wce lub w terenie<\/li>\n<li><a href=\"mailto:myidziemy@gmail.com\">Zam\u00f3w lub zapytaj o wolny termin<\/a><\/li>\n<\/ul>\n<p>[\/et_pb_blurb][et_pb_accordion open_toggle_text_color=&#8221;#ed1163&#8243; open_toggle_background_color=&#8221;#ededed&#8221; closed_toggle_background_color=&#8221;#ededed&#8221; _builder_version=&#8221;4.19.5&#8243; border_width_all=&#8221;0px&#8221; locked=&#8221;off&#8221; global_colors_info=&#8221;{}&#8221; disabled_on=&#8221;on|on|on&#8221; disabled=&#8221;on&#8221;][et_pb_accordion_item title=&#8221;Warsztaty autoprezentacji&#8221; open=&#8221;on&#8221; _builder_version=&#8221;4.19.5&#8243; global_colors_info=&#8221;{}&#8221;]<\/p>\n<p><span style=\"font-weight: 400;\"><\/span><span style=\"font-weight: 400;\">To zaj\u0119cia, podczas kt\u00f3rych Uczniowie ucz\u0105 si\u0119 siebie. Dzi\u0119ki przepracowaniu tematu poczucia stremowania wobec zabierania g\u0142osu czy wyst\u0105pie\u0144 na forum klasy, oswajaj\u0105 ten element \u017cycia w spo\u0142eczno\u015bci szkolnej. Wyposa\u017cenie Uczni\u00f3w w kompetencje mi\u0119kkie \u2013 w tym umiej\u0119tno\u015b\u0107 autoprezentacji \u2013 postrzegane jest obecnie jako element edukacji nie mniej wa\u017cny ni\u017c tre\u015bci merytoryczne danego obszaru wiedzy. Podczas warsztat\u00f3w Uczniowie maj\u0105 szans\u0119 na zrozumienie biologicznych uwarunkowa\u0144 stresu towarzysz\u0105cego publicznym wyst\u0105pieniom oraz poznanie i prze\u0107wiczenie technik s\u0142u\u017c\u0105cych zmniejszaniu poziomu stresu i tremy. Ponadto, a mo\u017ce przede wszystkim, warsztaty stanowi\u0105 dla Uczni\u00f3w szans\u0119 na pozytywne wzmocnienie poprzez budowanie poczucia w\u0142asnej warto\u015bci, kt\u00f3rego znaczenie jest niecenione wobec skuteczno\u015bci procesu edukacyjnego.<\/span><\/p>\n<p>[\/et_pb_accordion_item][\/et_pb_accordion][\/et_pb_column][et_pb_column type=&#8221;1_2&#8243; _builder_version=&#8221;4.16&#8243; custom_padding=&#8221;|||&#8221; global_colors_info=&#8221;{}&#8221; custom_padding__hover=&#8221;|||&#8221;][et_pb_blurb title=&#8221;Idzie.my z nauk\u0105 &#8211; jak si\u0119 uczy\u0107, \u017ceby si\u0119 nauczy\u0107&#8221; use_icon=&#8221;on&#8221; font_icon=&#8221;&#xe081;||divi||400&#8243; icon_placement=&#8221;left&#8221; _builder_version=&#8221;4.17.6&#8243; header_font=&#8221;Montserrat|500|||||||&#8221; header_font_size=&#8221;15px&#8221; body_font=&#8221;Montserrat|300|||||||&#8221; body_line_height=&#8221;1.8em&#8221; custom_margin=&#8221;||0px||false|false&#8221; locked=&#8221;off&#8221; global_colors_info=&#8221;{}&#8221;]<\/p>\n<ul>\n<li>Czas trwania: 2\u00d745 min<\/li>\n<li>Cena: od 48 z\u0142\/os.<\/li>\n<li><a href=\"mailto:myidziemy@gmail.com\">Zam\u00f3w lub zapytaj o wolny termin<\/a><\/li>\n<\/ul>\n<p>[\/et_pb_blurb][et_pb_accordion open_toggle_text_color=&#8221;#ed1163&#8243; open_toggle_background_color=&#8221;#ededed&#8221; closed_toggle_background_color=&#8221;#ededed&#8221; _builder_version=&#8221;4.16&#8243; border_width_all=&#8221;0px&#8221; locked=&#8221;off&#8221; global_colors_info=&#8221;{}&#8221;][et_pb_accordion_item title=&#8221;Idzie.my z nauk\u0105&#8221; open=&#8221;on&#8221; _builder_version=&#8221;4.16&#8243; global_colors_info=&#8221;{}&#8221;]<\/p>\n<p><span style=\"font-weight: 400;\">Warsztaty odpowiadaj\u0105 na kluczowe pytanie JAK SI\u0118 UCZY\u0106, \u017bEBY SI\u0118 NAUCZY\u0106, wskazuj\u0105c Uczniom konkretne metody efektywnego uczenia si\u0119, a tym samym zwi\u0119kszaj\u0105c poczucie w\u0142asnej warto\u015bci M\u0142odzie\u017cy poprzez odkrycie swoich mocnych stron w edukacji. W tym celu Uczestnicy zaj\u0119\u0107 podczas pierwszego ogniwa warsztat\u00f3w poznaj\u0105 tajniki dzia\u0142ania ludzkiej pami\u0119ci, odpowiadaj\u0105cy sobie styl uczenia si\u0119, typ inteligencji oraz swoje mocne i s\u0142abe strony w oparciu o teori\u0119 Howarda Gardnera. Centralna cz\u0119\u015b\u0107 zaj\u0119\u0107 skoncentrowana jest wok\u00f3\u0142 nabywania umiej\u0119tno\u015bci stosowania wybranych metod u\u0142atwiaj\u0105cych zapami\u0119tywanie i \u0107wicze\u0144 zdolno\u015bci tworzenia skojarze\u0144 przy zapami\u0119tywaniu, rozwijaj\u0105c w ten spos\u00f3b kreatywno\u015b\u0107. Uczniowie dowiaduj\u0105 si\u0119, jak mo\u017cna wykorzysta\u0107 jedn\u0105 z tzw. zak\u0142adkowych metod uczenia si\u0119 na konkretnych przyk\u0142adach z zakresu edukacji polonistycznej i matematycznej. Fina\u0142 wzbogacony jest o przedstawienie M\u0142odzie\u017cy podstaw (adekwatnych do wieku <\/span><span style=\"font-weight: 400;\">Uczestnik\u00f3w) z zakresu metody mindmappingu i wykonanie wsp\u00f3lnej mapy my\u015bli, <\/span><span style=\"font-weight: 400;\">stanowi\u0105cej podsumowanie wiedzy na wybrany temat. Ka\u017cdy z Uczestnik\u00f3w na <\/span><span style=\"font-weight: 400;\">koniec zaj\u0119\u0107 otrzymuje formularz, uzupe\u0142niany sukcesywnie podczas trwania warsztat\u00f3w, w kt\u00f3rym znajdzie informacje na temat w\u0142a\u015bciwych sobie efektywnych metod uczenia si\u0119, swojego typu inteligencji oraz drobne (nieraz bardzo zabawne) zadania i wskaz\u00f3wki o charakterze neurodydaktycznym, kt\u00f3re wspieraj\u0105 proces uczenia si\u0119 d\u0142ugofalowo.<\/span><\/p>\n<p>[\/et_pb_accordion_item][\/et_pb_accordion][et_pb_blurb title=&#8221;Czego uczy nas Warszawa&#8221; use_icon=&#8221;on&#8221; font_icon=&#8221;&#xe081;||divi||400&#8243; icon_placement=&#8221;left&#8221; _builder_version=&#8221;4.23.1&#8243; header_font=&#8221;Montserrat|500|||||||&#8221; header_font_size=&#8221;15px&#8221; body_font=&#8221;Montserrat|300|||||||&#8221; body_line_height=&#8221;1.8em&#8221; custom_margin=&#8221;||0px||false|false&#8221; locked=&#8221;off&#8221; global_colors_info=&#8221;{}&#8221; disabled_on=&#8221;on|on|on&#8221; disabled=&#8221;on&#8221;]<\/p>\n<p>&nbsp;<\/p>\n<ul>\n<li>Czas trwania: 60 min.<\/li>\n<li>Cena: od 530 z\u0142\/klasa<\/li>\n<li>mo\u017cliwo\u015b\u0107 realizacji w plac\u00f3wce lub online<\/li>\n<li><a href=\"mailto:myidziemy@gmail.com\">Zam\u00f3w lub zapytaj o wolny termin<\/a><\/li>\n<\/ul>\n<p>[\/et_pb_blurb][et_pb_accordion open_toggle_text_color=&#8221;#ed1163&#8243; open_toggle_background_color=&#8221;#ededed&#8221; closed_toggle_background_color=&#8221;#ededed&#8221; _builder_version=&#8221;4.23.1&#8243; border_width_all=&#8221;0px&#8221; locked=&#8221;off&#8221; global_colors_info=&#8221;{}&#8221; disabled_on=&#8221;on|on|on&#8221; disabled=&#8221;on&#8221;][et_pb_accordion_item title=&#8221;Czego uczy nas Warszawa&#8221; open=&#8221;on&#8221; _builder_version=&#8221;4.23.1&#8243; global_colors_info=&#8221;{}&#8221;]<\/p>\n<p><span style=\"font-weight: 400;\"><\/span><span style=\"font-weight: 400;\">To zaj\u0119cia, podczas kt\u00f3rych dzieci poznaj\u0105 miasto, jego ciekawostki, histori\u0119, ale te\u017c <span><span class=\"il\">ucz\u0105<\/span><\/span> si\u0119 w\u0119druj\u0105c wraz z prowadz\u0105cym zaj\u0119cia przez tajemnice miasta r\u00f3\u017cnych umiej\u0119tno\u015bci \u2013 a to matematycznego g\u0142\u00f3wkowania, omawiaj\u0105c komunikacj\u0119 w dawnej Warszawie i dzisiejszej \u2013 wyposa\u017conej w metro, a to zdobywaj\u0105 informacje\u00a0 (dostosowane do wieku uczestnik\u00f3w) nt w\u0142adzy, ustroju politycznego, w innym segmencie zaj\u0119\u0107 odkrywaj\u0105 stolic\u0119 jako miasto o wielkim potencjale przyrodniczym, wcielaj\u0105c si\u0119 w tropicieli przygody.<br \/>Formu\u0142a zaj\u0119\u0107 nie pozwoli na nud\u0119. Zamiast biernego przygl\u0105dania si\u0119 obrazkom i s\u0142uchania historycznej opowie\u015bci, uczniowie wsp\u00f3\u0142tworz\u0105 opowie\u015b\u0107 poprzez rozwi\u0105zywanie zada\u0144 problemowych.<\/span><\/p>\n<p>[\/et_pb_accordion_item][\/et_pb_accordion][et_pb_blurb title=&#8221;Idzie matura &#8211; warsztaty maturalne&#8221; use_icon=&#8221;on&#8221; font_icon=&#8221;&#xe081;||divi||400&#8243; icon_placement=&#8221;left&#8221; _builder_version=&#8221;4.17.6&#8243; header_font=&#8221;Montserrat|500|||||||&#8221; header_font_size=&#8221;15px&#8221; body_font=&#8221;Montserrat|300|||||||&#8221; body_line_height=&#8221;1.8em&#8221; custom_margin=&#8221;||0px||false|false&#8221; global_colors_info=&#8221;{}&#8221; disabled_on=&#8221;on|on|on&#8221; disabled=&#8221;on&#8221;]<\/p>\n<ul>\n<li>Czas trwania: 2&#215;45 min<\/li>\n<li>Cena: od 48 z\u0142\/os.<\/li>\n<li><a href=\"mailto:myidziemy@gmail.com\">Zam\u00f3w lub zapytaj o wolny termin<\/a><\/li>\n<\/ul>\n<p>[\/et_pb_blurb][et_pb_accordion open_toggle_text_color=&#8221;#ed1163&#8243; open_toggle_background_color=&#8221;#ededed&#8221; closed_toggle_background_color=&#8221;#ededed&#8221; _builder_version=&#8221;4.16&#8243; border_width_all=&#8221;0px&#8221; global_colors_info=&#8221;{}&#8221; disabled_on=&#8221;on|on|on&#8221; disabled=&#8221;on&#8221;][et_pb_accordion_item title=&#8221;Idzie matura &#8211; warsztaty maturalne&#8221; open=&#8221;on&#8221; _builder_version=&#8221;4.16&#8243; global_colors_info=&#8221;{}&#8221;]<\/p>\n<p>Idzie matura to zaj\u0119cia sk\u0142adaj\u0105ce si\u0119 z trzech blok\u00f3w tematycznych: pracy z tekstem czytania ze zrozumieniem, pisania wypowiedzi argumentacyjnej i pisania interpretacji utworu lirycznego. Uczniowie dzi\u0119ki uporz\u0105dkowanej formule wzor\u00f3w i praktyce dobrych rozwi\u0105za\u0144 utrwalaj\u0105 zdobyt\u0105 wiedz\u0119 i ucz\u0105 si\u0119 efektywnej pracy z arkuszem maturalnym. Warsztaty stanowi\u0105ce podsumowanie mojego do\u015bwiadczenia nauczycielskiego, <strong>egzaminatorki maturalnej<\/strong> \u00a0\u00a0\u00a0\u00a0\u00a0\u00a0\u00a0\u00a0\u00a0\u00a0\u00a0\u00a0\u00a0\u00a0\u00a0\u00a0\u00a0\u00a0 i wsp\u00f3\u0142autorki maturalnego kursu on-line stanowi\u0105 doskona\u0142e po\u0142\u0105czenie lekcji &#8222;instrukcji obs\u0142ugi&#8221; z &#8222;pr\u00f3b\u0105 generaln\u0105&#8221;, kt\u00f3rego ka\u017cdy ucze\u0144 potrzebuje. W kilku jednostkach lekcyjnych zamykamy praktyczn\u0105 wiedz\u0119 do matury, kt\u00f3ra upewni solidnie przygotowanych,a dla tych, kt\u00f3rzy nie czuj\u0105 si\u0119 pewnie, b\u0119dzie buforem bezpiecze\u0144stwa.<\/p>\n<p>[\/et_pb_accordion_item][\/et_pb_accordion][et_pb_blurb title=&#8221;Idziemy z g\u0142ow\u0105 &#8211; warsztaty krytycznego my\u015blenia&#8221; use_icon=&#8221;on&#8221; font_icon=&#8221;&#xe081;||divi||400&#8243; icon_placement=&#8221;left&#8221; _builder_version=&#8221;4.17.6&#8243; header_font=&#8221;Montserrat|500|||||||&#8221; header_font_size=&#8221;15px&#8221; body_font=&#8221;Montserrat|300|||||||&#8221; body_line_height=&#8221;1.8em&#8221; custom_margin=&#8221;||0px||false|false&#8221; global_colors_info=&#8221;{}&#8221; disabled_on=&#8221;on|on|on&#8221; disabled=&#8221;on&#8221;]<\/p>\n<ul>\n<li>Czas trwania: 2&#215;45 min<\/li>\n<li>Cena: od 48 z\u0142\/os.<\/li>\n<li><a href=\"mailto:myidziemy@gmail.com\">Zam\u00f3w lub zapytaj o wolny termin<\/a><\/li>\n<\/ul>\n<p>[\/et_pb_blurb][et_pb_accordion open_toggle_text_color=&#8221;#ed1163&#8243; open_toggle_background_color=&#8221;#ededed&#8221; closed_toggle_background_color=&#8221;#ededed&#8221; _builder_version=&#8221;4.16&#8243; border_width_all=&#8221;0px&#8221; global_colors_info=&#8221;{}&#8221; disabled_on=&#8221;on|on|on&#8221; disabled=&#8221;on&#8221;][et_pb_accordion_item title=&#8221;Idziemy z g\u0142ow\u0105 &#8211; warsztaty krytycznego my\u015blenia&#8221; open=&#8221;on&#8221; _builder_version=&#8221;4.16&#8243; global_colors_info=&#8221;{}&#8221;]<\/p>\n<p>Zaj\u0119cia, kt\u00f3rych celem jest kszta\u0142towanie kluczowej umiej\u0119tno\u015bci nie tylko szkolnej, lecz tak\u017ce \u017cyciowej &#8211; krytycznego my\u015blenia. Sztuka budowania w\u0142asnego zdania, argumentowania i wyra\u017cania opinii w oparciu o przyk\u0142ady z literatury i wsp\u00f3\u0142czesnej, bliskiej uczniom, kultury masowej. Klarowna instrukcja budowania wywodu argumentacyjnego oraz elementy autoprezentacji i emisji g\u0142osu to narz\u0119dzia, w kt\u00f3re wyposa\u017cony ucze\u0144 b\u0119dzie chcia\u0142 wchodzi\u0107 w rol\u0119 m\u00f3wcy, zabiera\u0107 g\u0142os w dyskusji i \u015bmia\u0142o przyst\u0119powa\u0107 do ustnych egzamin\u00f3w. Zaj\u0119cia realizuj\u0105ce jedne z nadrz\u0119dnych \u017cyciowych cel\u00f3w edukacji polonistycznej -krytycznej oceny informacji, \u015bwiadomego uczestnictwa w kulturze i umiej\u0119tno\u015bci porozumiewania si\u0119.<\/p>\n<p>[\/et_pb_accordion_item][\/et_pb_accordion][et_pb_blurb title=&#8221;Idzie matura &#8211; warsztaty lekturowe&#8221; use_icon=&#8221;on&#8221; font_icon=&#8221;&#xe081;||divi||400&#8243; icon_placement=&#8221;left&#8221; _builder_version=&#8221;4.17.6&#8243; header_font=&#8221;Montserrat|500|||||||&#8221; header_font_size=&#8221;15px&#8221; body_font=&#8221;Montserrat|300|||||||&#8221; body_line_height=&#8221;1.8em&#8221; custom_margin=&#8221;||0px||false|false&#8221; global_colors_info=&#8221;{}&#8221; disabled_on=&#8221;on|on|on&#8221; disabled=&#8221;on&#8221;]<\/p>\n<ul>\n<li>Czas trwania: 2&#215;45 min<\/li>\n<li>Cena: od 48 z\u0142\/os.<\/li>\n<li><a href=\"mailto:myidziemy@gmail.com\">Zam\u00f3w lub zapytaj o wolny termin<\/a><\/li>\n<\/ul>\n<p>[\/et_pb_blurb][et_pb_accordion open_toggle_text_color=&#8221;#ed1163&#8243; open_toggle_background_color=&#8221;#ededed&#8221; closed_toggle_background_color=&#8221;#ededed&#8221; _builder_version=&#8221;4.16&#8243; border_width_all=&#8221;0px&#8221; global_colors_info=&#8221;{}&#8221; disabled_on=&#8221;on|on|on&#8221; disabled=&#8221;on&#8221;][et_pb_accordion_item title=&#8221;Idzie matura &#8211; warsztaty lekturowe&#8221; open=&#8221;on&#8221; _builder_version=&#8221;4.16&#8243; global_colors_info=&#8221;{}&#8221;]<\/p>\n<p>Wiele gier i spacer\u00f3w, po wcze\u015bniejszej konsultacji, mo\u017cemy poprowadzi\u0107 w formie warsztat\u00f3w na terenie plac\u00f3wki. <\/p>\n<p>[\/et_pb_accordion_item][\/et_pb_accordion][et_pb_blurb title=&#8221;Idzie.my w relacje &#8211; warsztaty psychologiczne&#8221; use_icon=&#8221;on&#8221; font_icon=&#8221;&#xe081;||divi||400&#8243; icon_placement=&#8221;left&#8221; disabled_on=&#8221;on|on|on&#8221; _builder_version=&#8221;4.16&#8243; header_font=&#8221;Montserrat|500|||||||&#8221; header_font_size=&#8221;15px&#8221; body_font=&#8221;Montserrat|300|||||||&#8221; body_line_height=&#8221;1.8em&#8221; custom_margin=&#8221;||0px||false|false&#8221; disabled=&#8221;on&#8221; global_colors_info=&#8221;{}&#8221;]<\/p>\n<ul>\n<li>Czas trwania: 1,5-3 h<\/li>\n<li>Cena: od 30 z\u0142\/os.<\/li>\n<li><a href=\"mailto:myidziemy@gmail.com\">Zam\u00f3w lub zapytaj o wolny termin<\/a><\/li>\n<\/ul>\n<p>[\/et_pb_blurb][et_pb_accordion open_toggle_text_color=&#8221;#ed1163&#8243; open_toggle_background_color=&#8221;#ededed&#8221; closed_toggle_background_color=&#8221;#ededed&#8221; disabled_on=&#8221;on|on|on&#8221; _builder_version=&#8221;4.16&#8243; border_width_all=&#8221;0px&#8221; disabled=&#8221;on&#8221; global_colors_info=&#8221;{}&#8221;][et_pb_accordion_item title=&#8221;Idzie.my w relacje&#8221; open=&#8221;on&#8221; _builder_version=&#8221;4.16&#8243; global_colors_info=&#8221;{}&#8221;][\/et_pb_accordion_item][\/et_pb_accordion][\/et_pb_column][\/et_pb_row][\/et_pb_section][et_pb_section fb_built=&#8221;1&#8243; admin_label=&#8221;Footer&#8221; _builder_version=&#8221;4.16&#8243; use_background_color_gradient=&#8221;on&#8221; background_color_gradient_stops=&#8221;#ffffff 0%|rgba(36,46,66,0) 75%&#8221; background_color_gradient_overlays_image=&#8221;on&#8221; background_color_gradient_start=&#8221;#ffffff&#8221; background_color_gradient_end=&#8221;rgba(36,46,66,0)&#8221; background_color_gradient_end_position=&#8221;75%&#8221; background_image=&#8221;https:\/\/myidziemy.pl\/wp-content\/uploads\/2020\/01\/bottom1.jpg&#8221; custom_padding=&#8221;||20vw&#8221; locked=&#8221;off&#8221; global_colors_info=&#8221;{}&#8221;][et_pb_row _builder_version=&#8221;4.16&#8243; locked=&#8221;off&#8221; global_colors_info=&#8221;{}&#8221;][et_pb_column type=&#8221;4_4&#8243; _builder_version=&#8221;4.16&#8243; custom_padding=&#8221;|||&#8221; global_colors_info=&#8221;{}&#8221; custom_padding__hover=&#8221;|||&#8221;][et_pb_text _builder_version=&#8221;4.16&#8243; text_font=&#8221;||||||||&#8221; header_font=&#8221;Literata||||||||&#8221; header_2_font=&#8221;Literata|700|||||||&#8221; header_2_font_size=&#8221;60px&#8221; header_2_line_height=&#8221;1.2em&#8221; text_orientation=&#8221;center&#8221; max_width=&#8221;600px&#8221; module_alignment=&#8221;center&#8221; custom_margin=&#8221;||15px&#8221; header_2_font_size_tablet=&#8221;42px&#8221; header_2_font_size_phone=&#8221;30px&#8221; header_2_font_size_last_edited=&#8221;on|tablet&#8221; locked=&#8221;off&#8221; global_colors_info=&#8221;{}&#8221;]<\/p>\n<h2>Zapisz si\u0119 na newsletter<\/h2>\n<p>[\/et_pb_text][et_pb_signup mailchimp_list=&#8221;elegantthemestest|1ea2bbd026&#8243; layout=&#8221;top_bottom&#8221; first_name_field=&#8221;off&#8221; last_name_field=&#8221;off&#8221; _builder_version=&#8221;4.16&#8243; form_field_background_color=&#8221;rgba(36,46,66,0.05)&#8221; form_field_font=&#8221;||||||||&#8221; use_background_color=&#8221;off&#8221; custom_button=&#8221;on&#8221; button_text_size=&#8221;14px&#8221; button_text_color=&#8221;#ffffff&#8221; button_bg_color=&#8221;#e10059&#8243; button_border_width=&#8221;10px&#8221; button_border_color=&#8221;rgba(0,0,0,0)&#8221; button_border_radius=&#8221;0px&#8221; button_letter_spacing=&#8221;4px&#8221; button_font=&#8221;Lato|700||on|||||&#8221; button_icon=&#8221;&#x24;||divi||400&#8243; max_width=&#8221;600px&#8221; module_alignment=&#8221;center&#8221; custom_padding=&#8221;0px|||||&#8221; border_radii_fields=&#8221;on|0px|0px|0px|0px&#8221; global_colors_info=&#8221;{}&#8221;][\/et_pb_signup][et_pb_social_media_follow icon_color=&#8221;#2a2a2a&#8221; _builder_version=&#8221;4.16&#8243; text_orientation=&#8221;center&#8221; border_radii=&#8221;on|50px|50px|50px|50px&#8221; border_width_all=&#8221;10px&#8221; border_color_all=&#8221;rgba(0,0,0,0)&#8221; global_colors_info=&#8221;{}&#8221; icon_color__hover=&#8221;#000000&#8243;][et_pb_social_media_follow_network social_network=&#8221;facebook&#8221; url=&#8221;https:\/\/www.facebook.com\/idzie.myzksiazkaprzezwarszawe\/&#8221; icon_color=&#8221;#2a2a2a&#8221; _builder_version=&#8221;4.16&#8243; background_color=&#8221;#ffffff&#8221; global_colors_info=&#8221;{}&#8221; follow_button=&#8221;off&#8221; url_new_window=&#8221;on&#8221;]facebook[\/et_pb_social_media_follow_network][et_pb_social_media_follow_network social_network=&#8221;youtube&#8221; icon_color=&#8221;#2a2a2a&#8221; _builder_version=&#8221;4.16&#8243; background_color=&#8221;#ffffff&#8221; background_enable_color=&#8221;on&#8221; global_colors_info=&#8221;{}&#8221; follow_button=&#8221;off&#8221; url_new_window=&#8221;on&#8221;]youtube[\/et_pb_social_media_follow_network][et_pb_social_media_follow_network social_network=&#8221;instagram&#8221; icon_color=&#8221;#2a2a2a&#8221; _builder_version=&#8221;4.16&#8243; background_color=&#8221;#ffffff&#8221; global_colors_info=&#8221;{}&#8221; follow_button=&#8221;off&#8221; url_new_window=&#8221;on&#8221;]instagram[\/et_pb_social_media_follow_network][\/et_pb_social_media_follow][\/et_pb_column][\/et_pb_row][et_pb_row _builder_version=&#8221;4.16&#8243; width=&#8221;100%&#8221; max_width=&#8221;none&#8221; locked=&#8221;off&#8221; global_colors_info=&#8221;{}&#8221;][et_pb_column type=&#8221;4_4&#8243; _builder_version=&#8221;4.16&#8243; custom_padding=&#8221;|||&#8221; global_colors_info=&#8221;{}&#8221; custom_padding__hover=&#8221;|||&#8221;][et_pb_image src=&#8221;https:\/\/myidziemy.pl\/wp-content\/uploads\/2020\/01\/sight-seeing-49.png&#8221; show_bottom_space=&#8221;off&#8221; force_fullwidth=&#8221;on&#8221; _builder_version=&#8221;4.16&#8243; custom_margin=&#8221;||&#8221; global_colors_info=&#8221;{}&#8221;][\/et_pb_image][\/et_pb_column][\/et_pb_row][\/et_pb_section]<\/p>\n","protected":false},"excerpt":{"rendered":"<p>Szko\u0142y ponadpodstawoweSpacery Gry miejskie WarsztatySpacery Przedstawione trasy s\u0105 propozycjami.Ka\u017cda z wycieczek jest dostosowywana do indywidualnych potrzeb grupy.Istnieje mo\u017cliwo\u015b\u0107 skonstruowania trasy \u201ena \u017cyczenie\u201d.&nbsp; Czas trwania: 2,5-5 h Cena: od 670 z\u0142 Zam\u00f3w lub zapytaj o wolny termin Varsavianistyczny spacer po \u015ar\u00f3dmie\u015bciu \u0142\u0105cz\u0105cy w sobie wiedz\u0119 o kulturze, architekturze, sztukach plastycznych i historii. Podczas zaj\u0119\u0107 odwiedzamy zar\u00f3wno [&hellip;]<\/p>\n","protected":false},"author":3,"featured_media":0,"parent":0,"menu_order":0,"comment_status":"closed","ping_status":"closed","template":"","meta":{"_et_pb_use_builder":"on","_et_pb_old_content":"","_et_gb_content_width":"","_exactmetrics_skip_tracking":false,"_exactmetrics_sitenote_active":false,"_exactmetrics_sitenote_note":"","_exactmetrics_sitenote_category":0,"footnotes":""},"class_list":["post-591","page","type-page","status-publish","hentry"],"yoast_head":"<!-- This site is optimized with the Yoast SEO plugin v27.5 - https:\/\/yoast.com\/product\/yoast-seo-wordpress\/ -->\n<title>Ponadpodstawowe - IDZIE.MY<\/title>\n<meta name=\"robots\" content=\"index, follow, max-snippet:-1, max-image-preview:large, max-video-preview:-1\" \/>\n<link rel=\"canonical\" href=\"https:\/\/myidziemy.pl\/index.php\/ponadpodstawowe\/\" \/>\n<meta property=\"og:locale\" content=\"pl_PL\" \/>\n<meta property=\"og:type\" content=\"article\" \/>\n<meta property=\"og:title\" content=\"Ponadpodstawowe - IDZIE.MY\" \/>\n<meta property=\"og:description\" content=\"Szko\u0142y ponadpodstawoweSpacery Gry miejskie WarsztatySpacery Przedstawione trasy s\u0105 propozycjami.Ka\u017cda z wycieczek jest dostosowywana do indywidualnych potrzeb grupy.Istnieje mo\u017cliwo\u015b\u0107 skonstruowania trasy \u201ena \u017cyczenie\u201d.&nbsp; Czas trwania: 2,5-5 h Cena: od 670 z\u0142 Zam\u00f3w lub zapytaj o wolny termin Varsavianistyczny spacer po \u015ar\u00f3dmie\u015bciu \u0142\u0105cz\u0105cy w sobie wiedz\u0119 o kulturze, architekturze, sztukach plastycznych i historii. Podczas zaj\u0119\u0107 odwiedzamy zar\u00f3wno [&hellip;]\" \/>\n<meta property=\"og:url\" content=\"https:\/\/myidziemy.pl\/index.php\/ponadpodstawowe\/\" \/>\n<meta property=\"og:site_name\" content=\"IDZIE.MY\" \/>\n<meta property=\"article:publisher\" content=\"https:\/\/www.facebook.com\/idzie.myzksiazkaprzezwarszawe\/\" \/>\n<meta property=\"article:modified_time\" content=\"2025-12-28T17:49:46+00:00\" \/>\n<meta name=\"twitter:card\" content=\"summary_large_image\" \/>\n<meta name=\"twitter:label1\" content=\"Szacowany czas czytania\" \/>\n\t<meta name=\"twitter:data1\" content=\"34 minuty\" \/>\n<script type=\"application\/ld+json\" class=\"yoast-schema-graph\">{\"@context\":\"https:\\\/\\\/schema.org\",\"@graph\":[{\"@type\":\"WebPage\",\"@id\":\"https:\\\/\\\/myidziemy.pl\\\/index.php\\\/ponadpodstawowe\\\/\",\"url\":\"https:\\\/\\\/myidziemy.pl\\\/index.php\\\/ponadpodstawowe\\\/\",\"name\":\"Ponadpodstawowe - IDZIE.MY\",\"isPartOf\":{\"@id\":\"https:\\\/\\\/myidziemy.pl\\\/#website\"},\"datePublished\":\"2021-08-28T21:19:38+00:00\",\"dateModified\":\"2025-12-28T17:49:46+00:00\",\"breadcrumb\":{\"@id\":\"https:\\\/\\\/myidziemy.pl\\\/index.php\\\/ponadpodstawowe\\\/#breadcrumb\"},\"inLanguage\":\"pl-PL\",\"potentialAction\":[{\"@type\":\"ReadAction\",\"target\":[\"https:\\\/\\\/myidziemy.pl\\\/index.php\\\/ponadpodstawowe\\\/\"]}]},{\"@type\":\"BreadcrumbList\",\"@id\":\"https:\\\/\\\/myidziemy.pl\\\/index.php\\\/ponadpodstawowe\\\/#breadcrumb\",\"itemListElement\":[{\"@type\":\"ListItem\",\"position\":1,\"name\":\"Strona g\u0142\u00f3wna\",\"item\":\"https:\\\/\\\/myidziemy.pl\\\/\"},{\"@type\":\"ListItem\",\"position\":2,\"name\":\"Ponadpodstawowe\"}]},{\"@type\":\"WebSite\",\"@id\":\"https:\\\/\\\/myidziemy.pl\\\/#website\",\"url\":\"https:\\\/\\\/myidziemy.pl\\\/\",\"name\":\"IDZIE.MY gry miejskie dla szk\u00f3\u0142 Warszawa\",\"description\":\"Idzie.MY z ksi\u0105\u017ck\u0105 przez Warszaw\u0119\",\"publisher\":{\"@id\":\"https:\\\/\\\/myidziemy.pl\\\/#organization\"},\"potentialAction\":[{\"@type\":\"SearchAction\",\"target\":{\"@type\":\"EntryPoint\",\"urlTemplate\":\"https:\\\/\\\/myidziemy.pl\\\/?s={search_term_string}\"},\"query-input\":{\"@type\":\"PropertyValueSpecification\",\"valueRequired\":true,\"valueName\":\"search_term_string\"}}],\"inLanguage\":\"pl-PL\"},{\"@type\":\"Organization\",\"@id\":\"https:\\\/\\\/myidziemy.pl\\\/#organization\",\"name\":\"IDZIE.MY\",\"url\":\"https:\\\/\\\/myidziemy.pl\\\/\",\"logo\":{\"@type\":\"ImageObject\",\"inLanguage\":\"pl-PL\",\"@id\":\"https:\\\/\\\/myidziemy.pl\\\/#\\\/schema\\\/logo\\\/image\\\/\",\"url\":\"https:\\\/\\\/myidziemy.pl\\\/wp-content\\\/uploads\\\/2020\\\/01\\\/logo.gif\",\"contentUrl\":\"https:\\\/\\\/myidziemy.pl\\\/wp-content\\\/uploads\\\/2020\\\/01\\\/logo.gif\",\"width\":512,\"height\":512,\"caption\":\"IDZIE.MY\"},\"image\":{\"@id\":\"https:\\\/\\\/myidziemy.pl\\\/#\\\/schema\\\/logo\\\/image\\\/\"},\"sameAs\":[\"https:\\\/\\\/www.facebook.com\\\/idzie.myzksiazkaprzezwarszawe\\\/\",\"https:\\\/\\\/www.instagram.com\\\/idzie.my\\\/\"]}]}<\/script>\n<!-- \/ Yoast SEO plugin. -->","yoast_head_json":{"title":"Ponadpodstawowe - IDZIE.MY","robots":{"index":"index","follow":"follow","max-snippet":"max-snippet:-1","max-image-preview":"max-image-preview:large","max-video-preview":"max-video-preview:-1"},"canonical":"https:\/\/myidziemy.pl\/index.php\/ponadpodstawowe\/","og_locale":"pl_PL","og_type":"article","og_title":"Ponadpodstawowe - IDZIE.MY","og_description":"Szko\u0142y ponadpodstawoweSpacery Gry miejskie WarsztatySpacery Przedstawione trasy s\u0105 propozycjami.Ka\u017cda z wycieczek jest dostosowywana do indywidualnych potrzeb grupy.Istnieje mo\u017cliwo\u015b\u0107 skonstruowania trasy \u201ena \u017cyczenie\u201d.&nbsp; Czas trwania: 2,5-5 h Cena: od 670 z\u0142 Zam\u00f3w lub zapytaj o wolny termin Varsavianistyczny spacer po \u015ar\u00f3dmie\u015bciu \u0142\u0105cz\u0105cy w sobie wiedz\u0119 o kulturze, architekturze, sztukach plastycznych i historii. Podczas zaj\u0119\u0107 odwiedzamy zar\u00f3wno [&hellip;]","og_url":"https:\/\/myidziemy.pl\/index.php\/ponadpodstawowe\/","og_site_name":"IDZIE.MY","article_publisher":"https:\/\/www.facebook.com\/idzie.myzksiazkaprzezwarszawe\/","article_modified_time":"2025-12-28T17:49:46+00:00","twitter_card":"summary_large_image","twitter_misc":{"Szacowany czas czytania":"34 minuty"},"schema":{"@context":"https:\/\/schema.org","@graph":[{"@type":"WebPage","@id":"https:\/\/myidziemy.pl\/index.php\/ponadpodstawowe\/","url":"https:\/\/myidziemy.pl\/index.php\/ponadpodstawowe\/","name":"Ponadpodstawowe - IDZIE.MY","isPartOf":{"@id":"https:\/\/myidziemy.pl\/#website"},"datePublished":"2021-08-28T21:19:38+00:00","dateModified":"2025-12-28T17:49:46+00:00","breadcrumb":{"@id":"https:\/\/myidziemy.pl\/index.php\/ponadpodstawowe\/#breadcrumb"},"inLanguage":"pl-PL","potentialAction":[{"@type":"ReadAction","target":["https:\/\/myidziemy.pl\/index.php\/ponadpodstawowe\/"]}]},{"@type":"BreadcrumbList","@id":"https:\/\/myidziemy.pl\/index.php\/ponadpodstawowe\/#breadcrumb","itemListElement":[{"@type":"ListItem","position":1,"name":"Strona g\u0142\u00f3wna","item":"https:\/\/myidziemy.pl\/"},{"@type":"ListItem","position":2,"name":"Ponadpodstawowe"}]},{"@type":"WebSite","@id":"https:\/\/myidziemy.pl\/#website","url":"https:\/\/myidziemy.pl\/","name":"IDZIE.MY gry miejskie dla szk\u00f3\u0142 Warszawa","description":"Idzie.MY z ksi\u0105\u017ck\u0105 przez Warszaw\u0119","publisher":{"@id":"https:\/\/myidziemy.pl\/#organization"},"potentialAction":[{"@type":"SearchAction","target":{"@type":"EntryPoint","urlTemplate":"https:\/\/myidziemy.pl\/?s={search_term_string}"},"query-input":{"@type":"PropertyValueSpecification","valueRequired":true,"valueName":"search_term_string"}}],"inLanguage":"pl-PL"},{"@type":"Organization","@id":"https:\/\/myidziemy.pl\/#organization","name":"IDZIE.MY","url":"https:\/\/myidziemy.pl\/","logo":{"@type":"ImageObject","inLanguage":"pl-PL","@id":"https:\/\/myidziemy.pl\/#\/schema\/logo\/image\/","url":"https:\/\/myidziemy.pl\/wp-content\/uploads\/2020\/01\/logo.gif","contentUrl":"https:\/\/myidziemy.pl\/wp-content\/uploads\/2020\/01\/logo.gif","width":512,"height":512,"caption":"IDZIE.MY"},"image":{"@id":"https:\/\/myidziemy.pl\/#\/schema\/logo\/image\/"},"sameAs":["https:\/\/www.facebook.com\/idzie.myzksiazkaprzezwarszawe\/","https:\/\/www.instagram.com\/idzie.my\/"]}]}},"_links":{"self":[{"href":"https:\/\/myidziemy.pl\/index.php\/wp-json\/wp\/v2\/pages\/591","targetHints":{"allow":["GET"]}}],"collection":[{"href":"https:\/\/myidziemy.pl\/index.php\/wp-json\/wp\/v2\/pages"}],"about":[{"href":"https:\/\/myidziemy.pl\/index.php\/wp-json\/wp\/v2\/types\/page"}],"author":[{"embeddable":true,"href":"https:\/\/myidziemy.pl\/index.php\/wp-json\/wp\/v2\/users\/3"}],"replies":[{"embeddable":true,"href":"https:\/\/myidziemy.pl\/index.php\/wp-json\/wp\/v2\/comments?post=591"}],"version-history":[{"count":45,"href":"https:\/\/myidziemy.pl\/index.php\/wp-json\/wp\/v2\/pages\/591\/revisions"}],"predecessor-version":[{"id":1469,"href":"https:\/\/myidziemy.pl\/index.php\/wp-json\/wp\/v2\/pages\/591\/revisions\/1469"}],"wp:attachment":[{"href":"https:\/\/myidziemy.pl\/index.php\/wp-json\/wp\/v2\/media?parent=591"}],"curies":[{"name":"wp","href":"https:\/\/api.w.org\/{rel}","templated":true}]}}